{"id":1180,"date":"2020-02-28T17:05:00","date_gmt":"2020-02-28T20:05:00","guid":{"rendered":"http:\/\/azulmusicnovo1.hospedagemdesites.ws\/\/?post_type=portfolio&#038;p=1180"},"modified":"2026-02-05T12:42:50","modified_gmt":"2026-02-05T15:42:50","slug":"saint-saens-lalo-cello-sonatas-faure-elegie-live","status":"publish","type":"portfolio","link":"https:\/\/www.azulmusic.com.br\/en\/portfolio-item\/saint-saens-lalo-cello-sonatas-faure-elegie-live\/","title":{"rendered":"Saint-Sa\u00ebns, Lalo: Cello Sonatas | Faur\u00e9: \u00c9l\u00e9gie (LIVE)"},"content":{"rendered":"<div id='av-layout-grid-1'  class='av-layout-grid-container entry-content-wrapper main_color av-flex-cells     avia-builder-el-0  avia-builder-el-no-sibling  container_wrap sidebar_left' style=' '  >\n<div class=\"flex_cell no_margin av_one_third  avia-builder-el-1  el_before_av_cell_two_third  avia-builder-el-first   \" ><div class='flex_cell_inner' ><div class=\"flex_column av_one_full  flex_column_div av-zero-column-padding first  avia-builder-el-2  avia-builder-el-no-sibling  \" style='border-radius:0px; '><\/div>\n<\/div><\/div><div class=\"flex_cell no_margin av_two_third  avia-builder-el-4  el_after_av_cell_one_third  avia-builder-el-last   \"  style='vertical-align:top; padding:30px; ' ><div class='flex_cell_inner' ><p><div class=\"flex_column av_one_third  flex_column_div av-zero-column-padding first  avia-builder-el-5  el_before_av_two_third  avia-builder-el-first  \" style='border-radius:0px; '><p><div  class='avia-image-container avia_animated_image avia_animate_when_almost_visible av-rotateInUpLeft av-styling- av-hover-grow   avia-builder-el-6  el_before_av_button  avia-builder-el-first  avia-align-center '  itemprop=\"image\" itemscope=\"itemscope\" itemtype=\"https:\/\/schema.org\/ImageObject\"  ><div class='avia-image-container-inner'><div class='avia-image-overlay-wrap'><img decoding=\"async\" class='wp-image-1181 avia-img-lazy-loading-not-1181 avia_image' src=\"https:\/\/www.azulmusic.com.br\/en\/wp-content\/uploads\/2021\/05\/AMDA1626_SaintSaensLaloFaure_RaiffDantasBarretoDaviSartori.jpg\" alt='capa Saint-Sa\u00ebns, Lalo: Cello Sonatas | Faur\u00e9: \u00c9l\u00e9gie (LIVE)' title='AMDA1626_SaintSaensLaloFaure_RaiffDantasBarreto+DaviSartori' height=\"900\" width=\"900\"  itemprop=\"thumbnailUrl\" srcset=\"https:\/\/www.azulmusic.com.br\/en\/wp-content\/uploads\/2021\/05\/AMDA1626_SaintSaensLaloFaure_RaiffDantasBarretoDaviSartori.jpg 900w, https:\/\/www.azulmusic.com.br\/en\/wp-content\/uploads\/2021\/05\/AMDA1626_SaintSaensLaloFaure_RaiffDantasBarretoDaviSartori-300x300.jpg 300w, https:\/\/www.azulmusic.com.br\/en\/wp-content\/uploads\/2021\/05\/AMDA1626_SaintSaensLaloFaure_RaiffDantasBarretoDaviSartori-80x80.jpg 80w, https:\/\/www.azulmusic.com.br\/en\/wp-content\/uploads\/2021\/05\/AMDA1626_SaintSaensLaloFaure_RaiffDantasBarretoDaviSartori-768x768.jpg 768w, https:\/\/www.azulmusic.com.br\/en\/wp-content\/uploads\/2021\/05\/AMDA1626_SaintSaensLaloFaure_RaiffDantasBarretoDaviSartori-36x36.jpg 36w, https:\/\/www.azulmusic.com.br\/en\/wp-content\/uploads\/2021\/05\/AMDA1626_SaintSaensLaloFaure_RaiffDantasBarretoDaviSartori-180x180.jpg 180w, https:\/\/www.azulmusic.com.br\/en\/wp-content\/uploads\/2021\/05\/AMDA1626_SaintSaensLaloFaure_RaiffDantasBarretoDaviSartori-495x495.jpg 495w, https:\/\/www.azulmusic.com.br\/en\/wp-content\/uploads\/2021\/05\/AMDA1626_SaintSaensLaloFaure_RaiffDantasBarretoDaviSartori-260x260.jpg 260w, https:\/\/www.azulmusic.com.br\/en\/wp-content\/uploads\/2021\/05\/AMDA1626_SaintSaensLaloFaure_RaiffDantasBarretoDaviSartori-705x705.jpg 705w\" sizes=\"(max-width: 900px) 100vw, 900px\" \/><\/div><\/div><\/div><br \/>\n<div  class='avia-button-wrap avia-button-center  avia-builder-el-7  el_after_av_image  avia-builder-el-last ' ><a href='https:\/\/orcd.co\/raiffdavi' class='avia-button  avia-font-color-black  avia-icon_select-yes-left-icon avia-size-large avia-position-center ' target=\"_blank\" rel=\"noopener noreferrer\" style='background-color:#ddd2a6; border-color:#ddd2a6; '><span class='avia_button_icon avia_button_icon_left ' aria-hidden='true' data-av_icon='\ue802' data-av_iconfont='entypo-fontello'><\/span><span class='avia_iconbox_title' >Listen<\/span><span class='avia_button_background avia-button avia-color-black' ><\/span><\/a><\/div><\/p><\/div><div class=\"flex_column av_two_third  flex_column_div av-zero-column-padding   avia-builder-el-8  el_after_av_one_third  el_before_av_one_full  \" style='border-radius:0px; '><p><div  style='padding-bottom:10px; ' class='av-special-heading av-special-heading-h3  blockquote modern-quote  avia-builder-el-9  el_before_av_textblock  avia-builder-el-first  '><h3 class='av-special-heading-tag '  itemprop=\"headline\"  >Saint-Sa\u00ebns, Lalo: Cello Sonatas | Faur\u00e9: \u00c9l\u00e9gie (LIVE)<\/h3><div class ='av-subheading av-subheading_below  ' style='font-size:15px;'><p><a href='https:\/\/www.azulmusic.com.br\/en\/portfolio-item\/raiff-dantas-barreto\/'>Ra\u00efff Dantas Barreto<\/a>, <a href='https:\/\/www.azulmusic.com.br\/en\/portfolio-item\/saint-saens-lalo-cello-sonatas-faure-elegie-live\/'><\/a><\/p>\n<\/div><div class='special-heading-border'><div class='special-heading-inner-border' ><\/div><\/div><\/div><br \/>\n<section class=\"av_textblock_section \"  itemscope=\"itemscope\" itemtype=\"https:\/\/schema.org\/CreativeWork\" ><div class='avia_textblock  '   itemprop=\"text\" ><p><span style=\"font-weight: 400;\">The album features French music pieces from the 19th century, composed by Camille Saint-Sa\u00ebns, Edouard Lalo and Gabriel Faur\u00e9, here performed by Ra\u00efff Dantas Barreto on cello, and Davi Sartori on piano.<\/span><\/p>\n<p><span style=\"font-weight: 400;\">The live recording reveals subtle nuances in the duo&#8217;s concise execution, enhancing the refinement and sophistication of the repertoire. The first part brings the work <em>Cello Sonata No. 1 in C Minor, Op. 32<\/em>, composed in the last years of popularity by its author, the romantic composer Camille Saint-Sa\u00ebns (1835-1921). Then, the duo performs <em>\u00c9l\u00e9gie, Op. 24<\/em>, by Gabriel Faur\u00e9 (1845-1924) \u2013 who was certainly one of the main composers of his generation, helping to define French music for the following centuries. In the third and last part, Dantas Barreto and Sartori bring the emblematic <em>Cello Sonata in A minor<\/em>, a work that shows a different (but no less excellent) face of the composer \u00c9douard Lalo (1823-1892) \u2013 who notoriously dedicated most of his life to the repertoire of operas.<\/span><\/p>\n<p><span style=\"font-weight: 400;\">The duo demonstrates a rare synergy, performing the musical pieces with consistency and deep expressiveness. The choice of repertoire is prodigious, bringing renewed freshness and contemporaneity to the works performed.<\/span><\/p>\n<\/div><\/section><\/p><\/div><div class=\"flex_column av_one_full  flex_column_div av-zero-column-padding first  avia-builder-el-11  el_after_av_two_third  avia-builder-el-last  column-top-margin\" style='border-radius:0px; '><p><div  style='padding-bottom:10px; ' class='av-special-heading av-special-heading-h3  blockquote modern-quote  avia-builder-el-12  el_before_av_postslider  avia-builder-el-first  '><h3 class='av-special-heading-tag '  itemprop=\"headline\"  >Also Listen<\/h3><div class='special-heading-border'><div class='special-heading-inner-border' ><\/div><\/div><\/div><br \/>\n<div   data-autoplay=''  data-interval='5'  data-animation='fade'  data-show_slide_delay='90'  class='avia-content-slider avia-content-slider-active avia-content-slider1 avia-content-slider-even  avia-builder-el-13  el_after_av_heading  avia-builder-el-last  '  itemscope=\"itemscope\" itemtype=\"https:\/\/schema.org\/Blog\" ><div class='avia-content-slider-inner'><div class='slide-entry-wrap'><article class='slide-entry flex_column  post-entry post-entry-3611 slide-entry-overview slide-loop-1 slide-parity-odd  av_one_fourth first real-thumbnail post-format-standard'  itemscope=\"itemscope\" itemtype=\"https:\/\/schema.org\/CreativeWork\" ><a href='https:\/\/www.azulmusic.com.br\/en\/portfolio-item\/rachmaninoff-cello-sonata-op-19-romances\/' data-rel='slide-1' class='slide-image' title='Rachmaninoff: Cello Sonata, Op. 19 &#038; Romances'><img decoding=\"async\" width=\"705\" height=\"705\" src=\"https:\/\/www.azulmusic.com.br\/en\/wp-content\/uploads\/2024\/06\/AMDA1964_Rachmaninoff_RaiffAnastasiya-705x705.jpg\" class=\"wp-image-3612 avia-img-lazy-loading-not-3612 attachment-masonry size-masonry wp-post-image\" alt=\"\" srcset=\"https:\/\/www.azulmusic.com.br\/en\/wp-content\/uploads\/2024\/06\/AMDA1964_Rachmaninoff_RaiffAnastasiya-705x705.jpg 705w, https:\/\/www.azulmusic.com.br\/en\/wp-content\/uploads\/2024\/06\/AMDA1964_Rachmaninoff_RaiffAnastasiya-300x300.jpg 300w, https:\/\/www.azulmusic.com.br\/en\/wp-content\/uploads\/2024\/06\/AMDA1964_Rachmaninoff_RaiffAnastasiya-1030x1030.jpg 1030w, https:\/\/www.azulmusic.com.br\/en\/wp-content\/uploads\/2024\/06\/AMDA1964_Rachmaninoff_RaiffAnastasiya-80x80.jpg 80w, https:\/\/www.azulmusic.com.br\/en\/wp-content\/uploads\/2024\/06\/AMDA1964_Rachmaninoff_RaiffAnastasiya-768x768.jpg 768w, https:\/\/www.azulmusic.com.br\/en\/wp-content\/uploads\/2024\/06\/AMDA1964_Rachmaninoff_RaiffAnastasiya-1536x1536.jpg 1536w, https:\/\/www.azulmusic.com.br\/en\/wp-content\/uploads\/2024\/06\/AMDA1964_Rachmaninoff_RaiffAnastasiya-2048x2048.jpg 2048w, https:\/\/www.azulmusic.com.br\/en\/wp-content\/uploads\/2024\/06\/AMDA1964_Rachmaninoff_RaiffAnastasiya-36x36.jpg 36w, https:\/\/www.azulmusic.com.br\/en\/wp-content\/uploads\/2024\/06\/AMDA1964_Rachmaninoff_RaiffAnastasiya-180x180.jpg 180w, https:\/\/www.azulmusic.com.br\/en\/wp-content\/uploads\/2024\/06\/AMDA1964_Rachmaninoff_RaiffAnastasiya-1500x1500.jpg 1500w, https:\/\/www.azulmusic.com.br\/en\/wp-content\/uploads\/2024\/06\/AMDA1964_Rachmaninoff_RaiffAnastasiya-495x495.jpg 495w, https:\/\/www.azulmusic.com.br\/en\/wp-content\/uploads\/2024\/06\/AMDA1964_Rachmaninoff_RaiffAnastasiya-260x260.jpg 260w\" sizes=\"(max-width: 705px) 100vw, 705px\" \/><\/a><div class='slide-content'><header class=\"entry-content-header\"><h3 class='slide-entry-title entry-title '  itemprop=\"headline\" ><a href='https:\/\/www.azulmusic.com.br\/en\/portfolio-item\/rachmaninoff-cello-sonata-op-19-romances\/' title='Rachmaninoff: Cello Sonata, Op. 19 &#038; Romances'>Rachmaninoff: Cello Sonata, Op. 19 &#038; Romances<\/a><\/h3><span class=\"blog-categories minor-meta\"><a href=\"https:\/\/www.azulmusic.com.br\/en\/portfolio_entries\/raiff-dantas-barreto-anastasiya-evsina\/\" rel=\"tag\">Ra\u00efff Dantas Barreto, Anastasiya Evsina<\/a> <\/span><span class=\"av-vertical-delimiter\"><\/span><\/header><div class='slide-meta'><time class='slide-meta-time updated'  itemprop=\"datePublished\" datetime=\"2024-06-07T15:23:38-03:00\" >June 7, 2024<\/time><\/div><div class='slide-entry-excerpt entry-content'  itemprop=\"text\" >Celebrating the 150th anniversary of Rachmaninoff's birth, the Brazilian cellist and the Russian pianist perform some of his most important pieces from the repertoire for their instruments.<\/div><\/div><footer class=\"entry-footer\"><\/footer><span class='hidden'>\n\t\t\t\t<span class='av-structured-data'  itemprop=\"image\" itemscope=\"itemscope\" itemtype=\"https:\/\/schema.org\/ImageObject\" >\n\t\t\t\t\t\t<span itemprop='url'>https:\/\/www.azulmusic.com.br\/en\/wp-content\/uploads\/2024\/06\/AMDA1964_Rachmaninoff_RaiffAnastasiya-scaled.jpg<\/span>\n\t\t\t\t\t\t<span itemprop='height'>2560<\/span>\n\t\t\t\t\t\t<span itemprop='width'>2560<\/span>\n\t\t\t\t<\/span>\n\t\t\t\t<span class='av-structured-data'  itemprop=\"publisher\" itemtype=\"https:\/\/schema.org\/Organization\" itemscope=\"itemscope\" >\n\t\t\t\t\t\t<span itemprop='name'>azulmusic<\/span>\n\t\t\t\t\t\t<span itemprop='logo' itemscope itemtype='https:\/\/schema.org\/ImageObject'>\n\t\t\t\t\t\t\t<span itemprop='url'>https:\/\/azulmusicnovo1.websiteseguro.com\/wp-content\/uploads\/2021\/05\/logo-prata-m3-467x500.png<\/span>\n\t\t\t\t\t\t <\/span>\n\t\t\t\t<\/span><span class='av-structured-data'  itemprop=\"author\" itemscope=\"itemscope\" itemtype=\"https:\/\/schema.org\/Person\" ><span itemprop='name'>azulmusic<\/span><\/span><span class='av-structured-data'  itemprop=\"datePublished\" datetime=\"2020-02-28T17:05:00-03:00\" >2024-06-07 15:23:38<\/span><span class='av-structured-data'  itemprop=\"dateModified\" itemtype=\"https:\/\/schema.org\/dateModified\" >2026-02-05 12:30:42<\/span><span class='av-structured-data'  itemprop=\"mainEntityOfPage\" itemtype=\"https:\/\/schema.org\/mainEntityOfPage\" ><span itemprop='name'>Rachmaninoff: Cello Sonata, Op. 19 &#038; Romances<\/span><\/span><\/span><\/article><article class='slide-entry flex_column  post-entry post-entry-2745 slide-entry-overview slide-loop-2 slide-parity-even  av_one_fourth  real-thumbnail post-format-standard'  itemscope=\"itemscope\" itemtype=\"https:\/\/schema.org\/CreativeWork\" ><a href='https:\/\/www.azulmusic.com.br\/en\/portfolio-item\/2745\/' data-rel='slide-1' class='slide-image' title='Lieder ohne Worte'><img decoding=\"async\" width=\"705\" height=\"705\" src=\"https:\/\/www.azulmusic.com.br\/en\/wp-content\/uploads\/2021\/12\/AMDA1724_LiederOhneWorte_RaiffFlavio-705x705.jpg\" class=\"wp-image-2746 avia-img-lazy-loading-not-2746 attachment-masonry size-masonry wp-post-image\" alt=\"\" srcset=\"https:\/\/www.azulmusic.com.br\/en\/wp-content\/uploads\/2021\/12\/AMDA1724_LiederOhneWorte_RaiffFlavio-705x705.jpg 705w, https:\/\/www.azulmusic.com.br\/en\/wp-content\/uploads\/2021\/12\/AMDA1724_LiederOhneWorte_RaiffFlavio-300x300.jpg 300w, https:\/\/www.azulmusic.com.br\/en\/wp-content\/uploads\/2021\/12\/AMDA1724_LiederOhneWorte_RaiffFlavio-1030x1030.jpg 1030w, https:\/\/www.azulmusic.com.br\/en\/wp-content\/uploads\/2021\/12\/AMDA1724_LiederOhneWorte_RaiffFlavio-80x80.jpg 80w, https:\/\/www.azulmusic.com.br\/en\/wp-content\/uploads\/2021\/12\/AMDA1724_LiederOhneWorte_RaiffFlavio-768x768.jpg 768w, https:\/\/www.azulmusic.com.br\/en\/wp-content\/uploads\/2021\/12\/AMDA1724_LiederOhneWorte_RaiffFlavio-1536x1536.jpg 1536w, https:\/\/www.azulmusic.com.br\/en\/wp-content\/uploads\/2021\/12\/AMDA1724_LiederOhneWorte_RaiffFlavio-2048x2048.jpg 2048w, https:\/\/www.azulmusic.com.br\/en\/wp-content\/uploads\/2021\/12\/AMDA1724_LiederOhneWorte_RaiffFlavio-36x36.jpg 36w, https:\/\/www.azulmusic.com.br\/en\/wp-content\/uploads\/2021\/12\/AMDA1724_LiederOhneWorte_RaiffFlavio-180x180.jpg 180w, https:\/\/www.azulmusic.com.br\/en\/wp-content\/uploads\/2021\/12\/AMDA1724_LiederOhneWorte_RaiffFlavio-1500x1500.jpg 1500w, https:\/\/www.azulmusic.com.br\/en\/wp-content\/uploads\/2021\/12\/AMDA1724_LiederOhneWorte_RaiffFlavio-495x495.jpg 495w, https:\/\/www.azulmusic.com.br\/en\/wp-content\/uploads\/2021\/12\/AMDA1724_LiederOhneWorte_RaiffFlavio-260x260.jpg 260w\" sizes=\"(max-width: 705px) 100vw, 705px\" \/><\/a><div class='slide-content'><header class=\"entry-content-header\"><h3 class='slide-entry-title entry-title '  itemprop=\"headline\" ><a href='https:\/\/www.azulmusic.com.br\/en\/portfolio-item\/2745\/' title='Lieder ohne Worte'>Lieder ohne Worte<\/a><\/h3><span class=\"blog-categories minor-meta\"><a href=\"https:\/\/www.azulmusic.com.br\/en\/portfolio_entries\/raiff-dantas-barreto-flavio-augusto\/\" rel=\"tag\">Ra\u00efff Dantas Barreto, Fl\u00e1vio Augusto<\/a> <\/span><span class=\"av-vertical-delimiter\"><\/span><\/header><div class='slide-meta'><time class='slide-meta-time updated'  itemprop=\"datePublished\" datetime=\"2021-12-03T17:48:55-03:00\" >December 3, 2021<\/time><\/div><div class='slide-entry-excerpt entry-content'  itemprop=\"text\" >Anthology of \"songs without words\" by Schubert, Brahms and Schumann, performed on cello and piano.<\/div><\/div><footer class=\"entry-footer\"><\/footer><span class='hidden'>\n\t\t\t\t<span class='av-structured-data'  itemprop=\"image\" itemscope=\"itemscope\" itemtype=\"https:\/\/schema.org\/ImageObject\" >\n\t\t\t\t\t\t<span itemprop='url'>https:\/\/www.azulmusic.com.br\/en\/wp-content\/uploads\/2021\/12\/AMDA1724_LiederOhneWorte_RaiffFlavio-scaled.jpg<\/span>\n\t\t\t\t\t\t<span itemprop='height'>2560<\/span>\n\t\t\t\t\t\t<span itemprop='width'>2560<\/span>\n\t\t\t\t<\/span>\n\t\t\t\t<span class='av-structured-data'  itemprop=\"publisher\" itemtype=\"https:\/\/schema.org\/Organization\" itemscope=\"itemscope\" >\n\t\t\t\t\t\t<span itemprop='name'>azulmusic<\/span>\n\t\t\t\t\t\t<span itemprop='logo' itemscope itemtype='https:\/\/schema.org\/ImageObject'>\n\t\t\t\t\t\t\t<span itemprop='url'>https:\/\/azulmusicnovo1.websiteseguro.com\/wp-content\/uploads\/2021\/05\/logo-prata-m3-467x500.png<\/span>\n\t\t\t\t\t\t <\/span>\n\t\t\t\t<\/span><span class='av-structured-data'  itemprop=\"author\" itemscope=\"itemscope\" itemtype=\"https:\/\/schema.org\/Person\" ><span itemprop='name'>azulmusic<\/span><\/span><span class='av-structured-data'  itemprop=\"datePublished\" datetime=\"2020-02-28T17:05:00-03:00\" >2021-12-03 17:48:55<\/span><span class='av-structured-data'  itemprop=\"dateModified\" itemtype=\"https:\/\/schema.org\/dateModified\" >2026-02-05 12:38:45<\/span><span class='av-structured-data'  itemprop=\"mainEntityOfPage\" itemtype=\"https:\/\/schema.org\/mainEntityOfPage\" ><span itemprop='name'>Lieder ohne Worte<\/span><\/span><\/span><\/article><article class='slide-entry flex_column  post-entry post-entry-1733 slide-entry-overview slide-loop-3 slide-parity-odd  av_one_fourth  real-thumbnail post-format-standard'  itemscope=\"itemscope\" itemtype=\"https:\/\/schema.org\/CreativeWork\" ><a href='https:\/\/www.azulmusic.com.br\/en\/portfolio-item\/brazilian-music-for-oboe-cello\/' data-rel='slide-1' class='slide-image' title='Brazilian Music for Oboe &#038; Cello'><img decoding=\"async\" width=\"705\" height=\"705\" src=\"https:\/\/www.azulmusic.com.br\/en\/wp-content\/uploads\/2021\/07\/AMDA1703_BrazilianMusicForOboeCello_AlexandreFicarelliRaiffDantasBarreto-705x705.jpg\" class=\"wp-image-1734 avia-img-lazy-loading-not-1734 attachment-masonry size-masonry wp-post-image\" alt=\"\" srcset=\"https:\/\/www.azulmusic.com.br\/en\/wp-content\/uploads\/2021\/07\/AMDA1703_BrazilianMusicForOboeCello_AlexandreFicarelliRaiffDantasBarreto-705x705.jpg 705w, https:\/\/www.azulmusic.com.br\/en\/wp-content\/uploads\/2021\/07\/AMDA1703_BrazilianMusicForOboeCello_AlexandreFicarelliRaiffDantasBarreto-300x300.jpg 300w, https:\/\/www.azulmusic.com.br\/en\/wp-content\/uploads\/2021\/07\/AMDA1703_BrazilianMusicForOboeCello_AlexandreFicarelliRaiffDantasBarreto-80x80.jpg 80w, https:\/\/www.azulmusic.com.br\/en\/wp-content\/uploads\/2021\/07\/AMDA1703_BrazilianMusicForOboeCello_AlexandreFicarelliRaiffDantasBarreto-768x768.jpg 768w, https:\/\/www.azulmusic.com.br\/en\/wp-content\/uploads\/2021\/07\/AMDA1703_BrazilianMusicForOboeCello_AlexandreFicarelliRaiffDantasBarreto-36x36.jpg 36w, https:\/\/www.azulmusic.com.br\/en\/wp-content\/uploads\/2021\/07\/AMDA1703_BrazilianMusicForOboeCello_AlexandreFicarelliRaiffDantasBarreto-180x180.jpg 180w, https:\/\/www.azulmusic.com.br\/en\/wp-content\/uploads\/2021\/07\/AMDA1703_BrazilianMusicForOboeCello_AlexandreFicarelliRaiffDantasBarreto-495x495.jpg 495w, https:\/\/www.azulmusic.com.br\/en\/wp-content\/uploads\/2021\/07\/AMDA1703_BrazilianMusicForOboeCello_AlexandreFicarelliRaiffDantasBarreto-260x260.jpg 260w, https:\/\/www.azulmusic.com.br\/en\/wp-content\/uploads\/2021\/07\/AMDA1703_BrazilianMusicForOboeCello_AlexandreFicarelliRaiffDantasBarreto.jpg 900w\" sizes=\"(max-width: 705px) 100vw, 705px\" \/><\/a><div class='slide-content'><header class=\"entry-content-header\"><h3 class='slide-entry-title entry-title '  itemprop=\"headline\" ><a href='https:\/\/www.azulmusic.com.br\/en\/portfolio-item\/brazilian-music-for-oboe-cello\/' title='Brazilian Music for Oboe &#038; Cello'>Brazilian Music for Oboe &#038; Cello<\/a><\/h3><span class=\"blog-categories minor-meta\"><a href=\"https:\/\/www.azulmusic.com.br\/en\/portfolio_entries\/alexandre-ficarelli\/\" rel=\"tag\">Alexandre Ficarelli<\/a>, <a href=\"https:\/\/www.azulmusic.com.br\/en\/portfolio_entries\/raiff-dantas-barreto\/\" rel=\"tag\">Ra\u00efff Dantas Barreto<\/a> <\/span><span class=\"av-vertical-delimiter\"><\/span><\/header><div class='slide-meta'><time class='slide-meta-time updated'  itemprop=\"datePublished\" datetime=\"2021-06-25T21:05:00-03:00\" >June 25, 2021<\/time><\/div><div class='slide-entry-excerpt entry-content'  itemprop=\"text\" >Selected pieces by Brazilian composers, in solos and duets for oboe and cello.<\/div><\/div><footer class=\"entry-footer\"><\/footer><span class='hidden'>\n\t\t\t\t<span class='av-structured-data'  itemprop=\"image\" itemscope=\"itemscope\" itemtype=\"https:\/\/schema.org\/ImageObject\" >\n\t\t\t\t\t\t<span itemprop='url'>https:\/\/www.azulmusic.com.br\/en\/wp-content\/uploads\/2021\/07\/AMDA1703_BrazilianMusicForOboeCello_AlexandreFicarelliRaiffDantasBarreto.jpg<\/span>\n\t\t\t\t\t\t<span itemprop='height'>900<\/span>\n\t\t\t\t\t\t<span itemprop='width'>900<\/span>\n\t\t\t\t<\/span>\n\t\t\t\t<span class='av-structured-data'  itemprop=\"publisher\" itemtype=\"https:\/\/schema.org\/Organization\" itemscope=\"itemscope\" >\n\t\t\t\t\t\t<span itemprop='name'>azulmusic<\/span>\n\t\t\t\t\t\t<span itemprop='logo' itemscope itemtype='https:\/\/schema.org\/ImageObject'>\n\t\t\t\t\t\t\t<span itemprop='url'>https:\/\/azulmusicnovo1.websiteseguro.com\/wp-content\/uploads\/2021\/05\/logo-prata-m3-467x500.png<\/span>\n\t\t\t\t\t\t <\/span>\n\t\t\t\t<\/span><span class='av-structured-data'  itemprop=\"author\" itemscope=\"itemscope\" itemtype=\"https:\/\/schema.org\/Person\" ><span itemprop='name'>azulmusic<\/span><\/span><span class='av-structured-data'  itemprop=\"datePublished\" datetime=\"2020-02-28T17:05:00-03:00\" >2021-06-25 21:05:00<\/span><span class='av-structured-data'  itemprop=\"dateModified\" itemtype=\"https:\/\/schema.org\/dateModified\" >2026-02-05 12:39:43<\/span><span class='av-structured-data'  itemprop=\"mainEntityOfPage\" itemtype=\"https:\/\/schema.org\/mainEntityOfPage\" ><span itemprop='name'>Brazilian Music for Oboe &#038; Cello<\/span><\/span><\/span><\/article><article class='slide-entry flex_column  post-entry post-entry-1049 slide-entry-overview slide-loop-4 slide-parity-even  av_one_fourth  real-thumbnail post-format-standard'  itemscope=\"itemscope\" itemtype=\"https:\/\/schema.org\/CreativeWork\" ><a href='https:\/\/www.azulmusic.com.br\/en\/portfolio-item\/beethoven-duets\/' data-rel='slide-1' class='slide-image' title='Beethoven: Duets'><img decoding=\"async\" width=\"705\" height=\"705\" src=\"https:\/\/www.azulmusic.com.br\/en\/wp-content\/uploads\/2021\/05\/AMDA1674_BeethovenDuets_ClaudioCruzRaiffDantasBarreto-705x705.jpg\" class=\"wp-image-1048 avia-img-lazy-loading-not-1048 attachment-masonry size-masonry wp-post-image\" alt=\"Capa Beethoven Duets\" srcset=\"https:\/\/www.azulmusic.com.br\/en\/wp-content\/uploads\/2021\/05\/AMDA1674_BeethovenDuets_ClaudioCruzRaiffDantasBarreto-705x705.jpg 705w, https:\/\/www.azulmusic.com.br\/en\/wp-content\/uploads\/2021\/05\/AMDA1674_BeethovenDuets_ClaudioCruzRaiffDantasBarreto-300x300.jpg 300w, https:\/\/www.azulmusic.com.br\/en\/wp-content\/uploads\/2021\/05\/AMDA1674_BeethovenDuets_ClaudioCruzRaiffDantasBarreto-80x80.jpg 80w, https:\/\/www.azulmusic.com.br\/en\/wp-content\/uploads\/2021\/05\/AMDA1674_BeethovenDuets_ClaudioCruzRaiffDantasBarreto-768x768.jpg 768w, https:\/\/www.azulmusic.com.br\/en\/wp-content\/uploads\/2021\/05\/AMDA1674_BeethovenDuets_ClaudioCruzRaiffDantasBarreto-36x36.jpg 36w, https:\/\/www.azulmusic.com.br\/en\/wp-content\/uploads\/2021\/05\/AMDA1674_BeethovenDuets_ClaudioCruzRaiffDantasBarreto-180x180.jpg 180w, https:\/\/www.azulmusic.com.br\/en\/wp-content\/uploads\/2021\/05\/AMDA1674_BeethovenDuets_ClaudioCruzRaiffDantasBarreto-495x495.jpg 495w, https:\/\/www.azulmusic.com.br\/en\/wp-content\/uploads\/2021\/05\/AMDA1674_BeethovenDuets_ClaudioCruzRaiffDantasBarreto-260x260.jpg 260w, https:\/\/www.azulmusic.com.br\/en\/wp-content\/uploads\/2021\/05\/AMDA1674_BeethovenDuets_ClaudioCruzRaiffDantasBarreto.jpg 900w\" sizes=\"(max-width: 705px) 100vw, 705px\" \/><\/a><div class='slide-content'><header class=\"entry-content-header\"><h3 class='slide-entry-title entry-title '  itemprop=\"headline\" ><a href='https:\/\/www.azulmusic.com.br\/en\/portfolio-item\/beethoven-duets\/' title='Beethoven: Duets'>Beethoven: Duets<\/a><\/h3><span class=\"blog-categories minor-meta\"><a href=\"https:\/\/www.azulmusic.com.br\/en\/portfolio_entries\/claudio-cruz\/\" rel=\"tag\">Claudio Cruz<\/a>, <a href=\"https:\/\/www.azulmusic.com.br\/en\/portfolio_entries\/raiff-dantas-barreto\/\" rel=\"tag\">Ra\u00efff Dantas Barreto<\/a> <\/span><span class=\"av-vertical-delimiter\"><\/span><\/header><div class='slide-meta'><time class='slide-meta-time updated'  itemprop=\"datePublished\" datetime=\"2020-12-18T10:36:00-03:00\" >December 18, 2020<\/time><\/div><div class='slide-entry-excerpt entry-content'  itemprop=\"text\" >Selection of works by Ludwig van Beethoven written for two instruments, in memorable performances.<\/div><\/div><footer class=\"entry-footer\"><\/footer><span class='hidden'>\n\t\t\t\t<span class='av-structured-data'  itemprop=\"image\" itemscope=\"itemscope\" itemtype=\"https:\/\/schema.org\/ImageObject\" >\n\t\t\t\t\t\t<span itemprop='url'>https:\/\/www.azulmusic.com.br\/en\/wp-content\/uploads\/2021\/05\/AMDA1674_BeethovenDuets_ClaudioCruzRaiffDantasBarreto.jpg<\/span>\n\t\t\t\t\t\t<span itemprop='height'>900<\/span>\n\t\t\t\t\t\t<span itemprop='width'>900<\/span>\n\t\t\t\t<\/span>\n\t\t\t\t<span class='av-structured-data'  itemprop=\"publisher\" itemtype=\"https:\/\/schema.org\/Organization\" itemscope=\"itemscope\" >\n\t\t\t\t\t\t<span itemprop='name'>azulmusic<\/span>\n\t\t\t\t\t\t<span itemprop='logo' itemscope itemtype='https:\/\/schema.org\/ImageObject'>\n\t\t\t\t\t\t\t<span itemprop='url'>https:\/\/azulmusicnovo1.websiteseguro.com\/wp-content\/uploads\/2021\/05\/logo-prata-m3-467x500.png<\/span>\n\t\t\t\t\t\t <\/span>\n\t\t\t\t<\/span><span class='av-structured-data'  itemprop=\"author\" itemscope=\"itemscope\" itemtype=\"https:\/\/schema.org\/Person\" ><span itemprop='name'>azulmusic<\/span><\/span><span class='av-structured-data'  itemprop=\"datePublished\" datetime=\"2020-02-28T17:05:00-03:00\" >2020-12-18 10:36:00<\/span><span class='av-structured-data'  itemprop=\"dateModified\" itemtype=\"https:\/\/schema.org\/dateModified\" >2026-02-05 12:40:47<\/span><span class='av-structured-data'  itemprop=\"mainEntityOfPage\" itemtype=\"https:\/\/schema.org\/mainEntityOfPage\" ><span itemprop='name'>Beethoven: Duets<\/span><\/span><\/span><\/article><\/div><div class='slide-entry-wrap'><article class='slide-entry flex_column  post-entry post-entry-1375 slide-entry-overview slide-loop-5 slide-parity-odd  av_one_fourth first real-thumbnail post-format-standard'  itemscope=\"itemscope\" itemtype=\"https:\/\/schema.org\/CreativeWork\" ><a href='https:\/\/www.azulmusic.com.br\/en\/portfolio-item\/david-popper-requiem-op-66\/' data-rel='slide-1' class='slide-image' title='David Popper: Requiem, Op. 66'><img decoding=\"async\" width=\"705\" height=\"705\" src=\"https:\/\/www.azulmusic.com.br\/en\/wp-content\/uploads\/2021\/05\/AMDS1671_DavidPopperRequiemOp.66_VariousArtists-1-705x705.jpg\" class=\"wp-image-2149 avia-img-lazy-loading-not-2149 attachment-masonry size-masonry wp-post-image\" alt=\"cover David Popper: Requiem, Op. 66\" srcset=\"https:\/\/www.azulmusic.com.br\/en\/wp-content\/uploads\/2021\/05\/AMDS1671_DavidPopperRequiemOp.66_VariousArtists-1-705x705.jpg 705w, https:\/\/www.azulmusic.com.br\/en\/wp-content\/uploads\/2021\/05\/AMDS1671_DavidPopperRequiemOp.66_VariousArtists-1-300x300.jpg 300w, https:\/\/www.azulmusic.com.br\/en\/wp-content\/uploads\/2021\/05\/AMDS1671_DavidPopperRequiemOp.66_VariousArtists-1-80x80.jpg 80w, https:\/\/www.azulmusic.com.br\/en\/wp-content\/uploads\/2021\/05\/AMDS1671_DavidPopperRequiemOp.66_VariousArtists-1-768x768.jpg 768w, https:\/\/www.azulmusic.com.br\/en\/wp-content\/uploads\/2021\/05\/AMDS1671_DavidPopperRequiemOp.66_VariousArtists-1-36x36.jpg 36w, https:\/\/www.azulmusic.com.br\/en\/wp-content\/uploads\/2021\/05\/AMDS1671_DavidPopperRequiemOp.66_VariousArtists-1-180x180.jpg 180w, https:\/\/www.azulmusic.com.br\/en\/wp-content\/uploads\/2021\/05\/AMDS1671_DavidPopperRequiemOp.66_VariousArtists-1-495x495.jpg 495w, https:\/\/www.azulmusic.com.br\/en\/wp-content\/uploads\/2021\/05\/AMDS1671_DavidPopperRequiemOp.66_VariousArtists-1-260x260.jpg 260w, https:\/\/www.azulmusic.com.br\/en\/wp-content\/uploads\/2021\/05\/AMDS1671_DavidPopperRequiemOp.66_VariousArtists-1.jpg 900w\" sizes=\"(max-width: 705px) 100vw, 705px\" \/><\/a><div class='slide-content'><header class=\"entry-content-header\"><h3 class='slide-entry-title entry-title '  itemprop=\"headline\" ><a href='https:\/\/www.azulmusic.com.br\/en\/portfolio-item\/david-popper-requiem-op-66\/' title='David Popper: Requiem, Op. 66'>David Popper: Requiem, Op. 66<\/a><\/h3><span class=\"blog-categories minor-meta\"><a href=\"https:\/\/www.azulmusic.com.br\/en\/portfolio_entries\/raiff-dantas-barreto-mauro-brucoli-moises-ferreira-talita-gondim\/\" rel=\"tag\">Ra\u00efff Dantas Barreto, Mauro Brucoli, Mois\u00e9s Ferreira, Talita Gondim<\/a> <\/span><span class=\"av-vertical-delimiter\"><\/span><\/header><div class='slide-meta'><time class='slide-meta-time updated'  itemprop=\"datePublished\" datetime=\"2020-11-13T11:32:00-03:00\" >November 13, 2020<\/time><\/div><div class='slide-entry-excerpt entry-content'  itemprop=\"text\" >Interpretation of the Czech composer\u2019s work, written for three cellos and piano.\n<\/div><\/div><footer class=\"entry-footer\"><\/footer><span class='hidden'>\n\t\t\t\t<span class='av-structured-data'  itemprop=\"image\" itemscope=\"itemscope\" itemtype=\"https:\/\/schema.org\/ImageObject\" >\n\t\t\t\t\t\t<span itemprop='url'>https:\/\/www.azulmusic.com.br\/en\/wp-content\/uploads\/2021\/05\/AMDS1671_DavidPopperRequiemOp.66_VariousArtists-1.jpg<\/span>\n\t\t\t\t\t\t<span itemprop='height'>900<\/span>\n\t\t\t\t\t\t<span itemprop='width'>900<\/span>\n\t\t\t\t<\/span>\n\t\t\t\t<span class='av-structured-data'  itemprop=\"publisher\" itemtype=\"https:\/\/schema.org\/Organization\" itemscope=\"itemscope\" >\n\t\t\t\t\t\t<span itemprop='name'>azulmusic<\/span>\n\t\t\t\t\t\t<span itemprop='logo' itemscope itemtype='https:\/\/schema.org\/ImageObject'>\n\t\t\t\t\t\t\t<span itemprop='url'>https:\/\/azulmusicnovo1.websiteseguro.com\/wp-content\/uploads\/2021\/05\/logo-prata-m3-467x500.png<\/span>\n\t\t\t\t\t\t <\/span>\n\t\t\t\t<\/span><span class='av-structured-data'  itemprop=\"author\" itemscope=\"itemscope\" itemtype=\"https:\/\/schema.org\/Person\" ><span itemprop='name'>azulmusic<\/span><\/span><span class='av-structured-data'  itemprop=\"datePublished\" datetime=\"2020-02-28T17:05:00-03:00\" >2020-11-13 11:32:00<\/span><span class='av-structured-data'  itemprop=\"dateModified\" itemtype=\"https:\/\/schema.org\/dateModified\" >2026-02-05 12:40:57<\/span><span class='av-structured-data'  itemprop=\"mainEntityOfPage\" itemtype=\"https:\/\/schema.org\/mainEntityOfPage\" ><span itemprop='name'>David Popper: Requiem, Op. 66<\/span><\/span><\/span><\/article><article class='slide-entry flex_column  post-entry post-entry-1028 slide-entry-overview slide-loop-6 slide-parity-even  av_one_fourth  real-thumbnail post-format-standard'  itemscope=\"itemscope\" itemtype=\"https:\/\/schema.org\/CreativeWork\" ><a href='https:\/\/www.azulmusic.com.br\/en\/portfolio-item\/libera-me\/' data-rel='slide-1' class='slide-image' title='Libera Me'><img decoding=\"async\" width=\"705\" height=\"705\" src=\"https:\/\/www.azulmusic.com.br\/en\/wp-content\/uploads\/2021\/05\/AMDA1656_LiberaMe_RaiffDantasBarreto-705x705.jpg\" class=\"wp-image-1029 avia-img-lazy-loading-not-1029 attachment-masonry size-masonry wp-post-image\" alt=\"Capa do album\" srcset=\"https:\/\/www.azulmusic.com.br\/en\/wp-content\/uploads\/2021\/05\/AMDA1656_LiberaMe_RaiffDantasBarreto-705x705.jpg 705w, https:\/\/www.azulmusic.com.br\/en\/wp-content\/uploads\/2021\/05\/AMDA1656_LiberaMe_RaiffDantasBarreto-300x300.jpg 300w, https:\/\/www.azulmusic.com.br\/en\/wp-content\/uploads\/2021\/05\/AMDA1656_LiberaMe_RaiffDantasBarreto-80x80.jpg 80w, https:\/\/www.azulmusic.com.br\/en\/wp-content\/uploads\/2021\/05\/AMDA1656_LiberaMe_RaiffDantasBarreto-768x768.jpg 768w, https:\/\/www.azulmusic.com.br\/en\/wp-content\/uploads\/2021\/05\/AMDA1656_LiberaMe_RaiffDantasBarreto-36x36.jpg 36w, https:\/\/www.azulmusic.com.br\/en\/wp-content\/uploads\/2021\/05\/AMDA1656_LiberaMe_RaiffDantasBarreto-180x180.jpg 180w, https:\/\/www.azulmusic.com.br\/en\/wp-content\/uploads\/2021\/05\/AMDA1656_LiberaMe_RaiffDantasBarreto-495x495.jpg 495w, https:\/\/www.azulmusic.com.br\/en\/wp-content\/uploads\/2021\/05\/AMDA1656_LiberaMe_RaiffDantasBarreto-260x260.jpg 260w, https:\/\/www.azulmusic.com.br\/en\/wp-content\/uploads\/2021\/05\/AMDA1656_LiberaMe_RaiffDantasBarreto.jpg 900w\" sizes=\"(max-width: 705px) 100vw, 705px\" \/><\/a><div class='slide-content'><header class=\"entry-content-header\"><h3 class='slide-entry-title entry-title '  itemprop=\"headline\" ><a href='https:\/\/www.azulmusic.com.br\/en\/portfolio-item\/libera-me\/' title='Libera Me'>Libera Me<\/a><\/h3><span class=\"blog-categories minor-meta\"><a href=\"https:\/\/www.azulmusic.com.br\/en\/portfolio_entries\/raiff-dantas-barreto\/\" rel=\"tag\">Ra\u00efff Dantas Barreto<\/a> <\/span><span class=\"av-vertical-delimiter\"><\/span><\/header><div class='slide-meta'><time class='slide-meta-time updated'  itemprop=\"datePublished\" datetime=\"2020-08-28T14:51:00-03:00\" >August 28, 2020<\/time><\/div><div class='slide-entry-excerpt entry-content'  itemprop=\"text\" >An anthology of classical pieces arranged for cello quartet, quintet and octet.\n<\/div><\/div><footer class=\"entry-footer\"><\/footer><span class='hidden'>\n\t\t\t\t<span class='av-structured-data'  itemprop=\"image\" itemscope=\"itemscope\" itemtype=\"https:\/\/schema.org\/ImageObject\" >\n\t\t\t\t\t\t<span itemprop='url'>https:\/\/www.azulmusic.com.br\/en\/wp-content\/uploads\/2021\/05\/AMDA1656_LiberaMe_RaiffDantasBarreto.jpg<\/span>\n\t\t\t\t\t\t<span itemprop='height'>900<\/span>\n\t\t\t\t\t\t<span itemprop='width'>900<\/span>\n\t\t\t\t<\/span>\n\t\t\t\t<span class='av-structured-data'  itemprop=\"publisher\" itemtype=\"https:\/\/schema.org\/Organization\" itemscope=\"itemscope\" >\n\t\t\t\t\t\t<span itemprop='name'>azulmusic<\/span>\n\t\t\t\t\t\t<span itemprop='logo' itemscope itemtype='https:\/\/schema.org\/ImageObject'>\n\t\t\t\t\t\t\t<span itemprop='url'>https:\/\/azulmusicnovo1.websiteseguro.com\/wp-content\/uploads\/2021\/05\/logo-prata-m3-467x500.png<\/span>\n\t\t\t\t\t\t <\/span>\n\t\t\t\t<\/span><span class='av-structured-data'  itemprop=\"author\" itemscope=\"itemscope\" itemtype=\"https:\/\/schema.org\/Person\" ><span itemprop='name'>azulmusic<\/span><\/span><span class='av-structured-data'  itemprop=\"datePublished\" datetime=\"2020-02-28T17:05:00-03:00\" >2020-08-28 14:51:00<\/span><span class='av-structured-data'  itemprop=\"dateModified\" itemtype=\"https:\/\/schema.org\/dateModified\" >2026-02-05 12:41:57<\/span><span class='av-structured-data'  itemprop=\"mainEntityOfPage\" itemtype=\"https:\/\/schema.org\/mainEntityOfPage\" ><span itemprop='name'>Libera Me<\/span><\/span><\/span><\/article><article class='slide-entry flex_column  post-entry post-entry-1180 slide-entry-overview slide-loop-7 slide-parity-odd  av_one_fourth  real-thumbnail post-format-standard'  itemscope=\"itemscope\" itemtype=\"https:\/\/schema.org\/CreativeWork\" ><a href='https:\/\/www.azulmusic.com.br\/en\/portfolio-item\/saint-saens-lalo-cello-sonatas-faure-elegie-live\/' data-rel='slide-1' class='slide-image' title='Saint-Sa\u00ebns, Lalo: Cello Sonatas | Faur\u00e9: \u00c9l\u00e9gie (LIVE)'><img decoding=\"async\" width=\"705\" height=\"705\" src=\"https:\/\/www.azulmusic.com.br\/en\/wp-content\/uploads\/2021\/05\/AMDA1626_SaintSaensLaloFaure_RaiffDantasBarretoDaviSartori-705x705.jpg\" class=\"wp-image-1181 avia-img-lazy-loading-not-1181 attachment-masonry size-masonry wp-post-image\" alt=\"capa Saint-Sa\u00ebns, Lalo: Cello Sonatas | Faur\u00e9: \u00c9l\u00e9gie (LIVE)\" srcset=\"https:\/\/www.azulmusic.com.br\/en\/wp-content\/uploads\/2021\/05\/AMDA1626_SaintSaensLaloFaure_RaiffDantasBarretoDaviSartori-705x705.jpg 705w, https:\/\/www.azulmusic.com.br\/en\/wp-content\/uploads\/2021\/05\/AMDA1626_SaintSaensLaloFaure_RaiffDantasBarretoDaviSartori-300x300.jpg 300w, https:\/\/www.azulmusic.com.br\/en\/wp-content\/uploads\/2021\/05\/AMDA1626_SaintSaensLaloFaure_RaiffDantasBarretoDaviSartori-80x80.jpg 80w, https:\/\/www.azulmusic.com.br\/en\/wp-content\/uploads\/2021\/05\/AMDA1626_SaintSaensLaloFaure_RaiffDantasBarretoDaviSartori-768x768.jpg 768w, https:\/\/www.azulmusic.com.br\/en\/wp-content\/uploads\/2021\/05\/AMDA1626_SaintSaensLaloFaure_RaiffDantasBarretoDaviSartori-36x36.jpg 36w, https:\/\/www.azulmusic.com.br\/en\/wp-content\/uploads\/2021\/05\/AMDA1626_SaintSaensLaloFaure_RaiffDantasBarretoDaviSartori-180x180.jpg 180w, https:\/\/www.azulmusic.com.br\/en\/wp-content\/uploads\/2021\/05\/AMDA1626_SaintSaensLaloFaure_RaiffDantasBarretoDaviSartori-495x495.jpg 495w, https:\/\/www.azulmusic.com.br\/en\/wp-content\/uploads\/2021\/05\/AMDA1626_SaintSaensLaloFaure_RaiffDantasBarretoDaviSartori-260x260.jpg 260w, https:\/\/www.azulmusic.com.br\/en\/wp-content\/uploads\/2021\/05\/AMDA1626_SaintSaensLaloFaure_RaiffDantasBarretoDaviSartori.jpg 900w\" sizes=\"(max-width: 705px) 100vw, 705px\" \/><\/a><div class='slide-content'><header class=\"entry-content-header\"><h3 class='slide-entry-title entry-title '  itemprop=\"headline\" ><a href='https:\/\/www.azulmusic.com.br\/en\/portfolio-item\/saint-saens-lalo-cello-sonatas-faure-elegie-live\/' title='Saint-Sa\u00ebns, Lalo: Cello Sonatas | Faur\u00e9: \u00c9l\u00e9gie (LIVE)'>Saint-Sa\u00ebns, Lalo: Cello Sonatas | Faur\u00e9: \u00c9l\u00e9gie (LIVE)<\/a><\/h3><span class=\"blog-categories minor-meta\"><a href=\"https:\/\/www.azulmusic.com.br\/en\/portfolio_entries\/raiff-dantas-barreto-davi-sartori\/\" rel=\"tag\">Ra\u00efff Dantas Barreto, Davi Sartori<\/a> <\/span><span class=\"av-vertical-delimiter\"><\/span><\/header><div class='slide-meta'><time class='slide-meta-time updated'  itemprop=\"datePublished\" datetime=\"2020-02-28T17:05:00-03:00\" >February 28, 2020<\/time><\/div><div class='slide-entry-excerpt entry-content'  itemprop=\"text\" >Pieces of the 19th century French music, recorded live by the cello and piano duo.<\/div><\/div><footer class=\"entry-footer\"><\/footer><span class='hidden'>\n\t\t\t\t<span class='av-structured-data'  itemprop=\"image\" itemscope=\"itemscope\" itemtype=\"https:\/\/schema.org\/ImageObject\" >\n\t\t\t\t\t\t<span itemprop='url'>https:\/\/www.azulmusic.com.br\/en\/wp-content\/uploads\/2021\/05\/AMDA1626_SaintSaensLaloFaure_RaiffDantasBarretoDaviSartori.jpg<\/span>\n\t\t\t\t\t\t<span itemprop='height'>900<\/span>\n\t\t\t\t\t\t<span itemprop='width'>900<\/span>\n\t\t\t\t<\/span>\n\t\t\t\t<span class='av-structured-data'  itemprop=\"publisher\" itemtype=\"https:\/\/schema.org\/Organization\" itemscope=\"itemscope\" >\n\t\t\t\t\t\t<span itemprop='name'>azulmusic<\/span>\n\t\t\t\t\t\t<span itemprop='logo' itemscope itemtype='https:\/\/schema.org\/ImageObject'>\n\t\t\t\t\t\t\t<span itemprop='url'>https:\/\/azulmusicnovo1.websiteseguro.com\/wp-content\/uploads\/2021\/05\/logo-prata-m3-467x500.png<\/span>\n\t\t\t\t\t\t <\/span>\n\t\t\t\t<\/span><span class='av-structured-data'  itemprop=\"author\" itemscope=\"itemscope\" itemtype=\"https:\/\/schema.org\/Person\" ><span itemprop='name'>azulmusic<\/span><\/span><span class='av-structured-data'  itemprop=\"datePublished\" datetime=\"2020-02-28T17:05:00-03:00\" >2020-02-28 17:05:00<\/span><span class='av-structured-data'  itemprop=\"dateModified\" itemtype=\"https:\/\/schema.org\/dateModified\" >2026-02-05 12:42:50<\/span><span class='av-structured-data'  itemprop=\"mainEntityOfPage\" itemtype=\"https:\/\/schema.org\/mainEntityOfPage\" ><span itemprop='name'>Saint-Sa\u00ebns, Lalo: Cello Sonatas | Faur\u00e9: \u00c9l\u00e9gie (LIVE)<\/span><\/span><\/span><\/article><article class='slide-entry flex_column  post-entry post-entry-1173 slide-entry-overview slide-loop-8 slide-parity-even  av_one_fourth  real-thumbnail post-format-standard'  itemscope=\"itemscope\" itemtype=\"https:\/\/schema.org\/CreativeWork\" ><a href='https:\/\/www.azulmusic.com.br\/en\/portfolio-item\/miniaturas-brasileiras\/' data-rel='slide-1' class='slide-image' title='Miniaturas Brasileiras'><img decoding=\"async\" width=\"705\" height=\"705\" src=\"https:\/\/www.azulmusic.com.br\/en\/wp-content\/uploads\/2021\/05\/AMDA1606_MiniaturasBrasileiras_RaiffDantasBarreto-705x705.jpg\" class=\"wp-image-1174 avia-img-lazy-loading-not-1174 attachment-masonry size-masonry wp-post-image\" alt=\"capa do album\" srcset=\"https:\/\/www.azulmusic.com.br\/en\/wp-content\/uploads\/2021\/05\/AMDA1606_MiniaturasBrasileiras_RaiffDantasBarreto-705x705.jpg 705w, https:\/\/www.azulmusic.com.br\/en\/wp-content\/uploads\/2021\/05\/AMDA1606_MiniaturasBrasileiras_RaiffDantasBarreto-300x300.jpg 300w, https:\/\/www.azulmusic.com.br\/en\/wp-content\/uploads\/2021\/05\/AMDA1606_MiniaturasBrasileiras_RaiffDantasBarreto-80x80.jpg 80w, https:\/\/www.azulmusic.com.br\/en\/wp-content\/uploads\/2021\/05\/AMDA1606_MiniaturasBrasileiras_RaiffDantasBarreto-768x768.jpg 768w, https:\/\/www.azulmusic.com.br\/en\/wp-content\/uploads\/2021\/05\/AMDA1606_MiniaturasBrasileiras_RaiffDantasBarreto-36x36.jpg 36w, https:\/\/www.azulmusic.com.br\/en\/wp-content\/uploads\/2021\/05\/AMDA1606_MiniaturasBrasileiras_RaiffDantasBarreto-180x180.jpg 180w, https:\/\/www.azulmusic.com.br\/en\/wp-content\/uploads\/2021\/05\/AMDA1606_MiniaturasBrasileiras_RaiffDantasBarreto-495x495.jpg 495w, https:\/\/www.azulmusic.com.br\/en\/wp-content\/uploads\/2021\/05\/AMDA1606_MiniaturasBrasileiras_RaiffDantasBarreto-260x260.jpg 260w, https:\/\/www.azulmusic.com.br\/en\/wp-content\/uploads\/2021\/05\/AMDA1606_MiniaturasBrasileiras_RaiffDantasBarreto.jpg 900w\" sizes=\"(max-width: 705px) 100vw, 705px\" \/><\/a><div class='slide-content'><header class=\"entry-content-header\"><h3 class='slide-entry-title entry-title '  itemprop=\"headline\" ><a href='https:\/\/www.azulmusic.com.br\/en\/portfolio-item\/miniaturas-brasileiras\/' title='Miniaturas Brasileiras'>Miniaturas Brasileiras<\/a><\/h3><span class=\"blog-categories minor-meta\"><a href=\"https:\/\/www.azulmusic.com.br\/en\/portfolio_entries\/raiff-dantas-barreto\/\" rel=\"tag\">Ra\u00efff Dantas Barreto<\/a> <\/span><span class=\"av-vertical-delimiter\"><\/span><\/header><div class='slide-meta'><time class='slide-meta-time updated'  itemprop=\"datePublished\" datetime=\"2019-11-29T17:03:00-03:00\" >November 29, 2019<\/time><\/div><div class='slide-entry-excerpt entry-content'  itemprop=\"text\" >Works by Brazilian composers, in arrangements for cello duets, trios and quartets, performed by cellist Ra\u00efff Dantas Barreto<\/div><\/div><footer class=\"entry-footer\"><\/footer><span class='hidden'>\n\t\t\t\t<span class='av-structured-data'  itemprop=\"image\" itemscope=\"itemscope\" itemtype=\"https:\/\/schema.org\/ImageObject\" >\n\t\t\t\t\t\t<span itemprop='url'>https:\/\/www.azulmusic.com.br\/en\/wp-content\/uploads\/2021\/05\/AMDA1606_MiniaturasBrasileiras_RaiffDantasBarreto.jpg<\/span>\n\t\t\t\t\t\t<span itemprop='height'>900<\/span>\n\t\t\t\t\t\t<span itemprop='width'>900<\/span>\n\t\t\t\t<\/span>\n\t\t\t\t<span class='av-structured-data'  itemprop=\"publisher\" itemtype=\"https:\/\/schema.org\/Organization\" itemscope=\"itemscope\" >\n\t\t\t\t\t\t<span itemprop='name'>azulmusic<\/span>\n\t\t\t\t\t\t<span itemprop='logo' itemscope itemtype='https:\/\/schema.org\/ImageObject'>\n\t\t\t\t\t\t\t<span itemprop='url'>https:\/\/azulmusicnovo1.websiteseguro.com\/wp-content\/uploads\/2021\/05\/logo-prata-m3-467x500.png<\/span>\n\t\t\t\t\t\t <\/span>\n\t\t\t\t<\/span><span class='av-structured-data'  itemprop=\"author\" itemscope=\"itemscope\" itemtype=\"https:\/\/schema.org\/Person\" ><span itemprop='name'>azulmusic<\/span><\/span><span class='av-structured-data'  itemprop=\"datePublished\" datetime=\"2020-02-28T17:05:00-03:00\" >2019-11-29 17:03:00<\/span><span class='av-structured-data'  itemprop=\"dateModified\" itemtype=\"https:\/\/schema.org\/dateModified\" >2021-09-04 14:08:13<\/span><span class='av-structured-data'  itemprop=\"mainEntityOfPage\" itemtype=\"https:\/\/schema.org\/mainEntityOfPage\" ><span itemprop='name'>Miniaturas Brasileiras<\/span><\/span><\/span><\/article><\/div><div class='slide-entry-wrap'><article class='slide-entry flex_column  post-entry post-entry-1167 slide-entry-overview slide-loop-9 slide-parity-odd  post-entry-last  av_one_fourth first real-thumbnail post-format-standard'  itemscope=\"itemscope\" itemtype=\"https:\/\/schema.org\/CreativeWork\" ><a href='https:\/\/www.azulmusic.com.br\/en\/portfolio-item\/j-s-bach-cello-suites-no-1-2-3\/' data-rel='slide-1' class='slide-image' title='J. S. Bach: Cello Suites No. 1, 2 &#038; 3'><img decoding=\"async\" width=\"705\" height=\"705\" src=\"https:\/\/www.azulmusic.com.br\/en\/wp-content\/uploads\/2021\/05\/AMDA1600_JSBachCelloSuitesNo123_RaiffDantasBarreto-705x705.jpg\" class=\"wp-image-1168 avia-img-lazy-loading-not-1168 attachment-masonry size-masonry wp-post-image\" alt=\"capa J. S. Bach: Cello Suites No. 1, 2 &amp; 3\" srcset=\"https:\/\/www.azulmusic.com.br\/en\/wp-content\/uploads\/2021\/05\/AMDA1600_JSBachCelloSuitesNo123_RaiffDantasBarreto-705x705.jpg 705w, https:\/\/www.azulmusic.com.br\/en\/wp-content\/uploads\/2021\/05\/AMDA1600_JSBachCelloSuitesNo123_RaiffDantasBarreto-300x300.jpg 300w, https:\/\/www.azulmusic.com.br\/en\/wp-content\/uploads\/2021\/05\/AMDA1600_JSBachCelloSuitesNo123_RaiffDantasBarreto-80x80.jpg 80w, https:\/\/www.azulmusic.com.br\/en\/wp-content\/uploads\/2021\/05\/AMDA1600_JSBachCelloSuitesNo123_RaiffDantasBarreto-768x768.jpg 768w, https:\/\/www.azulmusic.com.br\/en\/wp-content\/uploads\/2021\/05\/AMDA1600_JSBachCelloSuitesNo123_RaiffDantasBarreto-36x36.jpg 36w, https:\/\/www.azulmusic.com.br\/en\/wp-content\/uploads\/2021\/05\/AMDA1600_JSBachCelloSuitesNo123_RaiffDantasBarreto-180x180.jpg 180w, https:\/\/www.azulmusic.com.br\/en\/wp-content\/uploads\/2021\/05\/AMDA1600_JSBachCelloSuitesNo123_RaiffDantasBarreto-495x495.jpg 495w, https:\/\/www.azulmusic.com.br\/en\/wp-content\/uploads\/2021\/05\/AMDA1600_JSBachCelloSuitesNo123_RaiffDantasBarreto-260x260.jpg 260w, https:\/\/www.azulmusic.com.br\/en\/wp-content\/uploads\/2021\/05\/AMDA1600_JSBachCelloSuitesNo123_RaiffDantasBarreto.jpg 900w\" sizes=\"(max-width: 705px) 100vw, 705px\" \/><\/a><div class='slide-content'><header class=\"entry-content-header\"><h3 class='slide-entry-title entry-title '  itemprop=\"headline\" ><a href='https:\/\/www.azulmusic.com.br\/en\/portfolio-item\/j-s-bach-cello-suites-no-1-2-3\/' title='J. S. Bach: Cello Suites No. 1, 2 &#038; 3'>J. S. Bach: Cello Suites No. 1, 2 &#038; 3<\/a><\/h3><span class=\"blog-categories minor-meta\"><a href=\"https:\/\/www.azulmusic.com.br\/en\/portfolio_entries\/raiff-dantas-barreto\/\" rel=\"tag\">Ra\u00efff Dantas Barreto<\/a> <\/span><span class=\"av-vertical-delimiter\"><\/span><\/header><div class='slide-meta'><time class='slide-meta-time updated'  itemprop=\"datePublished\" datetime=\"2019-07-12T16:41:00-03:00\" >July 12, 2019<\/time><\/div><div class='slide-entry-excerpt entry-content'  itemprop=\"text\" >Three cello suites by Johann Sebastian Bach, performed by Ra\u00efff Dantas Barreto.<\/div><\/div><footer class=\"entry-footer\"><\/footer><span class='hidden'>\n\t\t\t\t<span class='av-structured-data'  itemprop=\"image\" itemscope=\"itemscope\" itemtype=\"https:\/\/schema.org\/ImageObject\" >\n\t\t\t\t\t\t<span itemprop='url'>https:\/\/www.azulmusic.com.br\/en\/wp-content\/uploads\/2021\/05\/AMDA1600_JSBachCelloSuitesNo123_RaiffDantasBarreto.jpg<\/span>\n\t\t\t\t\t\t<span itemprop='height'>900<\/span>\n\t\t\t\t\t\t<span itemprop='width'>900<\/span>\n\t\t\t\t<\/span>\n\t\t\t\t<span class='av-structured-data'  itemprop=\"publisher\" itemtype=\"https:\/\/schema.org\/Organization\" itemscope=\"itemscope\" >\n\t\t\t\t\t\t<span itemprop='name'>azulmusic<\/span>\n\t\t\t\t\t\t<span itemprop='logo' itemscope itemtype='https:\/\/schema.org\/ImageObject'>\n\t\t\t\t\t\t\t<span itemprop='url'>https:\/\/azulmusicnovo1.websiteseguro.com\/wp-content\/uploads\/2021\/05\/logo-prata-m3-467x500.png<\/span>\n\t\t\t\t\t\t <\/span>\n\t\t\t\t<\/span><span class='av-structured-data'  itemprop=\"author\" itemscope=\"itemscope\" itemtype=\"https:\/\/schema.org\/Person\" ><span itemprop='name'>azulmusic<\/span><\/span><span class='av-structured-data'  itemprop=\"datePublished\" datetime=\"2020-02-28T17:05:00-03:00\" >2019-07-12 16:41:00<\/span><span class='av-structured-data'  itemprop=\"dateModified\" itemtype=\"https:\/\/schema.org\/dateModified\" >2021-09-04 14:35:47<\/span><span class='av-structured-data'  itemprop=\"mainEntityOfPage\" itemtype=\"https:\/\/schema.org\/mainEntityOfPage\" ><span itemprop='name'>J. S. Bach: Cello Suites No. 1, 2 &#038; 3<\/span><\/span><\/span><\/article><\/div><\/div><div class='avia-slideshow-arrows avia-slideshow-controls' ><a href='#prev' class='prev-slide ' aria-hidden='true' data-av_icon='\ue87c' data-av_iconfont='entypo-fontello' aria-hidden='true' tabindex='-1'>Previous<\/a><a href='#next' class='next-slide ' aria-hidden='true' data-av_icon='\ue87d' data-av_iconfont='entypo-fontello' aria-hidden='true' tabindex='-1'>Next<\/a><\/div><\/div><\/p><\/div><\/p>\n<\/div><\/div><\/div>\n","protected":false},"excerpt":{"rendered":"<p>Pieces of the 19th century French music, recorded live by the cello and piano duo.<\/p>\n","protected":false},"featured_media":1181,"comment_status":"closed","ping_status":"closed","template":"","tags":[3,6],"portfolio_entries":[33],"class_list":["post-1180","portfolio","type-portfolio","status-publish","has-post-thumbnail","hentry","tag-album","tag-classical","portfolio_entries-raiff-dantas-barreto-davi-sartori"],"_links":{"self":[{"href":"https:\/\/www.azulmusic.com.br\/en\/wp-json\/wp\/v2\/portfolio\/1180","targetHints":{"allow":["GET"]}}],"collection":[{"href":"https:\/\/www.azulmusic.com.br\/en\/wp-json\/wp\/v2\/portfolio"}],"about":[{"href":"https:\/\/www.azulmusic.com.br\/en\/wp-json\/wp\/v2\/types\/portfolio"}],"replies":[{"embeddable":true,"href":"https:\/\/www.azulmusic.com.br\/en\/wp-json\/wp\/v2\/comments?post=1180"}],"version-history":[{"count":5,"href":"https:\/\/www.azulmusic.com.br\/en\/wp-json\/wp\/v2\/portfolio\/1180\/revisions"}],"predecessor-version":[{"id":2596,"href":"https:\/\/www.azulmusic.com.br\/en\/wp-json\/wp\/v2\/portfolio\/1180\/revisions\/2596"}],"wp:featuredmedia":[{"embeddable":true,"href":"https:\/\/www.azulmusic.com.br\/en\/wp-json\/wp\/v2\/media\/1181"}],"wp:attachment":[{"href":"https:\/\/www.azulmusic.com.br\/en\/wp-json\/wp\/v2\/media?parent=1180"}],"wp:term":[{"taxonomy":"post_tag","embeddable":true,"href":"https:\/\/www.azulmusic.com.br\/en\/wp-json\/wp\/v2\/tags?post=1180"},{"taxonomy":"portfolio_entries","embeddable":true,"href":"https:\/\/www.azulmusic.com.br\/en\/wp-json\/wp\/v2\/portfolio_entries?post=1180"}],"curies":[{"name":"wp","href":"https:\/\/api.w.org\/{rel}","templated":true}]}}