{"id":3304,"date":"2023-09-01T10:57:43","date_gmt":"2023-09-01T13:57:43","guid":{"rendered":"https:\/\/www.azulmusic.com.br\/en\/?post_type=portfolio&#038;p=3304"},"modified":"2026-02-05T12:26:06","modified_gmt":"2026-02-05T15:26:06","slug":"after-a-dream","status":"publish","type":"portfolio","link":"https:\/\/www.azulmusic.com.br\/en\/portfolio-item\/after-a-dream\/","title":{"rendered":"After a Dream"},"content":{"rendered":"<div id='av-layout-grid-1'  class='av-layout-grid-container entry-content-wrapper main_color av-flex-cells     avia-builder-el-0  avia-builder-el-no-sibling  container_wrap sidebar_left' style=' '  >\n<div class=\"flex_cell no_margin av_one_third  avia-builder-el-1  el_before_av_cell_two_third  avia-builder-el-first   \" ><div class='flex_cell_inner' ><div class=\"flex_column av_one_full  flex_column_div av-zero-column-padding first  avia-builder-el-2  avia-builder-el-no-sibling  \" style='border-radius:0px; '><\/div>\n<\/div><\/div><div class=\"flex_cell no_margin av_two_third  avia-builder-el-4  el_after_av_cell_one_third  avia-builder-el-last   \"  style='vertical-align:top; padding:30px; ' ><div class='flex_cell_inner' ><p><div class=\"flex_column av_one_third  flex_column_div av-zero-column-padding first  avia-builder-el-5  el_before_av_two_third  avia-builder-el-first  \" style='border-radius:0px; '><p><div  class='avia-image-container avia_animated_image avia_animate_when_almost_visible av-rotateInUpLeft av-styling- av-hover-grow   avia-builder-el-6  el_before_av_button  avia-builder-el-first  avia-align-center '  itemprop=\"image\" itemscope=\"itemscope\" itemtype=\"https:\/\/schema.org\/ImageObject\"  ><div class='avia-image-container-inner'><div class='avia-image-overlay-wrap'><img decoding=\"async\" class='wp-image-3305 avia-img-lazy-loading-not-3305 avia_image' src=\"https:\/\/www.azulmusic.com.br\/en\/wp-content\/uploads\/2023\/09\/AMDA1863_AfterADream_MenesesBudu-scaled.jpg\" alt='' title='AMDA1863_AfterADream_Meneses+Budu' height=\"2560\" width=\"2560\"  itemprop=\"thumbnailUrl\" srcset=\"https:\/\/www.azulmusic.com.br\/en\/wp-content\/uploads\/2023\/09\/AMDA1863_AfterADream_MenesesBudu-scaled.jpg 2560w, https:\/\/www.azulmusic.com.br\/en\/wp-content\/uploads\/2023\/09\/AMDA1863_AfterADream_MenesesBudu-300x300.jpg 300w, https:\/\/www.azulmusic.com.br\/en\/wp-content\/uploads\/2023\/09\/AMDA1863_AfterADream_MenesesBudu-1030x1030.jpg 1030w, https:\/\/www.azulmusic.com.br\/en\/wp-content\/uploads\/2023\/09\/AMDA1863_AfterADream_MenesesBudu-80x80.jpg 80w, https:\/\/www.azulmusic.com.br\/en\/wp-content\/uploads\/2023\/09\/AMDA1863_AfterADream_MenesesBudu-768x768.jpg 768w, https:\/\/www.azulmusic.com.br\/en\/wp-content\/uploads\/2023\/09\/AMDA1863_AfterADream_MenesesBudu-1536x1536.jpg 1536w, https:\/\/www.azulmusic.com.br\/en\/wp-content\/uploads\/2023\/09\/AMDA1863_AfterADream_MenesesBudu-2048x2048.jpg 2048w, https:\/\/www.azulmusic.com.br\/en\/wp-content\/uploads\/2023\/09\/AMDA1863_AfterADream_MenesesBudu-36x36.jpg 36w, https:\/\/www.azulmusic.com.br\/en\/wp-content\/uploads\/2023\/09\/AMDA1863_AfterADream_MenesesBudu-180x180.jpg 180w, https:\/\/www.azulmusic.com.br\/en\/wp-content\/uploads\/2023\/09\/AMDA1863_AfterADream_MenesesBudu-1500x1500.jpg 1500w, https:\/\/www.azulmusic.com.br\/en\/wp-content\/uploads\/2023\/09\/AMDA1863_AfterADream_MenesesBudu-495x495.jpg 495w, https:\/\/www.azulmusic.com.br\/en\/wp-content\/uploads\/2023\/09\/AMDA1863_AfterADream_MenesesBudu-260x260.jpg 260w, https:\/\/www.azulmusic.com.br\/en\/wp-content\/uploads\/2023\/09\/AMDA1863_AfterADream_MenesesBudu-705x705.jpg 705w\" sizes=\"(max-width: 2560px) 100vw, 2560px\" \/><\/div><\/div><\/div><br \/>\n<div  class='avia-button-wrap avia-button-center  avia-builder-el-7  el_after_av_image  avia-builder-el-last ' ><a href='https:\/\/orcd.co\/afteradream' class='avia-button  avia-font-color-black  avia-icon_select-yes-left-icon avia-size-large avia-position-center ' target=\"_blank\" rel=\"noopener noreferrer\" style='background-color:#ddd2a6; border-color:#ddd2a6; '><span class='avia_button_icon avia_button_icon_left ' aria-hidden='true' data-av_icon='\ue802' data-av_iconfont='entypo-fontello'><\/span><span class='avia_iconbox_title' >Listen<\/span><span class='avia_button_background avia-button avia-color-black' ><\/span><\/a><\/div><\/p><\/div><div class=\"flex_column av_two_third  flex_column_div av-zero-column-padding   avia-builder-el-8  el_after_av_one_third  el_before_av_one_full  \" style='border-radius:0px; '><p><div  style='padding-bottom:10px; ' class='av-special-heading av-special-heading-h3  blockquote modern-quote  avia-builder-el-9  el_before_av_textblock  avia-builder-el-first  '><h3 class='av-special-heading-tag '  itemprop=\"headline\"  >After a Dream<\/h3><div class ='av-subheading av-subheading_below  ' style='font-size:15px;'><p><a href='https:\/\/www.azulmusic.com.br\/en\/portfolio-item\/antonio-meneses\/'>Antonio Meneses<\/a>, <a href='https:\/\/www.azulmusic.com.br\/en\/portfolio-item\/cristian-budu\/'>Cristian Budu<\/a><\/p>\n<\/div><div class='special-heading-border'><div class='special-heading-inner-border' ><\/div><\/div><\/div><br \/>\n<section class=\"av_textblock_section \"  itemscope=\"itemscope\" itemtype=\"https:\/\/schema.org\/CreativeWork\" ><div class='avia_textblock  '   itemprop=\"text\" ><p>In 2023, Antonio Meneses (cello) and Cristian Budu (piano) finally come together to record an album. The scope of this work, After a Dream, released by Azul Music in celebration of the label&#8217;s 30th anniversary, becomes evident when briefly recalling the careers of these two eminent figures in classical music. Meneses won the gold medal at the Tchaikovsky Competition, performed as a soloist with the Berlin Philharmonic, and recorded with Herbert von Karajan, Anne-Sophie Mutter, and Maria Jo\u00e3o Pires. Budu was awarded the Grand Prize at the Clara Haskil Competition, and his recordings were honored with &#8220;Cinq Diapasons&#8221; by Diapason magazine and &#8220;Editor&#8217;s Choice&#8221; by Gramophone.<\/p>\n<p>After a Dream is dedicated to French masters of the 19th and 20th centuries. They include C\u00e9sar Franck (1822-1890), Gabriel Faur\u00e9 (1845-1924), Claude Debussy (1862-1918), Maurice Ravel (1875-1937), and Camille Saint-Sa\u00ebns (1835-1921).<\/p>\n<p>In the interpretation of Meneses and Budu, Faur\u00e9&#8217;s\u00a0<em>Apr\u00e8s un R\u00eave<\/em>\u00a0combines fervor and serenity. When the duo performs Franck&#8217;s\u00a0<em>Sonata<\/em>, the dialogue between the instruments nods not only to the expressiveness of singing but also to the eloquence of speech, as their phrases inquire, affirm, and exclaim. In\u00a0<em>Vocalise-\u00c9tude en Forme de Habanera<\/em>, the variety of sonorities, flowing ceaselessly in this recording, imparts to Ravel&#8217;s composition a sense of musical time that seems much more expansive than its minutes\u2014a recurring perception throughout the album. Ultimately, After a Dream showcases the paradox of memorable interpretations\u2014 the sensation that music arises solely within them and belongs exclusively to them.<\/p>\n<p>Text: Daniel Bento \u2013\u00a0<a tabindex=\"0\" role=\"link\" href=\"https:\/\/www.instagram.com\/enxerguemusica\/\">@enxerguemusica<\/a><\/p>\n<\/div><\/section><\/p><\/div><div class=\"flex_column av_one_full  flex_column_div av-zero-column-padding first  avia-builder-el-11  el_after_av_two_third  avia-builder-el-last  column-top-margin\" style='border-radius:0px; '><p><div  style='padding-bottom:10px; ' class='av-special-heading av-special-heading-h3  blockquote modern-quote  avia-builder-el-12  el_before_av_postslider  avia-builder-el-first  '><h3 class='av-special-heading-tag '  itemprop=\"headline\"  >Also listen<\/h3><div class='special-heading-border'><div class='special-heading-inner-border' ><\/div><\/div><\/div><br \/>\n<div   data-autoplay=''  data-interval='5'  data-animation='fade'  data-show_slide_delay='90'  class='avia-content-slider avia-content-slider-active avia-content-slider1 avia-content-slider-even  avia-builder-el-13  el_after_av_heading  avia-builder-el-last  '  itemscope=\"itemscope\" itemtype=\"https:\/\/schema.org\/Blog\" ><div class='avia-content-slider-inner'><div class='slide-entry-wrap'><article class='slide-entry flex_column  post-entry post-entry-3371 slide-entry-overview slide-loop-1 slide-parity-odd  av_one_fourth first real-thumbnail post-format-standard'  itemscope=\"itemscope\" itemtype=\"https:\/\/schema.org\/CreativeWork\" ><a href='https:\/\/www.azulmusic.com.br\/en\/portfolio-item\/j-s-bach-the-cello-suites\/' data-rel='slide-1' class='slide-image' title='J. S. Bach: The Cello Suites'><img decoding=\"async\" width=\"705\" height=\"705\" src=\"https:\/\/www.azulmusic.com.br\/en\/wp-content\/uploads\/2023\/12\/AMDA1859_TheCelloSuites_Meneses-705x705.jpg\" class=\"wp-image-3372 avia-img-lazy-loading-not-3372 attachment-masonry size-masonry wp-post-image\" alt=\"\" srcset=\"https:\/\/www.azulmusic.com.br\/en\/wp-content\/uploads\/2023\/12\/AMDA1859_TheCelloSuites_Meneses-705x705.jpg 705w, https:\/\/www.azulmusic.com.br\/en\/wp-content\/uploads\/2023\/12\/AMDA1859_TheCelloSuites_Meneses-300x300.jpg 300w, https:\/\/www.azulmusic.com.br\/en\/wp-content\/uploads\/2023\/12\/AMDA1859_TheCelloSuites_Meneses-1030x1030.jpg 1030w, https:\/\/www.azulmusic.com.br\/en\/wp-content\/uploads\/2023\/12\/AMDA1859_TheCelloSuites_Meneses-80x80.jpg 80w, https:\/\/www.azulmusic.com.br\/en\/wp-content\/uploads\/2023\/12\/AMDA1859_TheCelloSuites_Meneses-768x768.jpg 768w, https:\/\/www.azulmusic.com.br\/en\/wp-content\/uploads\/2023\/12\/AMDA1859_TheCelloSuites_Meneses-1536x1536.jpg 1536w, https:\/\/www.azulmusic.com.br\/en\/wp-content\/uploads\/2023\/12\/AMDA1859_TheCelloSuites_Meneses-2048x2048.jpg 2048w, https:\/\/www.azulmusic.com.br\/en\/wp-content\/uploads\/2023\/12\/AMDA1859_TheCelloSuites_Meneses-36x36.jpg 36w, https:\/\/www.azulmusic.com.br\/en\/wp-content\/uploads\/2023\/12\/AMDA1859_TheCelloSuites_Meneses-180x180.jpg 180w, https:\/\/www.azulmusic.com.br\/en\/wp-content\/uploads\/2023\/12\/AMDA1859_TheCelloSuites_Meneses-1500x1500.jpg 1500w, https:\/\/www.azulmusic.com.br\/en\/wp-content\/uploads\/2023\/12\/AMDA1859_TheCelloSuites_Meneses-495x495.jpg 495w, https:\/\/www.azulmusic.com.br\/en\/wp-content\/uploads\/2023\/12\/AMDA1859_TheCelloSuites_Meneses-260x260.jpg 260w\" sizes=\"(max-width: 705px) 100vw, 705px\" \/><\/a><div class='slide-content'><header class=\"entry-content-header\"><h3 class='slide-entry-title entry-title '  itemprop=\"headline\" ><a href='https:\/\/www.azulmusic.com.br\/en\/portfolio-item\/j-s-bach-the-cello-suites\/' title='J. S. Bach: The Cello Suites'>J. S. Bach: The Cello Suites<\/a><\/h3><span class=\"blog-categories minor-meta\"><a href=\"https:\/\/www.azulmusic.com.br\/en\/portfolio_entries\/antonio-meneses\/\" rel=\"tag\">Antonio Meneses<\/a> <\/span><span class=\"av-vertical-delimiter\"><\/span><\/header><div class='slide-meta'><time class='slide-meta-time updated'  itemprop=\"datePublished\" datetime=\"2023-12-15T00:00:00-03:00\" >December 15, 2023<\/time><\/div><div class='slide-entry-excerpt entry-content'  itemprop=\"text\" >The six suites for solo cello by Bach - fundamental pillars in the lexicon of the instrument - interpreted here by one of the greatest cello exponents of our time.<\/div><\/div><footer class=\"entry-footer\"><\/footer><span class='hidden'>\n\t\t\t\t<span class='av-structured-data'  itemprop=\"image\" itemscope=\"itemscope\" itemtype=\"https:\/\/schema.org\/ImageObject\" >\n\t\t\t\t\t\t<span itemprop='url'>https:\/\/www.azulmusic.com.br\/en\/wp-content\/uploads\/2023\/12\/AMDA1859_TheCelloSuites_Meneses-scaled.jpg<\/span>\n\t\t\t\t\t\t<span itemprop='height'>2560<\/span>\n\t\t\t\t\t\t<span itemprop='width'>2560<\/span>\n\t\t\t\t<\/span>\n\t\t\t\t<span class='av-structured-data'  itemprop=\"publisher\" itemtype=\"https:\/\/schema.org\/Organization\" itemscope=\"itemscope\" >\n\t\t\t\t\t\t<span itemprop='name'>azulmusic<\/span>\n\t\t\t\t\t\t<span itemprop='logo' itemscope itemtype='https:\/\/schema.org\/ImageObject'>\n\t\t\t\t\t\t\t<span itemprop='url'>https:\/\/azulmusicnovo1.websiteseguro.com\/wp-content\/uploads\/2021\/05\/logo-prata-m3-467x500.png<\/span>\n\t\t\t\t\t\t <\/span>\n\t\t\t\t<\/span><span class='av-structured-data'  itemprop=\"author\" itemscope=\"itemscope\" itemtype=\"https:\/\/schema.org\/Person\" ><span itemprop='name'>azulmusic<\/span><\/span><span class='av-structured-data'  itemprop=\"datePublished\" datetime=\"2023-09-01T10:57:43-03:00\" >2023-12-15 00:00:00<\/span><span class='av-structured-data'  itemprop=\"dateModified\" itemtype=\"https:\/\/schema.org\/dateModified\" >2026-02-05 12:28:31<\/span><span class='av-structured-data'  itemprop=\"mainEntityOfPage\" itemtype=\"https:\/\/schema.org\/mainEntityOfPage\" ><span itemprop='name'>J. S. Bach: The Cello Suites<\/span><\/span><\/span><\/article><article class='slide-entry flex_column  post-entry post-entry-3304 slide-entry-overview slide-loop-2 slide-parity-even  post-entry-last  av_one_fourth  real-thumbnail post-format-standard'  itemscope=\"itemscope\" itemtype=\"https:\/\/schema.org\/CreativeWork\" ><a href='https:\/\/www.azulmusic.com.br\/en\/portfolio-item\/after-a-dream\/' data-rel='slide-1' class='slide-image' title='After a Dream'><img decoding=\"async\" width=\"705\" height=\"705\" src=\"https:\/\/www.azulmusic.com.br\/en\/wp-content\/uploads\/2023\/09\/AMDA1863_AfterADream_MenesesBudu-705x705.jpg\" class=\"wp-image-3305 avia-img-lazy-loading-not-3305 attachment-masonry size-masonry wp-post-image\" alt=\"\" srcset=\"https:\/\/www.azulmusic.com.br\/en\/wp-content\/uploads\/2023\/09\/AMDA1863_AfterADream_MenesesBudu-705x705.jpg 705w, https:\/\/www.azulmusic.com.br\/en\/wp-content\/uploads\/2023\/09\/AMDA1863_AfterADream_MenesesBudu-300x300.jpg 300w, https:\/\/www.azulmusic.com.br\/en\/wp-content\/uploads\/2023\/09\/AMDA1863_AfterADream_MenesesBudu-1030x1030.jpg 1030w, https:\/\/www.azulmusic.com.br\/en\/wp-content\/uploads\/2023\/09\/AMDA1863_AfterADream_MenesesBudu-80x80.jpg 80w, https:\/\/www.azulmusic.com.br\/en\/wp-content\/uploads\/2023\/09\/AMDA1863_AfterADream_MenesesBudu-768x768.jpg 768w, https:\/\/www.azulmusic.com.br\/en\/wp-content\/uploads\/2023\/09\/AMDA1863_AfterADream_MenesesBudu-1536x1536.jpg 1536w, https:\/\/www.azulmusic.com.br\/en\/wp-content\/uploads\/2023\/09\/AMDA1863_AfterADream_MenesesBudu-2048x2048.jpg 2048w, https:\/\/www.azulmusic.com.br\/en\/wp-content\/uploads\/2023\/09\/AMDA1863_AfterADream_MenesesBudu-36x36.jpg 36w, https:\/\/www.azulmusic.com.br\/en\/wp-content\/uploads\/2023\/09\/AMDA1863_AfterADream_MenesesBudu-180x180.jpg 180w, https:\/\/www.azulmusic.com.br\/en\/wp-content\/uploads\/2023\/09\/AMDA1863_AfterADream_MenesesBudu-1500x1500.jpg 1500w, https:\/\/www.azulmusic.com.br\/en\/wp-content\/uploads\/2023\/09\/AMDA1863_AfterADream_MenesesBudu-495x495.jpg 495w, https:\/\/www.azulmusic.com.br\/en\/wp-content\/uploads\/2023\/09\/AMDA1863_AfterADream_MenesesBudu-260x260.jpg 260w\" sizes=\"(max-width: 705px) 100vw, 705px\" \/><\/a><div class='slide-content'><header class=\"entry-content-header\"><h3 class='slide-entry-title entry-title '  itemprop=\"headline\" ><a href='https:\/\/www.azulmusic.com.br\/en\/portfolio-item\/after-a-dream\/' title='After a Dream'>After a Dream<\/a><\/h3><span class=\"blog-categories minor-meta\"><a href=\"https:\/\/www.azulmusic.com.br\/en\/portfolio_entries\/antonio-meneses\/\" rel=\"tag\">Antonio Meneses<\/a>, <a href=\"https:\/\/www.azulmusic.com.br\/en\/portfolio_entries\/cristian-budu\/\" rel=\"tag\">Cristian Budu<\/a> <\/span><span class=\"av-vertical-delimiter\"><\/span><\/header><div class='slide-meta'><time class='slide-meta-time updated'  itemprop=\"datePublished\" datetime=\"2023-09-01T10:57:43-03:00\" >September 1, 2023<\/time><\/div><div class='slide-entry-excerpt entry-content'  itemprop=\"text\" >Two classical music exponents join forces for the first time on an album dedicated to French repertoire performed on cello and piano.<\/div><\/div><footer class=\"entry-footer\"><\/footer><span class='hidden'>\n\t\t\t\t<span class='av-structured-data'  itemprop=\"image\" itemscope=\"itemscope\" itemtype=\"https:\/\/schema.org\/ImageObject\" >\n\t\t\t\t\t\t<span itemprop='url'>https:\/\/www.azulmusic.com.br\/en\/wp-content\/uploads\/2023\/09\/AMDA1863_AfterADream_MenesesBudu-scaled.jpg<\/span>\n\t\t\t\t\t\t<span itemprop='height'>2560<\/span>\n\t\t\t\t\t\t<span itemprop='width'>2560<\/span>\n\t\t\t\t<\/span>\n\t\t\t\t<span class='av-structured-data'  itemprop=\"publisher\" itemtype=\"https:\/\/schema.org\/Organization\" itemscope=\"itemscope\" >\n\t\t\t\t\t\t<span itemprop='name'>azulmusic<\/span>\n\t\t\t\t\t\t<span itemprop='logo' itemscope itemtype='https:\/\/schema.org\/ImageObject'>\n\t\t\t\t\t\t\t<span itemprop='url'>https:\/\/azulmusicnovo1.websiteseguro.com\/wp-content\/uploads\/2021\/05\/logo-prata-m3-467x500.png<\/span>\n\t\t\t\t\t\t <\/span>\n\t\t\t\t<\/span><span class='av-structured-data'  itemprop=\"author\" itemscope=\"itemscope\" itemtype=\"https:\/\/schema.org\/Person\" ><span itemprop='name'>azulmusic<\/span><\/span><span class='av-structured-data'  itemprop=\"datePublished\" datetime=\"2023-09-01T10:57:43-03:00\" >2023-09-01 10:57:43<\/span><span class='av-structured-data'  itemprop=\"dateModified\" itemtype=\"https:\/\/schema.org\/dateModified\" >2026-02-05 12:26:06<\/span><span class='av-structured-data'  itemprop=\"mainEntityOfPage\" itemtype=\"https:\/\/schema.org\/mainEntityOfPage\" ><span itemprop='name'>After a Dream<\/span><\/span><\/span><\/article><\/div><\/div><\/div><\/p><\/div><\/p>\n<\/div><\/div><\/div>\n","protected":false},"excerpt":{"rendered":"<p>Two classical music exponents join forces for the first time on an album dedicated to French repertoire performed on cello and piano.<\/p>\n","protected":false},"featured_media":3305,"comment_status":"closed","ping_status":"closed","template":"","tags":[3,6],"portfolio_entries":[75,76],"class_list":["post-3304","portfolio","type-portfolio","status-publish","has-post-thumbnail","hentry","tag-album","tag-classical","portfolio_entries-antonio-meneses","portfolio_entries-cristian-budu"],"_links":{"self":[{"href":"https:\/\/www.azulmusic.com.br\/en\/wp-json\/wp\/v2\/portfolio\/3304","targetHints":{"allow":["GET"]}}],"collection":[{"href":"https:\/\/www.azulmusic.com.br\/en\/wp-json\/wp\/v2\/portfolio"}],"about":[{"href":"https:\/\/www.azulmusic.com.br\/en\/wp-json\/wp\/v2\/types\/portfolio"}],"replies":[{"embeddable":true,"href":"https:\/\/www.azulmusic.com.br\/en\/wp-json\/wp\/v2\/comments?post=3304"}],"version-history":[{"count":4,"href":"https:\/\/www.azulmusic.com.br\/en\/wp-json\/wp\/v2\/portfolio\/3304\/revisions"}],"predecessor-version":[{"id":4064,"href":"https:\/\/www.azulmusic.com.br\/en\/wp-json\/wp\/v2\/portfolio\/3304\/revisions\/4064"}],"wp:featuredmedia":[{"embeddable":true,"href":"https:\/\/www.azulmusic.com.br\/en\/wp-json\/wp\/v2\/media\/3305"}],"wp:attachment":[{"href":"https:\/\/www.azulmusic.com.br\/en\/wp-json\/wp\/v2\/media?parent=3304"}],"wp:term":[{"taxonomy":"post_tag","embeddable":true,"href":"https:\/\/www.azulmusic.com.br\/en\/wp-json\/wp\/v2\/tags?post=3304"},{"taxonomy":"portfolio_entries","embeddable":true,"href":"https:\/\/www.azulmusic.com.br\/en\/wp-json\/wp\/v2\/portfolio_entries?post=3304"}],"curies":[{"name":"wp","href":"https:\/\/api.w.org\/{rel}","templated":true}]}}