{"id":3429,"date":"2024-01-26T00:15:00","date_gmt":"2024-01-26T02:15:00","guid":{"rendered":"https:\/\/www.azulmusic.com.br\/en\/?post_type=portfolio&#038;p=3429"},"modified":"2026-02-05T12:29:05","modified_gmt":"2026-02-05T15:29:05","slug":"the-wings-suite-op-16","status":"publish","type":"portfolio","link":"https:\/\/www.azulmusic.com.br\/en\/portfolio-item\/the-wings-suite-op-16\/","title":{"rendered":"The Wings Suite, Op. 16"},"content":{"rendered":"<div id='av-layout-grid-1'  class='av-layout-grid-container entry-content-wrapper main_color av-flex-cells     avia-builder-el-0  avia-builder-el-no-sibling  container_wrap sidebar_left' style=' '  >\n<div class=\"flex_cell no_margin av_one_third  avia-builder-el-1  el_before_av_cell_two_third  avia-builder-el-first   \" ><div class='flex_cell_inner' ><div class=\"flex_column av_one_full  flex_column_div av-zero-column-padding first  avia-builder-el-2  avia-builder-el-no-sibling  \" style='border-radius:0px; '><\/div>\n<\/div><\/div><div class=\"flex_cell no_margin av_two_third  avia-builder-el-4  el_after_av_cell_one_third  avia-builder-el-last   \"  style='vertical-align:top; padding:30px; ' ><div class='flex_cell_inner' ><p><div class=\"flex_column av_one_third  flex_column_div av-zero-column-padding first  avia-builder-el-5  el_before_av_two_third  avia-builder-el-first  \" style='border-radius:0px; '><p><div  class='avia-image-container avia_animated_image avia_animate_when_almost_visible av-rotateInUpLeft av-styling- av-hover-grow   avia-builder-el-6  el_before_av_button  avia-builder-el-first  avia-align-center '  itemprop=\"image\" itemscope=\"itemscope\" itemtype=\"https:\/\/schema.org\/ImageObject\"  ><div class='avia-image-container-inner'><div class='avia-image-overlay-wrap'><img decoding=\"async\" class='wp-image-3430 avia-img-lazy-loading-not-3430 avia_image' src=\"https:\/\/www.azulmusic.com.br\/en\/wp-content\/uploads\/2024\/01\/AMDA1830_TheWingsSuite_FabioCaramuru-300x300.jpg\" alt='' title='AMDA1830_TheWingsSuite_FabioCaramuru' height=\"300\" width=\"300\"  itemprop=\"thumbnailUrl\" srcset=\"https:\/\/www.azulmusic.com.br\/en\/wp-content\/uploads\/2024\/01\/AMDA1830_TheWingsSuite_FabioCaramuru-300x300.jpg 300w, https:\/\/www.azulmusic.com.br\/en\/wp-content\/uploads\/2024\/01\/AMDA1830_TheWingsSuite_FabioCaramuru-1030x1030.jpg 1030w, https:\/\/www.azulmusic.com.br\/en\/wp-content\/uploads\/2024\/01\/AMDA1830_TheWingsSuite_FabioCaramuru-80x80.jpg 80w, https:\/\/www.azulmusic.com.br\/en\/wp-content\/uploads\/2024\/01\/AMDA1830_TheWingsSuite_FabioCaramuru-768x768.jpg 768w, https:\/\/www.azulmusic.com.br\/en\/wp-content\/uploads\/2024\/01\/AMDA1830_TheWingsSuite_FabioCaramuru-1536x1536.jpg 1536w, https:\/\/www.azulmusic.com.br\/en\/wp-content\/uploads\/2024\/01\/AMDA1830_TheWingsSuite_FabioCaramuru-2048x2048.jpg 2048w, https:\/\/www.azulmusic.com.br\/en\/wp-content\/uploads\/2024\/01\/AMDA1830_TheWingsSuite_FabioCaramuru-36x36.jpg 36w, https:\/\/www.azulmusic.com.br\/en\/wp-content\/uploads\/2024\/01\/AMDA1830_TheWingsSuite_FabioCaramuru-180x180.jpg 180w, https:\/\/www.azulmusic.com.br\/en\/wp-content\/uploads\/2024\/01\/AMDA1830_TheWingsSuite_FabioCaramuru-1500x1500.jpg 1500w, https:\/\/www.azulmusic.com.br\/en\/wp-content\/uploads\/2024\/01\/AMDA1830_TheWingsSuite_FabioCaramuru-495x495.jpg 495w, https:\/\/www.azulmusic.com.br\/en\/wp-content\/uploads\/2024\/01\/AMDA1830_TheWingsSuite_FabioCaramuru-260x260.jpg 260w, https:\/\/www.azulmusic.com.br\/en\/wp-content\/uploads\/2024\/01\/AMDA1830_TheWingsSuite_FabioCaramuru-705x705.jpg 705w\" sizes=\"(max-width: 300px) 100vw, 300px\" \/><\/div><\/div><\/div><br \/>\n<div  class='avia-button-wrap avia-button-center  avia-builder-el-7  el_after_av_image  avia-builder-el-last ' ><a href='https:\/\/orcd.co\/thewingssuiteop16' class='avia-button  avia-font-color-black  avia-icon_select-yes-left-icon avia-size-large avia-position-center ' target=\"_blank\" rel=\"noopener noreferrer\" style='background-color:#ddd2a6; border-color:#ddd2a6; '><span class='avia_button_icon avia_button_icon_left ' aria-hidden='true' data-av_icon='\ue802' data-av_iconfont='entypo-fontello'><\/span><span class='avia_iconbox_title' >Listen<\/span><span class='avia_button_background avia-button avia-color-black' ><\/span><\/a><\/div><\/p><\/div><div class=\"flex_column av_two_third  flex_column_div av-zero-column-padding   avia-builder-el-8  el_after_av_one_third  el_before_av_one_full  \" style='border-radius:0px; '><p><div  style='padding-bottom:10px; ' class='av-special-heading av-special-heading-h3  blockquote modern-quote  avia-builder-el-9  el_before_av_textblock  avia-builder-el-first  '><h3 class='av-special-heading-tag '  itemprop=\"headline\"  >The Wings Suite, Op. 16<\/h3><div class ='av-subheading av-subheading_below  ' style='font-size:15px;'><a href='https:\/\/www.azulmusic.com.br\/en\/portfolio-item\/fabio-caramuru\/'>Fabio Caramuru<\/a>\n<\/div><div class='special-heading-border'><div class='special-heading-inner-border' ><\/div><\/div><\/div><br \/>\n<section class=\"av_textblock_section \"  itemscope=\"itemscope\" itemtype=\"https:\/\/schema.org\/CreativeWork\" ><div class='avia_textblock  '   itemprop=\"text\" ><p>One of the last students of the wistful pianist Magdalena Tagliaferro, Fabio Caramuru \u2013 S\u00e3o Paulo Association of Art Critics (APCA) award-winning \u2013 releases <em>THE WINGS SUITE, OP. 16<\/em>, an album showcasing the orchestral expansion of works originally written for solo piano.<\/p>\n<p>The project, a collaboration with the Amazonas Philharmonic orchestra and the Coral do Amazonas (Amazon Choir), under maestro Marcelo de Jesus\u2019 baton, consists of an eight movement suite, inspired by the Brazilian fauna riches. Caramuru relied on the talent and partnership of Rodrigo Morte, for the orchestral arrangements, which added a new and exquisite array of sounds to the works.<\/p>\n<p>Movements like <em>Cicada<\/em>, originally acclaimed in its piano solo version gathering more than a million streams, are a highlight in the suite; <em>Bem-te-vi <\/em>stands out with its singular rhythm, merging jazz elements. Yet <em>Araras<\/em>, in its syncopated and elegant themes, contemplates the rich Brazilian biodiversity. <em>Harpia<\/em> and <em>Quero-quero<\/em> continues the ode to nature, while <em>Tangar\u00e1<\/em> and <em>Uirapuru<\/em> presents, respectively, a delicate texture slow waltz and an evocative sound journey through the depths of the Amazon Forest beauty. The suite culminates in <em>Sabi\u00e1, Saudade do Brasil, <\/em>a tribute to the famous poem <em>\u201cCan\u00e7\u00e3o do Ex\u00edlio\u201d<\/em> by Gon\u00e7alves Dias, which weaves in definite, the singular sound tapestry of Fabio Caramuru\u2019s work.<\/p>\n<\/div><\/section><\/p><\/div><div class=\"flex_column av_one_full  flex_column_div av-zero-column-padding first  avia-builder-el-11  el_after_av_two_third  avia-builder-el-last  column-top-margin\" style='border-radius:0px; '><p><div  style='padding-bottom:10px; ' class='av-special-heading av-special-heading-h3  blockquote modern-quote  avia-builder-el-12  el_before_av_postslider  avia-builder-el-first  '><h3 class='av-special-heading-tag '  itemprop=\"headline\"  >Also listen<\/h3><div class='special-heading-border'><div class='special-heading-inner-border' ><\/div><\/div><\/div><br \/>\n<div   data-autoplay=''  data-interval='5'  data-animation='fade'  data-show_slide_delay='90'  class='avia-content-slider avia-content-slider-active avia-content-slider1 avia-content-slider-even  avia-builder-el-13  el_after_av_heading  avia-builder-el-last  '  itemscope=\"itemscope\" itemtype=\"https:\/\/schema.org\/Blog\" ><div class='avia-content-slider-inner'><div class='slide-entry-wrap'><article class='slide-entry flex_column  post-entry post-entry-4028 slide-entry-overview slide-loop-1 slide-parity-odd  av_one_fourth first real-thumbnail post-format-standard'  itemscope=\"itemscope\" itemtype=\"https:\/\/schema.org\/CreativeWork\" ><a href='https:\/\/www.azulmusic.com.br\/en\/portfolio-item\/brasil-on-two-pianos\/' data-rel='slide-1' class='slide-image' title='Brasil on Two Pianos'><img decoding=\"async\" width=\"705\" height=\"705\" src=\"https:\/\/www.azulmusic.com.br\/en\/wp-content\/uploads\/2025\/12\/AMDA2248_DoisPianos_FabioCaramuruMarcoBernardo-705x705.jpg\" class=\"wp-image-4029 avia-img-lazy-loading-not-4029 attachment-masonry size-masonry wp-post-image\" alt=\"\" srcset=\"https:\/\/www.azulmusic.com.br\/en\/wp-content\/uploads\/2025\/12\/AMDA2248_DoisPianos_FabioCaramuruMarcoBernardo-705x705.jpg 705w, https:\/\/www.azulmusic.com.br\/en\/wp-content\/uploads\/2025\/12\/AMDA2248_DoisPianos_FabioCaramuruMarcoBernardo-300x300.jpg 300w, https:\/\/www.azulmusic.com.br\/en\/wp-content\/uploads\/2025\/12\/AMDA2248_DoisPianos_FabioCaramuruMarcoBernardo-1030x1030.jpg 1030w, https:\/\/www.azulmusic.com.br\/en\/wp-content\/uploads\/2025\/12\/AMDA2248_DoisPianos_FabioCaramuruMarcoBernardo-80x80.jpg 80w, https:\/\/www.azulmusic.com.br\/en\/wp-content\/uploads\/2025\/12\/AMDA2248_DoisPianos_FabioCaramuruMarcoBernardo-768x768.jpg 768w, https:\/\/www.azulmusic.com.br\/en\/wp-content\/uploads\/2025\/12\/AMDA2248_DoisPianos_FabioCaramuruMarcoBernardo-1536x1536.jpg 1536w, https:\/\/www.azulmusic.com.br\/en\/wp-content\/uploads\/2025\/12\/AMDA2248_DoisPianos_FabioCaramuruMarcoBernardo-2048x2048.jpg 2048w, https:\/\/www.azulmusic.com.br\/en\/wp-content\/uploads\/2025\/12\/AMDA2248_DoisPianos_FabioCaramuruMarcoBernardo-36x36.jpg 36w, https:\/\/www.azulmusic.com.br\/en\/wp-content\/uploads\/2025\/12\/AMDA2248_DoisPianos_FabioCaramuruMarcoBernardo-180x180.jpg 180w, https:\/\/www.azulmusic.com.br\/en\/wp-content\/uploads\/2025\/12\/AMDA2248_DoisPianos_FabioCaramuruMarcoBernardo-1500x1500.jpg 1500w, https:\/\/www.azulmusic.com.br\/en\/wp-content\/uploads\/2025\/12\/AMDA2248_DoisPianos_FabioCaramuruMarcoBernardo-495x495.jpg 495w, https:\/\/www.azulmusic.com.br\/en\/wp-content\/uploads\/2025\/12\/AMDA2248_DoisPianos_FabioCaramuruMarcoBernardo-260x260.jpg 260w\" sizes=\"(max-width: 705px) 100vw, 705px\" \/><\/a><div class='slide-content'><header class=\"entry-content-header\"><h3 class='slide-entry-title entry-title '  itemprop=\"headline\" ><a href='https:\/\/www.azulmusic.com.br\/en\/portfolio-item\/brasil-on-two-pianos\/' title='Brasil on Two Pianos'>Brasil on Two Pianos<\/a><\/h3><span class=\"blog-categories minor-meta\"><a href=\"https:\/\/www.azulmusic.com.br\/en\/portfolio_entries\/fabio-caramuru-marco-bernardo\/\" rel=\"tag\">Fabio Caramuru, Marco Bernardo<\/a> <\/span><span class=\"av-vertical-delimiter\"><\/span><\/header><div class='slide-meta'><time class='slide-meta-time updated'  itemprop=\"datePublished\" datetime=\"2025-12-18T09:58:52-03:00\" >December 18, 2025<\/time><\/div><div class='slide-entry-excerpt entry-content'  itemprop=\"text\" >Fabio Caramuru and Marco Bernardo celebrate Brazilian music in Brasil on Two Pianos, bringing together renowned works, contemporary creations, and original pieces.<\/div><\/div><footer class=\"entry-footer\"><\/footer><span class='hidden'>\n\t\t\t\t<span class='av-structured-data'  itemprop=\"image\" itemscope=\"itemscope\" itemtype=\"https:\/\/schema.org\/ImageObject\" >\n\t\t\t\t\t\t<span itemprop='url'>https:\/\/www.azulmusic.com.br\/en\/wp-content\/uploads\/2025\/12\/AMDA2248_DoisPianos_FabioCaramuruMarcoBernardo-scaled.jpg<\/span>\n\t\t\t\t\t\t<span itemprop='height'>2560<\/span>\n\t\t\t\t\t\t<span itemprop='width'>2560<\/span>\n\t\t\t\t<\/span>\n\t\t\t\t<span class='av-structured-data'  itemprop=\"publisher\" itemtype=\"https:\/\/schema.org\/Organization\" itemscope=\"itemscope\" >\n\t\t\t\t\t\t<span itemprop='name'>azulmusic<\/span>\n\t\t\t\t\t\t<span itemprop='logo' itemscope itemtype='https:\/\/schema.org\/ImageObject'>\n\t\t\t\t\t\t\t<span itemprop='url'>https:\/\/azulmusicnovo1.websiteseguro.com\/wp-content\/uploads\/2021\/05\/logo-prata-m3-467x500.png<\/span>\n\t\t\t\t\t\t <\/span>\n\t\t\t\t<\/span><span class='av-structured-data'  itemprop=\"author\" itemscope=\"itemscope\" itemtype=\"https:\/\/schema.org\/Person\" ><span itemprop='name'>azulmusic<\/span><\/span><span class='av-structured-data'  itemprop=\"datePublished\" datetime=\"2024-01-26T00:15:00-03:00\" >2025-12-18 09:58:52<\/span><span class='av-structured-data'  itemprop=\"dateModified\" itemtype=\"https:\/\/schema.org\/dateModified\" >2026-02-05 21:08:45<\/span><span class='av-structured-data'  itemprop=\"mainEntityOfPage\" itemtype=\"https:\/\/schema.org\/mainEntityOfPage\" ><span itemprop='name'>Brasil on Two Pianos<\/span><\/span><\/span><\/article><article class='slide-entry flex_column  post-entry post-entry-3704 slide-entry-overview slide-loop-2 slide-parity-even  av_one_fourth  real-thumbnail post-format-standard'  itemscope=\"itemscope\" itemtype=\"https:\/\/schema.org\/CreativeWork\" ><a href='https:\/\/www.azulmusic.com.br\/en\/portfolio-item\/horizon\/' data-rel='slide-1' class='slide-image' title='Horizon'><img decoding=\"async\" width=\"705\" height=\"705\" src=\"https:\/\/www.azulmusic.com.br\/en\/wp-content\/uploads\/2024\/11\/AMDA2017_Horizon_FabioCaramuru-705x705.jpg\" class=\"wp-image-3705 avia-img-lazy-loading-not-3705 attachment-masonry size-masonry wp-post-image\" alt=\"\" srcset=\"https:\/\/www.azulmusic.com.br\/en\/wp-content\/uploads\/2024\/11\/AMDA2017_Horizon_FabioCaramuru-705x705.jpg 705w, https:\/\/www.azulmusic.com.br\/en\/wp-content\/uploads\/2024\/11\/AMDA2017_Horizon_FabioCaramuru-300x300.jpg 300w, https:\/\/www.azulmusic.com.br\/en\/wp-content\/uploads\/2024\/11\/AMDA2017_Horizon_FabioCaramuru-1030x1030.jpg 1030w, https:\/\/www.azulmusic.com.br\/en\/wp-content\/uploads\/2024\/11\/AMDA2017_Horizon_FabioCaramuru-80x80.jpg 80w, https:\/\/www.azulmusic.com.br\/en\/wp-content\/uploads\/2024\/11\/AMDA2017_Horizon_FabioCaramuru-768x768.jpg 768w, https:\/\/www.azulmusic.com.br\/en\/wp-content\/uploads\/2024\/11\/AMDA2017_Horizon_FabioCaramuru-1536x1536.jpg 1536w, https:\/\/www.azulmusic.com.br\/en\/wp-content\/uploads\/2024\/11\/AMDA2017_Horizon_FabioCaramuru-2048x2048.jpg 2048w, https:\/\/www.azulmusic.com.br\/en\/wp-content\/uploads\/2024\/11\/AMDA2017_Horizon_FabioCaramuru-36x36.jpg 36w, https:\/\/www.azulmusic.com.br\/en\/wp-content\/uploads\/2024\/11\/AMDA2017_Horizon_FabioCaramuru-180x180.jpg 180w, https:\/\/www.azulmusic.com.br\/en\/wp-content\/uploads\/2024\/11\/AMDA2017_Horizon_FabioCaramuru-1500x1500.jpg 1500w, https:\/\/www.azulmusic.com.br\/en\/wp-content\/uploads\/2024\/11\/AMDA2017_Horizon_FabioCaramuru-495x495.jpg 495w, https:\/\/www.azulmusic.com.br\/en\/wp-content\/uploads\/2024\/11\/AMDA2017_Horizon_FabioCaramuru-260x260.jpg 260w\" sizes=\"(max-width: 705px) 100vw, 705px\" \/><\/a><div class='slide-content'><header class=\"entry-content-header\"><h3 class='slide-entry-title entry-title '  itemprop=\"headline\" ><a href='https:\/\/www.azulmusic.com.br\/en\/portfolio-item\/horizon\/' title='Horizon'>Horizon<\/a><\/h3><span class=\"blog-categories minor-meta\"><a href=\"https:\/\/www.azulmusic.com.br\/en\/portfolio_entries\/fabio-caramuru\/\" rel=\"tag\">Fabio Caramuru<\/a> <\/span><span class=\"av-vertical-delimiter\"><\/span><\/header><div class='slide-meta'><time class='slide-meta-time updated'  itemprop=\"datePublished\" datetime=\"2024-11-15T00:01:00-03:00\" >November 15, 2024<\/time><\/div><div class='slide-entry-excerpt entry-content'  itemprop=\"text\" >The pianist and composer conveys his deep connection to the music of Tom Jobim through the poetic elegance of his melodies, the rhythmic sophistication, and the imaginative freedom in his harmonies and counterpoints.<\/div><\/div><footer class=\"entry-footer\"><\/footer><span class='hidden'>\n\t\t\t\t<span class='av-structured-data'  itemprop=\"image\" itemscope=\"itemscope\" itemtype=\"https:\/\/schema.org\/ImageObject\" >\n\t\t\t\t\t\t<span itemprop='url'>https:\/\/www.azulmusic.com.br\/en\/wp-content\/uploads\/2024\/11\/AMDA2017_Horizon_FabioCaramuru-scaled.jpg<\/span>\n\t\t\t\t\t\t<span itemprop='height'>2560<\/span>\n\t\t\t\t\t\t<span itemprop='width'>2560<\/span>\n\t\t\t\t<\/span>\n\t\t\t\t<span class='av-structured-data'  itemprop=\"publisher\" itemtype=\"https:\/\/schema.org\/Organization\" itemscope=\"itemscope\" >\n\t\t\t\t\t\t<span itemprop='name'>azulmusic<\/span>\n\t\t\t\t\t\t<span itemprop='logo' itemscope itemtype='https:\/\/schema.org\/ImageObject'>\n\t\t\t\t\t\t\t<span itemprop='url'>https:\/\/azulmusicnovo1.websiteseguro.com\/wp-content\/uploads\/2021\/05\/logo-prata-m3-467x500.png<\/span>\n\t\t\t\t\t\t <\/span>\n\t\t\t\t<\/span><span class='av-structured-data'  itemprop=\"author\" itemscope=\"itemscope\" itemtype=\"https:\/\/schema.org\/Person\" ><span itemprop='name'>azulmusic<\/span><\/span><span class='av-structured-data'  itemprop=\"datePublished\" datetime=\"2024-01-26T00:15:00-03:00\" >2024-11-15 00:01:00<\/span><span class='av-structured-data'  itemprop=\"dateModified\" itemtype=\"https:\/\/schema.org\/dateModified\" >2026-02-05 12:32:34<\/span><span class='av-structured-data'  itemprop=\"mainEntityOfPage\" itemtype=\"https:\/\/schema.org\/mainEntityOfPage\" ><span itemprop='name'>Horizon<\/span><\/span><\/span><\/article><article class='slide-entry flex_column  post-entry post-entry-3611 slide-entry-overview slide-loop-3 slide-parity-odd  av_one_fourth  real-thumbnail post-format-standard'  itemscope=\"itemscope\" itemtype=\"https:\/\/schema.org\/CreativeWork\" ><a href='https:\/\/www.azulmusic.com.br\/en\/portfolio-item\/rachmaninoff-cello-sonata-op-19-romances\/' data-rel='slide-1' class='slide-image' title='Rachmaninoff: Cello Sonata, Op. 19 &#038; Romances'><img decoding=\"async\" width=\"705\" height=\"705\" src=\"https:\/\/www.azulmusic.com.br\/en\/wp-content\/uploads\/2024\/06\/AMDA1964_Rachmaninoff_RaiffAnastasiya-705x705.jpg\" class=\"wp-image-3612 avia-img-lazy-loading-not-3612 attachment-masonry size-masonry wp-post-image\" alt=\"\" srcset=\"https:\/\/www.azulmusic.com.br\/en\/wp-content\/uploads\/2024\/06\/AMDA1964_Rachmaninoff_RaiffAnastasiya-705x705.jpg 705w, https:\/\/www.azulmusic.com.br\/en\/wp-content\/uploads\/2024\/06\/AMDA1964_Rachmaninoff_RaiffAnastasiya-300x300.jpg 300w, https:\/\/www.azulmusic.com.br\/en\/wp-content\/uploads\/2024\/06\/AMDA1964_Rachmaninoff_RaiffAnastasiya-1030x1030.jpg 1030w, https:\/\/www.azulmusic.com.br\/en\/wp-content\/uploads\/2024\/06\/AMDA1964_Rachmaninoff_RaiffAnastasiya-80x80.jpg 80w, https:\/\/www.azulmusic.com.br\/en\/wp-content\/uploads\/2024\/06\/AMDA1964_Rachmaninoff_RaiffAnastasiya-768x768.jpg 768w, https:\/\/www.azulmusic.com.br\/en\/wp-content\/uploads\/2024\/06\/AMDA1964_Rachmaninoff_RaiffAnastasiya-1536x1536.jpg 1536w, https:\/\/www.azulmusic.com.br\/en\/wp-content\/uploads\/2024\/06\/AMDA1964_Rachmaninoff_RaiffAnastasiya-2048x2048.jpg 2048w, https:\/\/www.azulmusic.com.br\/en\/wp-content\/uploads\/2024\/06\/AMDA1964_Rachmaninoff_RaiffAnastasiya-36x36.jpg 36w, https:\/\/www.azulmusic.com.br\/en\/wp-content\/uploads\/2024\/06\/AMDA1964_Rachmaninoff_RaiffAnastasiya-180x180.jpg 180w, https:\/\/www.azulmusic.com.br\/en\/wp-content\/uploads\/2024\/06\/AMDA1964_Rachmaninoff_RaiffAnastasiya-1500x1500.jpg 1500w, https:\/\/www.azulmusic.com.br\/en\/wp-content\/uploads\/2024\/06\/AMDA1964_Rachmaninoff_RaiffAnastasiya-495x495.jpg 495w, https:\/\/www.azulmusic.com.br\/en\/wp-content\/uploads\/2024\/06\/AMDA1964_Rachmaninoff_RaiffAnastasiya-260x260.jpg 260w\" sizes=\"(max-width: 705px) 100vw, 705px\" \/><\/a><div class='slide-content'><header class=\"entry-content-header\"><h3 class='slide-entry-title entry-title '  itemprop=\"headline\" ><a href='https:\/\/www.azulmusic.com.br\/en\/portfolio-item\/rachmaninoff-cello-sonata-op-19-romances\/' title='Rachmaninoff: Cello Sonata, Op. 19 &#038; Romances'>Rachmaninoff: Cello Sonata, Op. 19 &#038; Romances<\/a><\/h3><span class=\"blog-categories minor-meta\"><a href=\"https:\/\/www.azulmusic.com.br\/en\/portfolio_entries\/raiff-dantas-barreto-anastasiya-evsina\/\" rel=\"tag\">Ra\u00efff Dantas Barreto, Anastasiya Evsina<\/a> <\/span><span class=\"av-vertical-delimiter\"><\/span><\/header><div class='slide-meta'><time class='slide-meta-time updated'  itemprop=\"datePublished\" datetime=\"2024-06-07T15:23:38-03:00\" >June 7, 2024<\/time><\/div><div class='slide-entry-excerpt entry-content'  itemprop=\"text\" >Celebrating the 150th anniversary of Rachmaninoff's birth, the Brazilian cellist and the Russian pianist perform some of his most important pieces from the repertoire for their instruments.<\/div><\/div><footer class=\"entry-footer\"><\/footer><span class='hidden'>\n\t\t\t\t<span class='av-structured-data'  itemprop=\"image\" itemscope=\"itemscope\" itemtype=\"https:\/\/schema.org\/ImageObject\" >\n\t\t\t\t\t\t<span itemprop='url'>https:\/\/www.azulmusic.com.br\/en\/wp-content\/uploads\/2024\/06\/AMDA1964_Rachmaninoff_RaiffAnastasiya-scaled.jpg<\/span>\n\t\t\t\t\t\t<span itemprop='height'>2560<\/span>\n\t\t\t\t\t\t<span itemprop='width'>2560<\/span>\n\t\t\t\t<\/span>\n\t\t\t\t<span class='av-structured-data'  itemprop=\"publisher\" itemtype=\"https:\/\/schema.org\/Organization\" itemscope=\"itemscope\" >\n\t\t\t\t\t\t<span itemprop='name'>azulmusic<\/span>\n\t\t\t\t\t\t<span itemprop='logo' itemscope itemtype='https:\/\/schema.org\/ImageObject'>\n\t\t\t\t\t\t\t<span itemprop='url'>https:\/\/azulmusicnovo1.websiteseguro.com\/wp-content\/uploads\/2021\/05\/logo-prata-m3-467x500.png<\/span>\n\t\t\t\t\t\t <\/span>\n\t\t\t\t<\/span><span class='av-structured-data'  itemprop=\"author\" itemscope=\"itemscope\" itemtype=\"https:\/\/schema.org\/Person\" ><span itemprop='name'>azulmusic<\/span><\/span><span class='av-structured-data'  itemprop=\"datePublished\" datetime=\"2024-01-26T00:15:00-03:00\" >2024-06-07 15:23:38<\/span><span class='av-structured-data'  itemprop=\"dateModified\" itemtype=\"https:\/\/schema.org\/dateModified\" >2026-02-05 12:30:42<\/span><span class='av-structured-data'  itemprop=\"mainEntityOfPage\" itemtype=\"https:\/\/schema.org\/mainEntityOfPage\" ><span itemprop='name'>Rachmaninoff: Cello Sonata, Op. 19 &#038; Romances<\/span><\/span><\/span><\/article><article class='slide-entry flex_column  post-entry post-entry-3429 slide-entry-overview slide-loop-4 slide-parity-even  av_one_fourth  real-thumbnail post-format-standard'  itemscope=\"itemscope\" itemtype=\"https:\/\/schema.org\/CreativeWork\" ><a href='https:\/\/www.azulmusic.com.br\/en\/portfolio-item\/the-wings-suite-op-16\/' data-rel='slide-1' class='slide-image' title='The Wings Suite, Op. 16'><img decoding=\"async\" width=\"705\" height=\"705\" src=\"https:\/\/www.azulmusic.com.br\/en\/wp-content\/uploads\/2024\/01\/AMDA1830_TheWingsSuite_FabioCaramuru-705x705.jpg\" class=\"wp-image-3430 avia-img-lazy-loading-not-3430 attachment-masonry size-masonry wp-post-image\" alt=\"\" srcset=\"https:\/\/www.azulmusic.com.br\/en\/wp-content\/uploads\/2024\/01\/AMDA1830_TheWingsSuite_FabioCaramuru-705x705.jpg 705w, https:\/\/www.azulmusic.com.br\/en\/wp-content\/uploads\/2024\/01\/AMDA1830_TheWingsSuite_FabioCaramuru-300x300.jpg 300w, https:\/\/www.azulmusic.com.br\/en\/wp-content\/uploads\/2024\/01\/AMDA1830_TheWingsSuite_FabioCaramuru-1030x1030.jpg 1030w, https:\/\/www.azulmusic.com.br\/en\/wp-content\/uploads\/2024\/01\/AMDA1830_TheWingsSuite_FabioCaramuru-80x80.jpg 80w, https:\/\/www.azulmusic.com.br\/en\/wp-content\/uploads\/2024\/01\/AMDA1830_TheWingsSuite_FabioCaramuru-768x768.jpg 768w, https:\/\/www.azulmusic.com.br\/en\/wp-content\/uploads\/2024\/01\/AMDA1830_TheWingsSuite_FabioCaramuru-1536x1536.jpg 1536w, https:\/\/www.azulmusic.com.br\/en\/wp-content\/uploads\/2024\/01\/AMDA1830_TheWingsSuite_FabioCaramuru-2048x2048.jpg 2048w, https:\/\/www.azulmusic.com.br\/en\/wp-content\/uploads\/2024\/01\/AMDA1830_TheWingsSuite_FabioCaramuru-36x36.jpg 36w, https:\/\/www.azulmusic.com.br\/en\/wp-content\/uploads\/2024\/01\/AMDA1830_TheWingsSuite_FabioCaramuru-180x180.jpg 180w, https:\/\/www.azulmusic.com.br\/en\/wp-content\/uploads\/2024\/01\/AMDA1830_TheWingsSuite_FabioCaramuru-1500x1500.jpg 1500w, https:\/\/www.azulmusic.com.br\/en\/wp-content\/uploads\/2024\/01\/AMDA1830_TheWingsSuite_FabioCaramuru-495x495.jpg 495w, https:\/\/www.azulmusic.com.br\/en\/wp-content\/uploads\/2024\/01\/AMDA1830_TheWingsSuite_FabioCaramuru-260x260.jpg 260w\" sizes=\"(max-width: 705px) 100vw, 705px\" \/><\/a><div class='slide-content'><header class=\"entry-content-header\"><h3 class='slide-entry-title entry-title '  itemprop=\"headline\" ><a href='https:\/\/www.azulmusic.com.br\/en\/portfolio-item\/the-wings-suite-op-16\/' title='The Wings Suite, Op. 16'>The Wings Suite, Op. 16<\/a><\/h3><span class=\"blog-categories minor-meta\"><a href=\"https:\/\/www.azulmusic.com.br\/en\/portfolio_entries\/fabio-caramuru\/\" rel=\"tag\">Fabio Caramuru<\/a> <\/span><span class=\"av-vertical-delimiter\"><\/span><\/header><div class='slide-meta'><time class='slide-meta-time updated'  itemprop=\"datePublished\" datetime=\"2024-01-26T00:15:00-03:00\" >January 26, 2024<\/time><\/div><div class='slide-entry-excerpt entry-content'  itemprop=\"text\" >In collaboration with the Amazonas Philharmonic and Amazonas Choir, with orchestral arrangements by Rodrigo Morte, the acclaimed pianist from S\u00e3o Paulo expands the sonic universe of his works, always inspired by the richness of Brazilian fauna.<\/div><\/div><footer class=\"entry-footer\"><\/footer><span class='hidden'>\n\t\t\t\t<span class='av-structured-data'  itemprop=\"image\" itemscope=\"itemscope\" itemtype=\"https:\/\/schema.org\/ImageObject\" >\n\t\t\t\t\t\t<span itemprop='url'>https:\/\/www.azulmusic.com.br\/en\/wp-content\/uploads\/2024\/01\/AMDA1830_TheWingsSuite_FabioCaramuru-scaled.jpg<\/span>\n\t\t\t\t\t\t<span itemprop='height'>2560<\/span>\n\t\t\t\t\t\t<span itemprop='width'>2560<\/span>\n\t\t\t\t<\/span>\n\t\t\t\t<span class='av-structured-data'  itemprop=\"publisher\" itemtype=\"https:\/\/schema.org\/Organization\" itemscope=\"itemscope\" >\n\t\t\t\t\t\t<span itemprop='name'>azulmusic<\/span>\n\t\t\t\t\t\t<span itemprop='logo' itemscope itemtype='https:\/\/schema.org\/ImageObject'>\n\t\t\t\t\t\t\t<span itemprop='url'>https:\/\/azulmusicnovo1.websiteseguro.com\/wp-content\/uploads\/2021\/05\/logo-prata-m3-467x500.png<\/span>\n\t\t\t\t\t\t <\/span>\n\t\t\t\t<\/span><span class='av-structured-data'  itemprop=\"author\" itemscope=\"itemscope\" itemtype=\"https:\/\/schema.org\/Person\" ><span itemprop='name'>azulmusic<\/span><\/span><span class='av-structured-data'  itemprop=\"datePublished\" datetime=\"2024-01-26T00:15:00-03:00\" >2024-01-26 00:15:00<\/span><span class='av-structured-data'  itemprop=\"dateModified\" itemtype=\"https:\/\/schema.org\/dateModified\" >2026-02-05 12:29:05<\/span><span class='av-structured-data'  itemprop=\"mainEntityOfPage\" itemtype=\"https:\/\/schema.org\/mainEntityOfPage\" ><span itemprop='name'>The Wings Suite, Op. 16<\/span><\/span><\/span><\/article><\/div><div class='slide-entry-wrap'><article class='slide-entry flex_column  post-entry post-entry-3380 slide-entry-overview slide-loop-5 slide-parity-odd  av_one_fourth first real-thumbnail post-format-standard'  itemscope=\"itemscope\" itemtype=\"https:\/\/schema.org\/CreativeWork\" ><a href='https:\/\/www.azulmusic.com.br\/en\/portfolio-item\/divinare\/' data-rel='slide-1' class='slide-image' title='Divinare'><img decoding=\"async\" width=\"705\" height=\"705\" src=\"https:\/\/www.azulmusic.com.br\/en\/wp-content\/uploads\/2023\/12\/AMDA1897_Divinare_BrazuQuinte-705x705.jpg\" class=\"wp-image-3381 avia-img-lazy-loading-not-3381 attachment-masonry size-masonry wp-post-image\" alt=\"\" srcset=\"https:\/\/www.azulmusic.com.br\/en\/wp-content\/uploads\/2023\/12\/AMDA1897_Divinare_BrazuQuinte-705x705.jpg 705w, https:\/\/www.azulmusic.com.br\/en\/wp-content\/uploads\/2023\/12\/AMDA1897_Divinare_BrazuQuinte-300x300.jpg 300w, https:\/\/www.azulmusic.com.br\/en\/wp-content\/uploads\/2023\/12\/AMDA1897_Divinare_BrazuQuinte-1030x1030.jpg 1030w, https:\/\/www.azulmusic.com.br\/en\/wp-content\/uploads\/2023\/12\/AMDA1897_Divinare_BrazuQuinte-80x80.jpg 80w, https:\/\/www.azulmusic.com.br\/en\/wp-content\/uploads\/2023\/12\/AMDA1897_Divinare_BrazuQuinte-768x768.jpg 768w, https:\/\/www.azulmusic.com.br\/en\/wp-content\/uploads\/2023\/12\/AMDA1897_Divinare_BrazuQuinte-1536x1536.jpg 1536w, https:\/\/www.azulmusic.com.br\/en\/wp-content\/uploads\/2023\/12\/AMDA1897_Divinare_BrazuQuinte-2048x2048.jpg 2048w, https:\/\/www.azulmusic.com.br\/en\/wp-content\/uploads\/2023\/12\/AMDA1897_Divinare_BrazuQuinte-36x36.jpg 36w, https:\/\/www.azulmusic.com.br\/en\/wp-content\/uploads\/2023\/12\/AMDA1897_Divinare_BrazuQuinte-180x180.jpg 180w, https:\/\/www.azulmusic.com.br\/en\/wp-content\/uploads\/2023\/12\/AMDA1897_Divinare_BrazuQuinte-1500x1500.jpg 1500w, https:\/\/www.azulmusic.com.br\/en\/wp-content\/uploads\/2023\/12\/AMDA1897_Divinare_BrazuQuinte-495x495.jpg 495w, https:\/\/www.azulmusic.com.br\/en\/wp-content\/uploads\/2023\/12\/AMDA1897_Divinare_BrazuQuinte-260x260.jpg 260w\" sizes=\"(max-width: 705px) 100vw, 705px\" \/><\/a><div class='slide-content'><header class=\"entry-content-header\"><h3 class='slide-entry-title entry-title '  itemprop=\"headline\" ><a href='https:\/\/www.azulmusic.com.br\/en\/portfolio-item\/divinare\/' title='Divinare'>Divinare<\/a><\/h3><span class=\"blog-categories minor-meta\"><a href=\"https:\/\/www.azulmusic.com.br\/en\/portfolio_entries\/brazu-quinte\/\" rel=\"tag\">Braz\u00fa Quint\u00ea<\/a> <\/span><span class=\"av-vertical-delimiter\"><\/span><\/header><div class='slide-meta'><time class='slide-meta-time updated'  itemprop=\"datePublished\" datetime=\"2023-12-08T00:00:00-03:00\" >December 8, 2023<\/time><\/div><div class='slide-entry-excerpt entry-content'  itemprop=\"text\" >With a unique lineup featuring piano, flute, cello, violin, and electric guitar, the S\u00e3o Paulo quintet blends chamber music with Brazilian Popular Music (MPB).<\/div><\/div><footer class=\"entry-footer\"><\/footer><span class='hidden'>\n\t\t\t\t<span class='av-structured-data'  itemprop=\"image\" itemscope=\"itemscope\" itemtype=\"https:\/\/schema.org\/ImageObject\" >\n\t\t\t\t\t\t<span itemprop='url'>https:\/\/www.azulmusic.com.br\/en\/wp-content\/uploads\/2023\/12\/AMDA1897_Divinare_BrazuQuinte-scaled.jpg<\/span>\n\t\t\t\t\t\t<span itemprop='height'>2560<\/span>\n\t\t\t\t\t\t<span itemprop='width'>2560<\/span>\n\t\t\t\t<\/span>\n\t\t\t\t<span class='av-structured-data'  itemprop=\"publisher\" itemtype=\"https:\/\/schema.org\/Organization\" itemscope=\"itemscope\" >\n\t\t\t\t\t\t<span itemprop='name'>azulmusic<\/span>\n\t\t\t\t\t\t<span itemprop='logo' itemscope itemtype='https:\/\/schema.org\/ImageObject'>\n\t\t\t\t\t\t\t<span itemprop='url'>https:\/\/azulmusicnovo1.websiteseguro.com\/wp-content\/uploads\/2021\/05\/logo-prata-m3-467x500.png<\/span>\n\t\t\t\t\t\t <\/span>\n\t\t\t\t<\/span><span class='av-structured-data'  itemprop=\"author\" itemscope=\"itemscope\" itemtype=\"https:\/\/schema.org\/Person\" ><span itemprop='name'>azulmusic<\/span><\/span><span class='av-structured-data'  itemprop=\"datePublished\" datetime=\"2024-01-26T00:15:00-03:00\" >2023-12-08 00:00:00<\/span><span class='av-structured-data'  itemprop=\"dateModified\" itemtype=\"https:\/\/schema.org\/dateModified\" >2026-02-05 12:27:33<\/span><span class='av-structured-data'  itemprop=\"mainEntityOfPage\" itemtype=\"https:\/\/schema.org\/mainEntityOfPage\" ><span itemprop='name'>Divinare<\/span><\/span><\/span><\/article><article class='slide-entry flex_column  post-entry post-entry-3375 slide-entry-overview slide-loop-6 slide-parity-even  av_one_fourth  real-thumbnail post-format-standard'  itemscope=\"itemscope\" itemtype=\"https:\/\/schema.org\/CreativeWork\" ><a href='https:\/\/www.azulmusic.com.br\/en\/portfolio-item\/dimitri-cervo-complete-works-for-piano-from-1985-to-2023\/' data-rel='slide-1' class='slide-image' title='Dimitri Cervo: Complete Works for Piano from 1985 to 2023'><img decoding=\"async\" width=\"705\" height=\"705\" src=\"https:\/\/www.azulmusic.com.br\/en\/wp-content\/uploads\/2023\/12\/AMDA1883_CompleteWorksForPiano_DimitriCervo-705x705.jpg\" class=\"wp-image-3376 avia-img-lazy-loading-not-3376 attachment-masonry size-masonry wp-post-image\" alt=\"\" srcset=\"https:\/\/www.azulmusic.com.br\/en\/wp-content\/uploads\/2023\/12\/AMDA1883_CompleteWorksForPiano_DimitriCervo-705x705.jpg 705w, https:\/\/www.azulmusic.com.br\/en\/wp-content\/uploads\/2023\/12\/AMDA1883_CompleteWorksForPiano_DimitriCervo-300x300.jpg 300w, https:\/\/www.azulmusic.com.br\/en\/wp-content\/uploads\/2023\/12\/AMDA1883_CompleteWorksForPiano_DimitriCervo-1030x1030.jpg 1030w, https:\/\/www.azulmusic.com.br\/en\/wp-content\/uploads\/2023\/12\/AMDA1883_CompleteWorksForPiano_DimitriCervo-80x80.jpg 80w, https:\/\/www.azulmusic.com.br\/en\/wp-content\/uploads\/2023\/12\/AMDA1883_CompleteWorksForPiano_DimitriCervo-768x768.jpg 768w, https:\/\/www.azulmusic.com.br\/en\/wp-content\/uploads\/2023\/12\/AMDA1883_CompleteWorksForPiano_DimitriCervo-1536x1536.jpg 1536w, https:\/\/www.azulmusic.com.br\/en\/wp-content\/uploads\/2023\/12\/AMDA1883_CompleteWorksForPiano_DimitriCervo-2048x2048.jpg 2048w, https:\/\/www.azulmusic.com.br\/en\/wp-content\/uploads\/2023\/12\/AMDA1883_CompleteWorksForPiano_DimitriCervo-36x36.jpg 36w, https:\/\/www.azulmusic.com.br\/en\/wp-content\/uploads\/2023\/12\/AMDA1883_CompleteWorksForPiano_DimitriCervo-180x180.jpg 180w, https:\/\/www.azulmusic.com.br\/en\/wp-content\/uploads\/2023\/12\/AMDA1883_CompleteWorksForPiano_DimitriCervo-1500x1500.jpg 1500w, https:\/\/www.azulmusic.com.br\/en\/wp-content\/uploads\/2023\/12\/AMDA1883_CompleteWorksForPiano_DimitriCervo-495x495.jpg 495w, https:\/\/www.azulmusic.com.br\/en\/wp-content\/uploads\/2023\/12\/AMDA1883_CompleteWorksForPiano_DimitriCervo-260x260.jpg 260w\" sizes=\"(max-width: 705px) 100vw, 705px\" \/><\/a><div class='slide-content'><header class=\"entry-content-header\"><h3 class='slide-entry-title entry-title '  itemprop=\"headline\" ><a href='https:\/\/www.azulmusic.com.br\/en\/portfolio-item\/dimitri-cervo-complete-works-for-piano-from-1985-to-2023\/' title='Dimitri Cervo: Complete Works for Piano from 1985 to 2023'>Dimitri Cervo: Complete Works for Piano from 1985 to 2023<\/a><\/h3><span class=\"blog-categories minor-meta\"><a href=\"https:\/\/www.azulmusic.com.br\/en\/portfolio_entries\/dimitri-cervo\/\" rel=\"tag\">Dimitri Cervo<\/a>, <a href=\"https:\/\/www.azulmusic.com.br\/en\/portfolio_entries\/lucas-thomazinho\/\" rel=\"tag\">Lucas Thomazinho<\/a> <\/span><span class=\"av-vertical-delimiter\"><\/span><\/header><div class='slide-meta'><time class='slide-meta-time updated'  itemprop=\"datePublished\" datetime=\"2023-12-07T00:00:00-03:00\" >December 7, 2023<\/time><\/div><div class='slide-entry-excerpt entry-content'  itemprop=\"text\" >Prominent in the contemporary piano scene, Lucas Thomazinho interprets the complete piano work of the composer and conductor from Rio Grande do Sul, nominated for the Latin Grammy.<\/div><\/div><footer class=\"entry-footer\"><\/footer><span class='hidden'>\n\t\t\t\t<span class='av-structured-data'  itemprop=\"image\" itemscope=\"itemscope\" itemtype=\"https:\/\/schema.org\/ImageObject\" >\n\t\t\t\t\t\t<span itemprop='url'>https:\/\/www.azulmusic.com.br\/en\/wp-content\/uploads\/2023\/12\/AMDA1883_CompleteWorksForPiano_DimitriCervo-scaled.jpg<\/span>\n\t\t\t\t\t\t<span itemprop='height'>2560<\/span>\n\t\t\t\t\t\t<span itemprop='width'>2560<\/span>\n\t\t\t\t<\/span>\n\t\t\t\t<span class='av-structured-data'  itemprop=\"publisher\" itemtype=\"https:\/\/schema.org\/Organization\" itemscope=\"itemscope\" >\n\t\t\t\t\t\t<span itemprop='name'>azulmusic<\/span>\n\t\t\t\t\t\t<span itemprop='logo' itemscope itemtype='https:\/\/schema.org\/ImageObject'>\n\t\t\t\t\t\t\t<span itemprop='url'>https:\/\/azulmusicnovo1.websiteseguro.com\/wp-content\/uploads\/2021\/05\/logo-prata-m3-467x500.png<\/span>\n\t\t\t\t\t\t <\/span>\n\t\t\t\t<\/span><span class='av-structured-data'  itemprop=\"author\" itemscope=\"itemscope\" itemtype=\"https:\/\/schema.org\/Person\" ><span itemprop='name'>azulmusic<\/span><\/span><span class='av-structured-data'  itemprop=\"datePublished\" datetime=\"2024-01-26T00:15:00-03:00\" >2023-12-07 00:00:00<\/span><span class='av-structured-data'  itemprop=\"dateModified\" itemtype=\"https:\/\/schema.org\/dateModified\" >2026-02-05 12:27:24<\/span><span class='av-structured-data'  itemprop=\"mainEntityOfPage\" itemtype=\"https:\/\/schema.org\/mainEntityOfPage\" ><span itemprop='name'>Dimitri Cervo: Complete Works for Piano from 1985 to 2023<\/span><\/span><\/span><\/article><article class='slide-entry flex_column  post-entry post-entry-3348 slide-entry-overview slide-loop-7 slide-parity-odd  av_one_fourth  real-thumbnail post-format-standard'  itemscope=\"itemscope\" itemtype=\"https:\/\/schema.org\/CreativeWork\" ><a href='https:\/\/www.azulmusic.com.br\/en\/portfolio-item\/brazilian-women-composers-music-for-viola\/' data-rel='slide-1' class='slide-image' title='Brazilian Women Composers: Music for Viola'><img decoding=\"async\" width=\"705\" height=\"705\" src=\"https:\/\/www.azulmusic.com.br\/en\/wp-content\/uploads\/2023\/11\/AMDA1879_BrazilianWomenComposers_RafaellAltino-705x705.jpg\" class=\"wp-image-3349 avia-img-lazy-loading-not-3349 attachment-masonry size-masonry wp-post-image\" alt=\"\" srcset=\"https:\/\/www.azulmusic.com.br\/en\/wp-content\/uploads\/2023\/11\/AMDA1879_BrazilianWomenComposers_RafaellAltino-705x705.jpg 705w, https:\/\/www.azulmusic.com.br\/en\/wp-content\/uploads\/2023\/11\/AMDA1879_BrazilianWomenComposers_RafaellAltino-300x300.jpg 300w, https:\/\/www.azulmusic.com.br\/en\/wp-content\/uploads\/2023\/11\/AMDA1879_BrazilianWomenComposers_RafaellAltino-1030x1030.jpg 1030w, https:\/\/www.azulmusic.com.br\/en\/wp-content\/uploads\/2023\/11\/AMDA1879_BrazilianWomenComposers_RafaellAltino-80x80.jpg 80w, https:\/\/www.azulmusic.com.br\/en\/wp-content\/uploads\/2023\/11\/AMDA1879_BrazilianWomenComposers_RafaellAltino-768x768.jpg 768w, https:\/\/www.azulmusic.com.br\/en\/wp-content\/uploads\/2023\/11\/AMDA1879_BrazilianWomenComposers_RafaellAltino-1536x1536.jpg 1536w, https:\/\/www.azulmusic.com.br\/en\/wp-content\/uploads\/2023\/11\/AMDA1879_BrazilianWomenComposers_RafaellAltino-2048x2048.jpg 2048w, https:\/\/www.azulmusic.com.br\/en\/wp-content\/uploads\/2023\/11\/AMDA1879_BrazilianWomenComposers_RafaellAltino-36x36.jpg 36w, https:\/\/www.azulmusic.com.br\/en\/wp-content\/uploads\/2023\/11\/AMDA1879_BrazilianWomenComposers_RafaellAltino-180x180.jpg 180w, https:\/\/www.azulmusic.com.br\/en\/wp-content\/uploads\/2023\/11\/AMDA1879_BrazilianWomenComposers_RafaellAltino-1500x1500.jpg 1500w, https:\/\/www.azulmusic.com.br\/en\/wp-content\/uploads\/2023\/11\/AMDA1879_BrazilianWomenComposers_RafaellAltino-495x495.jpg 495w, https:\/\/www.azulmusic.com.br\/en\/wp-content\/uploads\/2023\/11\/AMDA1879_BrazilianWomenComposers_RafaellAltino-260x260.jpg 260w\" sizes=\"(max-width: 705px) 100vw, 705px\" \/><\/a><div class='slide-content'><header class=\"entry-content-header\"><h3 class='slide-entry-title entry-title '  itemprop=\"headline\" ><a href='https:\/\/www.azulmusic.com.br\/en\/portfolio-item\/brazilian-women-composers-music-for-viola\/' title='Brazilian Women Composers: Music for Viola'>Brazilian Women Composers: Music for Viola<\/a><\/h3><span class=\"blog-categories minor-meta\"><a href=\"https:\/\/www.azulmusic.com.br\/en\/portfolio_entries\/rafaell-altino\/\" rel=\"tag\">Rafaell Altino<\/a> <\/span><span class=\"av-vertical-delimiter\"><\/span><\/header><div class='slide-meta'><time class='slide-meta-time updated'  itemprop=\"datePublished\" datetime=\"2023-11-10T13:46:11-03:00\" >November 10, 2023<\/time><\/div><div class='slide-entry-excerpt entry-content'  itemprop=\"text\" >In a panorama of national pieces, the violist from the Odense Symphony Orchestra highlights female composers of contemporary classical music.<\/div><\/div><footer class=\"entry-footer\"><\/footer><span class='hidden'>\n\t\t\t\t<span class='av-structured-data'  itemprop=\"image\" itemscope=\"itemscope\" itemtype=\"https:\/\/schema.org\/ImageObject\" >\n\t\t\t\t\t\t<span itemprop='url'>https:\/\/www.azulmusic.com.br\/en\/wp-content\/uploads\/2023\/11\/AMDA1879_BrazilianWomenComposers_RafaellAltino-scaled.jpg<\/span>\n\t\t\t\t\t\t<span itemprop='height'>2560<\/span>\n\t\t\t\t\t\t<span itemprop='width'>2560<\/span>\n\t\t\t\t<\/span>\n\t\t\t\t<span class='av-structured-data'  itemprop=\"publisher\" itemtype=\"https:\/\/schema.org\/Organization\" itemscope=\"itemscope\" >\n\t\t\t\t\t\t<span itemprop='name'>azulmusic<\/span>\n\t\t\t\t\t\t<span itemprop='logo' itemscope itemtype='https:\/\/schema.org\/ImageObject'>\n\t\t\t\t\t\t\t<span itemprop='url'>https:\/\/azulmusicnovo1.websiteseguro.com\/wp-content\/uploads\/2021\/05\/logo-prata-m3-467x500.png<\/span>\n\t\t\t\t\t\t <\/span>\n\t\t\t\t<\/span><span class='av-structured-data'  itemprop=\"author\" itemscope=\"itemscope\" itemtype=\"https:\/\/schema.org\/Person\" ><span itemprop='name'>azulmusic<\/span><\/span><span class='av-structured-data'  itemprop=\"datePublished\" datetime=\"2024-01-26T00:15:00-03:00\" >2023-11-10 13:46:11<\/span><span class='av-structured-data'  itemprop=\"dateModified\" itemtype=\"https:\/\/schema.org\/dateModified\" >2026-02-05 12:27:01<\/span><span class='av-structured-data'  itemprop=\"mainEntityOfPage\" itemtype=\"https:\/\/schema.org\/mainEntityOfPage\" ><span itemprop='name'>Brazilian Women Composers: Music for Viola<\/span><\/span><\/span><\/article><article class='slide-entry flex_column  post-entry post-entry-3288 slide-entry-overview slide-loop-8 slide-parity-even  av_one_fourth  real-thumbnail post-format-standard'  itemscope=\"itemscope\" itemtype=\"https:\/\/schema.org\/CreativeWork\" ><a href='https:\/\/www.azulmusic.com.br\/en\/portfolio-item\/brazilian-music-for-oboe-and-piano\/' data-rel='slide-1' class='slide-image' title='Brazilian Music For Oboe And Piano'><img decoding=\"async\" width=\"705\" height=\"705\" src=\"https:\/\/www.azulmusic.com.br\/en\/wp-content\/uploads\/2023\/07\/AMDA1844_BrazilianMusicForOboePiano_FicarelliAragoni-705x705.jpg\" class=\"wp-image-3289 avia-img-lazy-loading-not-3289 attachment-masonry size-masonry wp-post-image\" alt=\"\" srcset=\"https:\/\/www.azulmusic.com.br\/en\/wp-content\/uploads\/2023\/07\/AMDA1844_BrazilianMusicForOboePiano_FicarelliAragoni-705x705.jpg 705w, https:\/\/www.azulmusic.com.br\/en\/wp-content\/uploads\/2023\/07\/AMDA1844_BrazilianMusicForOboePiano_FicarelliAragoni-300x300.jpg 300w, https:\/\/www.azulmusic.com.br\/en\/wp-content\/uploads\/2023\/07\/AMDA1844_BrazilianMusicForOboePiano_FicarelliAragoni-1030x1030.jpg 1030w, https:\/\/www.azulmusic.com.br\/en\/wp-content\/uploads\/2023\/07\/AMDA1844_BrazilianMusicForOboePiano_FicarelliAragoni-80x80.jpg 80w, https:\/\/www.azulmusic.com.br\/en\/wp-content\/uploads\/2023\/07\/AMDA1844_BrazilianMusicForOboePiano_FicarelliAragoni-768x768.jpg 768w, https:\/\/www.azulmusic.com.br\/en\/wp-content\/uploads\/2023\/07\/AMDA1844_BrazilianMusicForOboePiano_FicarelliAragoni-1536x1536.jpg 1536w, https:\/\/www.azulmusic.com.br\/en\/wp-content\/uploads\/2023\/07\/AMDA1844_BrazilianMusicForOboePiano_FicarelliAragoni-2048x2048.jpg 2048w, https:\/\/www.azulmusic.com.br\/en\/wp-content\/uploads\/2023\/07\/AMDA1844_BrazilianMusicForOboePiano_FicarelliAragoni-36x36.jpg 36w, https:\/\/www.azulmusic.com.br\/en\/wp-content\/uploads\/2023\/07\/AMDA1844_BrazilianMusicForOboePiano_FicarelliAragoni-180x180.jpg 180w, https:\/\/www.azulmusic.com.br\/en\/wp-content\/uploads\/2023\/07\/AMDA1844_BrazilianMusicForOboePiano_FicarelliAragoni-1500x1500.jpg 1500w, https:\/\/www.azulmusic.com.br\/en\/wp-content\/uploads\/2023\/07\/AMDA1844_BrazilianMusicForOboePiano_FicarelliAragoni-495x495.jpg 495w, https:\/\/www.azulmusic.com.br\/en\/wp-content\/uploads\/2023\/07\/AMDA1844_BrazilianMusicForOboePiano_FicarelliAragoni-260x260.jpg 260w\" sizes=\"(max-width: 705px) 100vw, 705px\" \/><\/a><div class='slide-content'><header class=\"entry-content-header\"><h3 class='slide-entry-title entry-title '  itemprop=\"headline\" ><a href='https:\/\/www.azulmusic.com.br\/en\/portfolio-item\/brazilian-music-for-oboe-and-piano\/' title='Brazilian Music For Oboe And Piano'>Brazilian Music For Oboe And Piano<\/a><\/h3><span class=\"blog-categories minor-meta\"><a href=\"https:\/\/www.azulmusic.com.br\/en\/portfolio_entries\/alexandre-ficarelli\/\" rel=\"tag\">Alexandre Ficarelli<\/a>, <a href=\"https:\/\/www.azulmusic.com.br\/en\/portfolio_entries\/marcos-aragoni\/\" rel=\"tag\">Marcos Aragoni<\/a> <\/span><span class=\"av-vertical-delimiter\"><\/span><\/header><div class='slide-meta'><time class='slide-meta-time updated'  itemprop=\"datePublished\" datetime=\"2023-07-20T11:22:58-03:00\" >July 20, 2023<\/time><\/div><div class='slide-entry-excerpt entry-content'  itemprop=\"text\" >A selection of pieces in a rich cross-section of the 20th century, interpreted by representatives of musical nationalism, in a dialogue between oboe and piano.<\/div><\/div><footer class=\"entry-footer\"><\/footer><span class='hidden'>\n\t\t\t\t<span class='av-structured-data'  itemprop=\"image\" itemscope=\"itemscope\" itemtype=\"https:\/\/schema.org\/ImageObject\" >\n\t\t\t\t\t\t<span itemprop='url'>https:\/\/www.azulmusic.com.br\/en\/wp-content\/uploads\/2023\/07\/AMDA1844_BrazilianMusicForOboePiano_FicarelliAragoni-scaled.jpg<\/span>\n\t\t\t\t\t\t<span itemprop='height'>2560<\/span>\n\t\t\t\t\t\t<span itemprop='width'>2560<\/span>\n\t\t\t\t<\/span>\n\t\t\t\t<span class='av-structured-data'  itemprop=\"publisher\" itemtype=\"https:\/\/schema.org\/Organization\" itemscope=\"itemscope\" >\n\t\t\t\t\t\t<span itemprop='name'>azulmusic<\/span>\n\t\t\t\t\t\t<span itemprop='logo' itemscope itemtype='https:\/\/schema.org\/ImageObject'>\n\t\t\t\t\t\t\t<span itemprop='url'>https:\/\/azulmusicnovo1.websiteseguro.com\/wp-content\/uploads\/2021\/05\/logo-prata-m3-467x500.png<\/span>\n\t\t\t\t\t\t <\/span>\n\t\t\t\t<\/span><span class='av-structured-data'  itemprop=\"author\" itemscope=\"itemscope\" itemtype=\"https:\/\/schema.org\/Person\" ><span itemprop='name'>azulmusic<\/span><\/span><span class='av-structured-data'  itemprop=\"datePublished\" datetime=\"2024-01-26T00:15:00-03:00\" >2023-07-20 11:22:58<\/span><span class='av-structured-data'  itemprop=\"dateModified\" itemtype=\"https:\/\/schema.org\/dateModified\" >2026-02-05 12:25:55<\/span><span class='av-structured-data'  itemprop=\"mainEntityOfPage\" itemtype=\"https:\/\/schema.org\/mainEntityOfPage\" ><span itemprop='name'>Brazilian Music For Oboe And Piano<\/span><\/span><\/span><\/article><\/div><div class='slide-entry-wrap'><article class='slide-entry flex_column  post-entry post-entry-3163 slide-entry-overview slide-loop-9 slide-parity-odd  post-entry-last  av_one_fourth first real-thumbnail post-format-standard'  itemscope=\"itemscope\" itemtype=\"https:\/\/schema.org\/CreativeWork\" ><a href='https:\/\/www.azulmusic.com.br\/en\/portfolio-item\/brazilian-fruits\/' data-rel='slide-1' class='slide-image' title='Brazilian Fruits'><img decoding=\"async\" width=\"705\" height=\"705\" src=\"https:\/\/www.azulmusic.com.br\/en\/wp-content\/uploads\/2023\/06\/AMDA1848_BrazilianFruits_OlgaKopylovaRodrigoVitta-705x705.jpg\" class=\"wp-image-3164 avia-img-lazy-loading-not-3164 attachment-masonry size-masonry wp-post-image\" alt=\"\" srcset=\"https:\/\/www.azulmusic.com.br\/en\/wp-content\/uploads\/2023\/06\/AMDA1848_BrazilianFruits_OlgaKopylovaRodrigoVitta-705x705.jpg 705w, https:\/\/www.azulmusic.com.br\/en\/wp-content\/uploads\/2023\/06\/AMDA1848_BrazilianFruits_OlgaKopylovaRodrigoVitta-300x300.jpg 300w, https:\/\/www.azulmusic.com.br\/en\/wp-content\/uploads\/2023\/06\/AMDA1848_BrazilianFruits_OlgaKopylovaRodrigoVitta-1030x1030.jpg 1030w, https:\/\/www.azulmusic.com.br\/en\/wp-content\/uploads\/2023\/06\/AMDA1848_BrazilianFruits_OlgaKopylovaRodrigoVitta-80x80.jpg 80w, https:\/\/www.azulmusic.com.br\/en\/wp-content\/uploads\/2023\/06\/AMDA1848_BrazilianFruits_OlgaKopylovaRodrigoVitta-768x768.jpg 768w, https:\/\/www.azulmusic.com.br\/en\/wp-content\/uploads\/2023\/06\/AMDA1848_BrazilianFruits_OlgaKopylovaRodrigoVitta-1536x1536.jpg 1536w, https:\/\/www.azulmusic.com.br\/en\/wp-content\/uploads\/2023\/06\/AMDA1848_BrazilianFruits_OlgaKopylovaRodrigoVitta-2048x2048.jpg 2048w, https:\/\/www.azulmusic.com.br\/en\/wp-content\/uploads\/2023\/06\/AMDA1848_BrazilianFruits_OlgaKopylovaRodrigoVitta-36x36.jpg 36w, https:\/\/www.azulmusic.com.br\/en\/wp-content\/uploads\/2023\/06\/AMDA1848_BrazilianFruits_OlgaKopylovaRodrigoVitta-180x180.jpg 180w, https:\/\/www.azulmusic.com.br\/en\/wp-content\/uploads\/2023\/06\/AMDA1848_BrazilianFruits_OlgaKopylovaRodrigoVitta-1500x1500.jpg 1500w, https:\/\/www.azulmusic.com.br\/en\/wp-content\/uploads\/2023\/06\/AMDA1848_BrazilianFruits_OlgaKopylovaRodrigoVitta-495x495.jpg 495w, https:\/\/www.azulmusic.com.br\/en\/wp-content\/uploads\/2023\/06\/AMDA1848_BrazilianFruits_OlgaKopylovaRodrigoVitta-260x260.jpg 260w\" sizes=\"(max-width: 705px) 100vw, 705px\" \/><\/a><div class='slide-content'><header class=\"entry-content-header\"><h3 class='slide-entry-title entry-title '  itemprop=\"headline\" ><a href='https:\/\/www.azulmusic.com.br\/en\/portfolio-item\/brazilian-fruits\/' title='Brazilian Fruits'>Brazilian Fruits<\/a><\/h3><span class=\"blog-categories minor-meta\"><a href=\"https:\/\/www.azulmusic.com.br\/en\/portfolio_entries\/olga-kopylova\/\" rel=\"tag\">Olga Kopylova<\/a>, <a href=\"https:\/\/www.azulmusic.com.br\/en\/portfolio_entries\/rodrigo-vitta\/\" rel=\"tag\">Rodrigo Vitta<\/a> <\/span><span class=\"av-vertical-delimiter\"><\/span><\/header><div class='slide-meta'><time class='slide-meta-time updated'  itemprop=\"datePublished\" datetime=\"2023-06-23T11:46:06-03:00\" >June 23, 2023<\/time><\/div><div class='slide-entry-excerpt entry-content'  itemprop=\"text\" >Presenting a set of unpublished works, the pianist pays homage to the 30-year artistic career of the S\u00e3o Paulo composer and conductor.<\/div><\/div><footer class=\"entry-footer\"><\/footer><span class='hidden'>\n\t\t\t\t<span class='av-structured-data'  itemprop=\"image\" itemscope=\"itemscope\" itemtype=\"https:\/\/schema.org\/ImageObject\" >\n\t\t\t\t\t\t<span itemprop='url'>https:\/\/www.azulmusic.com.br\/en\/wp-content\/uploads\/2023\/06\/AMDA1848_BrazilianFruits_OlgaKopylovaRodrigoVitta-scaled.jpg<\/span>\n\t\t\t\t\t\t<span itemprop='height'>2560<\/span>\n\t\t\t\t\t\t<span itemprop='width'>2560<\/span>\n\t\t\t\t<\/span>\n\t\t\t\t<span class='av-structured-data'  itemprop=\"publisher\" itemtype=\"https:\/\/schema.org\/Organization\" itemscope=\"itemscope\" >\n\t\t\t\t\t\t<span itemprop='name'>azulmusic<\/span>\n\t\t\t\t\t\t<span itemprop='logo' itemscope itemtype='https:\/\/schema.org\/ImageObject'>\n\t\t\t\t\t\t\t<span itemprop='url'>https:\/\/azulmusicnovo1.websiteseguro.com\/wp-content\/uploads\/2021\/05\/logo-prata-m3-467x500.png<\/span>\n\t\t\t\t\t\t <\/span>\n\t\t\t\t<\/span><span class='av-structured-data'  itemprop=\"author\" itemscope=\"itemscope\" itemtype=\"https:\/\/schema.org\/Person\" ><span itemprop='name'>azulmusic<\/span><\/span><span class='av-structured-data'  itemprop=\"datePublished\" datetime=\"2024-01-26T00:15:00-03:00\" >2023-06-23 11:46:06<\/span><span class='av-structured-data'  itemprop=\"dateModified\" itemtype=\"https:\/\/schema.org\/dateModified\" >2026-02-05 12:25:42<\/span><span class='av-structured-data'  itemprop=\"mainEntityOfPage\" itemtype=\"https:\/\/schema.org\/mainEntityOfPage\" ><span itemprop='name'>Brazilian Fruits<\/span><\/span><\/span><\/article><\/div><\/div><div class='avia-slideshow-arrows avia-slideshow-controls' ><a href='#prev' class='prev-slide ' aria-hidden='true' data-av_icon='\ue87c' data-av_iconfont='entypo-fontello' aria-hidden='true' tabindex='-1'>Previous<\/a><a href='#next' class='next-slide ' aria-hidden='true' data-av_icon='\ue87d' data-av_iconfont='entypo-fontello' aria-hidden='true' tabindex='-1'>Next<\/a><\/div><\/div><\/p><\/div><\/p>\n<\/div><\/div><\/div>\n","protected":false},"excerpt":{"rendered":"<p>In collaboration with the Amazonas Philharmonic and Amazonas Choir, with orchestral arrangements by Rodrigo Morte, the acclaimed pianist from S\u00e3o Paulo expands the sonic universe of his works, always inspired by the richness of Brazilian fauna.<\/p>\n","protected":false},"featured_media":3430,"comment_status":"closed","ping_status":"closed","template":"","tags":[3,7],"portfolio_entries":[72],"class_list":["post-3429","portfolio","type-portfolio","status-publish","has-post-thumbnail","hentry","tag-album","tag-classical-crossover","portfolio_entries-fabio-caramuru"],"_links":{"self":[{"href":"https:\/\/www.azulmusic.com.br\/en\/wp-json\/wp\/v2\/portfolio\/3429","targetHints":{"allow":["GET"]}}],"collection":[{"href":"https:\/\/www.azulmusic.com.br\/en\/wp-json\/wp\/v2\/portfolio"}],"about":[{"href":"https:\/\/www.azulmusic.com.br\/en\/wp-json\/wp\/v2\/types\/portfolio"}],"replies":[{"embeddable":true,"href":"https:\/\/www.azulmusic.com.br\/en\/wp-json\/wp\/v2\/comments?post=3429"}],"version-history":[{"count":4,"href":"https:\/\/www.azulmusic.com.br\/en\/wp-json\/wp\/v2\/portfolio\/3429\/revisions"}],"predecessor-version":[{"id":3539,"href":"https:\/\/www.azulmusic.com.br\/en\/wp-json\/wp\/v2\/portfolio\/3429\/revisions\/3539"}],"wp:featuredmedia":[{"embeddable":true,"href":"https:\/\/www.azulmusic.com.br\/en\/wp-json\/wp\/v2\/media\/3430"}],"wp:attachment":[{"href":"https:\/\/www.azulmusic.com.br\/en\/wp-json\/wp\/v2\/media?parent=3429"}],"wp:term":[{"taxonomy":"post_tag","embeddable":true,"href":"https:\/\/www.azulmusic.com.br\/en\/wp-json\/wp\/v2\/tags?post=3429"},{"taxonomy":"portfolio_entries","embeddable":true,"href":"https:\/\/www.azulmusic.com.br\/en\/wp-json\/wp\/v2\/portfolio_entries?post=3429"}],"curies":[{"name":"wp","href":"https:\/\/api.w.org\/{rel}","templated":true}]}}