{"id":4144,"date":"2026-01-31T20:56:15","date_gmt":"2026-01-31T23:56:15","guid":{"rendered":"https:\/\/www.azulmusic.com.br\/en\/?post_type=portfolio&#038;p=4144"},"modified":"2026-04-07T16:05:12","modified_gmt":"2026-04-07T19:05:12","slug":"music-from-azul-strings","status":"publish","type":"portfolio","link":"https:\/\/www.azulmusic.com.br\/en\/portfolio-item\/music-from-azul-strings\/","title":{"rendered":"Music from Azul: Strings"},"content":{"rendered":"<div id='av-layout-grid-1'  class='av-layout-grid-container entry-content-wrapper main_color av-flex-cells     avia-builder-el-0  avia-builder-el-no-sibling  container_wrap sidebar_left' style=' '  >\n<div class=\"flex_cell no_margin av_one_third  avia-builder-el-1  el_before_av_cell_two_third  avia-builder-el-first   \" ><div class='flex_cell_inner' ><div class=\"flex_column av_one_full  flex_column_div av-zero-column-padding first  avia-builder-el-2  avia-builder-el-no-sibling  \" style='border-radius:0px; '><\/div>\n<\/div><\/div><div class=\"flex_cell no_margin av_two_third  avia-builder-el-4  el_after_av_cell_one_third  avia-builder-el-last   \"  style='vertical-align:top; padding:30px; ' ><div class='flex_cell_inner' ><p><div class=\"flex_column av_one_third  flex_column_div av-zero-column-padding first  avia-builder-el-5  el_before_av_two_third  avia-builder-el-first  \" style='border-radius:0px; '><p><div  class='avia-image-container avia_animated_image avia_animate_when_almost_visible av-rotateInUpLeft av-styling- av-hover-grow   avia-builder-el-6  el_before_av_button  avia-builder-el-first  avia-align-center '  itemprop=\"image\" itemscope=\"itemscope\" itemtype=\"https:\/\/schema.org\/ImageObject\"  ><div class='avia-image-container-inner'><div class='avia-image-overlay-wrap'><img decoding=\"async\" class='wp-image-4101 avia-img-lazy-loading-not-4101 avia_image' src=\"https:\/\/www.azulmusic.com.br\/en\/wp-content\/uploads\/2026\/01\/01-Azul-STRINGS-300x300.jpg\" alt='' title='01 Azul STRINGS' height=\"300\" width=\"300\"  itemprop=\"thumbnailUrl\" srcset=\"https:\/\/www.azulmusic.com.br\/en\/wp-content\/uploads\/2026\/01\/01-Azul-STRINGS-300x300.jpg 300w, https:\/\/www.azulmusic.com.br\/en\/wp-content\/uploads\/2026\/01\/01-Azul-STRINGS-1030x1030.jpg 1030w, https:\/\/www.azulmusic.com.br\/en\/wp-content\/uploads\/2026\/01\/01-Azul-STRINGS-80x80.jpg 80w, https:\/\/www.azulmusic.com.br\/en\/wp-content\/uploads\/2026\/01\/01-Azul-STRINGS-768x768.jpg 768w, https:\/\/www.azulmusic.com.br\/en\/wp-content\/uploads\/2026\/01\/01-Azul-STRINGS-1536x1536.jpg 1536w, https:\/\/www.azulmusic.com.br\/en\/wp-content\/uploads\/2026\/01\/01-Azul-STRINGS-2048x2048.jpg 2048w, https:\/\/www.azulmusic.com.br\/en\/wp-content\/uploads\/2026\/01\/01-Azul-STRINGS-36x36.jpg 36w, https:\/\/www.azulmusic.com.br\/en\/wp-content\/uploads\/2026\/01\/01-Azul-STRINGS-180x180.jpg 180w, https:\/\/www.azulmusic.com.br\/en\/wp-content\/uploads\/2026\/01\/01-Azul-STRINGS-1500x1500.jpg 1500w, https:\/\/www.azulmusic.com.br\/en\/wp-content\/uploads\/2026\/01\/01-Azul-STRINGS-495x495.jpg 495w, https:\/\/www.azulmusic.com.br\/en\/wp-content\/uploads\/2026\/01\/01-Azul-STRINGS-260x260.jpg 260w, https:\/\/www.azulmusic.com.br\/en\/wp-content\/uploads\/2026\/01\/01-Azul-STRINGS-705x705.jpg 705w\" sizes=\"(max-width: 300px) 100vw, 300px\" \/><\/div><\/div><\/div><br \/>\n<div  class='avia-button-wrap avia-button-center  avia-builder-el-7  el_after_av_image  avia-builder-el-last ' ><a href='https:\/\/orcd.co\/musicfromazulstrings' class='avia-button  avia-font-color-black  avia-icon_select-yes-left-icon avia-size-large avia-position-center ' target=\"_blank\" rel=\"noopener noreferrer\" style='background-color:#ddd2a6; border-color:#ddd2a6; '><span class='avia_button_icon avia_button_icon_left ' aria-hidden='true' data-av_icon='\ue802' data-av_iconfont='entypo-fontello'><\/span><span class='avia_iconbox_title' >Listen<\/span><span class='avia_button_background avia-button avia-color-black' ><\/span><\/a><\/div><\/p><\/div><div class=\"flex_column av_two_third  flex_column_div av-zero-column-padding   avia-builder-el-8  el_after_av_one_third  el_before_av_one_full  \" style='border-radius:0px; '><p><div  style='padding-bottom:10px; ' class='av-special-heading av-special-heading-h3  blockquote modern-quote  avia-builder-el-9  el_before_av_textblock  avia-builder-el-first  '><h3 class='av-special-heading-tag '  itemprop=\"headline\"  >Music from Azul: Strings<\/h3><div class ='av-subheading av-subheading_below  ' style='font-size:15px;'><a href=''>Various Artists<\/a>\n<\/div><div class='special-heading-border'><div class='special-heading-inner-border' ><\/div><\/div><\/div><br \/>\n<section class=\"av_textblock_section \"  itemscope=\"itemscope\" itemtype=\"https:\/\/schema.org\/CreativeWork\" ><div class='avia_textblock  '   itemprop=\"text\" ><p>An anthology dedicated to string repertoire, featuring works written for duos, trios, quartets, and chamber orchestras, in exquisite interpretations by artists from Azul Music.<\/p>\n<p>The selection, curated by musician and composer Corciolli, founder of the label, provides an excellent introduction to the plurality of languages, styles, and approaches present in the label&#8217;s catalog. MUSIC FROM AZUL: STRINGS is the first volume in a series of albums dedicated to an instrument or ensemble, seeking to trace a sensitive and contemporary panorama of chamber music in Brazil and the world.<\/p>\n<p>Highlights include &#8220;Suite for String Orchestra: III. Aria&#8221; by Radam\u00e9s Gnattali, performed by the S\u00e3o Paulo Chambers Soloists, from the album RADAM\u00c9S, nominated for a Latin Grammy in 2025; and &#8220;Elegy No. 4&#8221;, an unreleased piece by Brazilian composer Jo\u00e3o Marcondes, performed by the Top\u00e1zio Quartet, formed by musicians from the OSESP (S\u00e3o Paulo State Symphony Orchestra).<\/p>\n<p>.<\/p>\n<\/div><\/section><\/p><\/div><div class=\"flex_column av_one_full  flex_column_div av-zero-column-padding first  avia-builder-el-11  el_after_av_two_third  avia-builder-el-last  column-top-margin\" style='border-radius:0px; '><p><div  style='padding-bottom:10px; ' class='av-special-heading av-special-heading-h3  blockquote modern-quote  avia-builder-el-12  el_before_av_postslider  avia-builder-el-first  '><h3 class='av-special-heading-tag '  itemprop=\"headline\"  >Also listen<\/h3><div class='special-heading-border'><div class='special-heading-inner-border' ><\/div><\/div><\/div><br \/>\n<div   data-autoplay=''  data-interval='5'  data-animation='fade'  data-show_slide_delay='90'  class='avia-content-slider avia-content-slider-active avia-content-slider1 avia-content-slider-even  avia-builder-el-13  el_after_av_heading  avia-builder-el-last  '  itemscope=\"itemscope\" itemtype=\"https:\/\/schema.org\/Blog\" ><div class='avia-content-slider-inner'><div class='slide-entry-wrap'><article class='slide-entry flex_column  post-entry post-entry-3825 slide-entry-overview slide-loop-1 slide-parity-odd  av_one_fourth first real-thumbnail post-format-standard'  itemscope=\"itemscope\" itemtype=\"https:\/\/schema.org\/CreativeWork\" ><a href='https:\/\/www.azulmusic.com.br\/en\/portfolio-item\/violins-of-osesp\/' data-rel='slide-1' class='slide-image' title='Violins Of OSESP'><img decoding=\"async\" width=\"705\" height=\"705\" src=\"https:\/\/www.azulmusic.com.br\/en\/wp-content\/uploads\/2025\/05\/AMDA1980_ViolinsOfOsesp-705x705.jpg\" class=\"wp-image-3826 avia-img-lazy-loading-not-3826 attachment-masonry size-masonry wp-post-image\" alt=\"\" srcset=\"https:\/\/www.azulmusic.com.br\/en\/wp-content\/uploads\/2025\/05\/AMDA1980_ViolinsOfOsesp-705x705.jpg 705w, https:\/\/www.azulmusic.com.br\/en\/wp-content\/uploads\/2025\/05\/AMDA1980_ViolinsOfOsesp-300x300.jpg 300w, https:\/\/www.azulmusic.com.br\/en\/wp-content\/uploads\/2025\/05\/AMDA1980_ViolinsOfOsesp-1030x1030.jpg 1030w, https:\/\/www.azulmusic.com.br\/en\/wp-content\/uploads\/2025\/05\/AMDA1980_ViolinsOfOsesp-80x80.jpg 80w, https:\/\/www.azulmusic.com.br\/en\/wp-content\/uploads\/2025\/05\/AMDA1980_ViolinsOfOsesp-768x768.jpg 768w, https:\/\/www.azulmusic.com.br\/en\/wp-content\/uploads\/2025\/05\/AMDA1980_ViolinsOfOsesp-1536x1536.jpg 1536w, https:\/\/www.azulmusic.com.br\/en\/wp-content\/uploads\/2025\/05\/AMDA1980_ViolinsOfOsesp-2048x2048.jpg 2048w, https:\/\/www.azulmusic.com.br\/en\/wp-content\/uploads\/2025\/05\/AMDA1980_ViolinsOfOsesp-36x36.jpg 36w, https:\/\/www.azulmusic.com.br\/en\/wp-content\/uploads\/2025\/05\/AMDA1980_ViolinsOfOsesp-180x180.jpg 180w, https:\/\/www.azulmusic.com.br\/en\/wp-content\/uploads\/2025\/05\/AMDA1980_ViolinsOfOsesp-1500x1500.jpg 1500w, https:\/\/www.azulmusic.com.br\/en\/wp-content\/uploads\/2025\/05\/AMDA1980_ViolinsOfOsesp-495x495.jpg 495w, https:\/\/www.azulmusic.com.br\/en\/wp-content\/uploads\/2025\/05\/AMDA1980_ViolinsOfOsesp-260x260.jpg 260w\" sizes=\"(max-width: 705px) 100vw, 705px\" \/><\/a><div class='slide-content'><header class=\"entry-content-header\"><h3 class='slide-entry-title entry-title '  itemprop=\"headline\" ><a href='https:\/\/www.azulmusic.com.br\/en\/portfolio-item\/violins-of-osesp\/' title='Violins Of OSESP'>Violins Of OSESP<\/a><\/h3><span class=\"blog-categories minor-meta\"><a href=\"https:\/\/www.azulmusic.com.br\/en\/portfolio_entries\/violins-of-osesp\/\" rel=\"tag\">Violins Of OSESP<\/a> <\/span><span class=\"av-vertical-delimiter\"><\/span><\/header><div class='slide-meta'><time class='slide-meta-time updated'  itemprop=\"datePublished\" datetime=\"2025-05-05T10:56:21-03:00\" >May 5, 2025<\/time><\/div><div class='slide-entry-excerpt entry-content'  itemprop=\"text\" >Under the direction of Emmanuele Baldini, the project brings together distinguished violinists from OSESP in ensembles of 3, 4, and 6 instruments, delivering outstanding performances that enhance the expressiveness of Brazilian chamber music.<\/div><\/div><footer class=\"entry-footer\"><\/footer><span class='hidden'>\n\t\t\t\t<span class='av-structured-data'  itemprop=\"image\" itemscope=\"itemscope\" itemtype=\"https:\/\/schema.org\/ImageObject\" >\n\t\t\t\t\t\t<span itemprop='url'>https:\/\/www.azulmusic.com.br\/en\/wp-content\/uploads\/2025\/05\/AMDA1980_ViolinsOfOsesp-scaled.jpg<\/span>\n\t\t\t\t\t\t<span itemprop='height'>2560<\/span>\n\t\t\t\t\t\t<span itemprop='width'>2560<\/span>\n\t\t\t\t<\/span>\n\t\t\t\t<span class='av-structured-data'  itemprop=\"publisher\" itemtype=\"https:\/\/schema.org\/Organization\" itemscope=\"itemscope\" >\n\t\t\t\t\t\t<span itemprop='name'>azulmusic<\/span>\n\t\t\t\t\t\t<span itemprop='logo' itemscope itemtype='https:\/\/schema.org\/ImageObject'>\n\t\t\t\t\t\t\t<span itemprop='url'>https:\/\/azulmusicnovo1.websiteseguro.com\/wp-content\/uploads\/2021\/05\/logo-prata-m3-467x500.png<\/span>\n\t\t\t\t\t\t <\/span>\n\t\t\t\t<\/span><span class='av-structured-data'  itemprop=\"author\" itemscope=\"itemscope\" itemtype=\"https:\/\/schema.org\/Person\" ><span itemprop='name'>azulmusic<\/span><\/span><span class='av-structured-data'  itemprop=\"datePublished\" datetime=\"2026-01-31T20:56:15-03:00\" >2025-05-05 10:56:21<\/span><span class='av-structured-data'  itemprop=\"dateModified\" itemtype=\"https:\/\/schema.org\/dateModified\" >2026-02-05 12:33:50<\/span><span class='av-structured-data'  itemprop=\"mainEntityOfPage\" itemtype=\"https:\/\/schema.org\/mainEntityOfPage\" ><span itemprop='name'>Violins Of OSESP<\/span><\/span><\/span><\/article><article class='slide-entry flex_column  post-entry post-entry-3769 slide-entry-overview slide-loop-2 slide-parity-even  av_one_fourth  real-thumbnail post-format-standard'  itemscope=\"itemscope\" itemtype=\"https:\/\/schema.org\/CreativeWork\" ><a href='https:\/\/www.azulmusic.com.br\/en\/portfolio-item\/radames\/' data-rel='slide-1' class='slide-image' title='Radam\u00e9s'><img decoding=\"async\" width=\"705\" height=\"705\" src=\"https:\/\/www.azulmusic.com.br\/en\/wp-content\/uploads\/2025\/02\/AMDA2043_Radames_SPCS-705x705.jpg\" class=\"wp-image-3737 avia-img-lazy-loading-not-3737 attachment-masonry size-masonry wp-post-image\" alt=\"\" srcset=\"https:\/\/www.azulmusic.com.br\/en\/wp-content\/uploads\/2025\/02\/AMDA2043_Radames_SPCS-705x705.jpg 705w, https:\/\/www.azulmusic.com.br\/en\/wp-content\/uploads\/2025\/02\/AMDA2043_Radames_SPCS-300x300.jpg 300w, https:\/\/www.azulmusic.com.br\/en\/wp-content\/uploads\/2025\/02\/AMDA2043_Radames_SPCS-1030x1030.jpg 1030w, https:\/\/www.azulmusic.com.br\/en\/wp-content\/uploads\/2025\/02\/AMDA2043_Radames_SPCS-80x80.jpg 80w, https:\/\/www.azulmusic.com.br\/en\/wp-content\/uploads\/2025\/02\/AMDA2043_Radames_SPCS-768x768.jpg 768w, https:\/\/www.azulmusic.com.br\/en\/wp-content\/uploads\/2025\/02\/AMDA2043_Radames_SPCS-1536x1536.jpg 1536w, https:\/\/www.azulmusic.com.br\/en\/wp-content\/uploads\/2025\/02\/AMDA2043_Radames_SPCS-2048x2048.jpg 2048w, https:\/\/www.azulmusic.com.br\/en\/wp-content\/uploads\/2025\/02\/AMDA2043_Radames_SPCS-36x36.jpg 36w, https:\/\/www.azulmusic.com.br\/en\/wp-content\/uploads\/2025\/02\/AMDA2043_Radames_SPCS-180x180.jpg 180w, https:\/\/www.azulmusic.com.br\/en\/wp-content\/uploads\/2025\/02\/AMDA2043_Radames_SPCS-1500x1500.jpg 1500w, https:\/\/www.azulmusic.com.br\/en\/wp-content\/uploads\/2025\/02\/AMDA2043_Radames_SPCS-495x495.jpg 495w, https:\/\/www.azulmusic.com.br\/en\/wp-content\/uploads\/2025\/02\/AMDA2043_Radames_SPCS-260x260.jpg 260w\" sizes=\"(max-width: 705px) 100vw, 705px\" \/><\/a><div class='slide-content'><header class=\"entry-content-header\"><h3 class='slide-entry-title entry-title '  itemprop=\"headline\" ><a href='https:\/\/www.azulmusic.com.br\/en\/portfolio-item\/radames\/' title='Radam\u00e9s'>Radam\u00e9s<\/a><\/h3><span class=\"blog-categories minor-meta\"><a href=\"https:\/\/www.azulmusic.com.br\/en\/portfolio_entries\/sao-paulo-chamber-soloists\/\" rel=\"tag\">S\u00e3o Paulo Chamber Soloists<\/a> <\/span><span class=\"av-vertical-delimiter\"><\/span><\/header><div class='slide-meta'><time class='slide-meta-time updated'  itemprop=\"datePublished\" datetime=\"2025-03-10T16:44:57-03:00\" >March 10, 2025<\/time><\/div><div class='slide-entry-excerpt entry-content'  itemprop=\"text\" >14 string soloists, leaders of the most prestigious Brazilian orchestras, come together in an album honoring Radam\u00e9s Gnattali, one of the greatest pioneers in blending classical and popular music in Brazil.<\/div><\/div><footer class=\"entry-footer\"><\/footer><span class='hidden'>\n\t\t\t\t<span class='av-structured-data'  itemprop=\"image\" itemscope=\"itemscope\" itemtype=\"https:\/\/schema.org\/ImageObject\" >\n\t\t\t\t\t\t<span itemprop='url'>https:\/\/www.azulmusic.com.br\/en\/wp-content\/uploads\/2025\/02\/AMDA2043_Radames_SPCS-scaled.jpg<\/span>\n\t\t\t\t\t\t<span itemprop='height'>2560<\/span>\n\t\t\t\t\t\t<span itemprop='width'>2560<\/span>\n\t\t\t\t<\/span>\n\t\t\t\t<span class='av-structured-data'  itemprop=\"publisher\" itemtype=\"https:\/\/schema.org\/Organization\" itemscope=\"itemscope\" >\n\t\t\t\t\t\t<span itemprop='name'>azulmusic<\/span>\n\t\t\t\t\t\t<span itemprop='logo' itemscope itemtype='https:\/\/schema.org\/ImageObject'>\n\t\t\t\t\t\t\t<span itemprop='url'>https:\/\/azulmusicnovo1.websiteseguro.com\/wp-content\/uploads\/2021\/05\/logo-prata-m3-467x500.png<\/span>\n\t\t\t\t\t\t <\/span>\n\t\t\t\t<\/span><span class='av-structured-data'  itemprop=\"author\" itemscope=\"itemscope\" itemtype=\"https:\/\/schema.org\/Person\" ><span itemprop='name'>azulmusic<\/span><\/span><span class='av-structured-data'  itemprop=\"datePublished\" datetime=\"2026-01-31T20:56:15-03:00\" >2025-03-10 16:44:57<\/span><span class='av-structured-data'  itemprop=\"dateModified\" itemtype=\"https:\/\/schema.org\/dateModified\" >2026-02-05 12:32:53<\/span><span class='av-structured-data'  itemprop=\"mainEntityOfPage\" itemtype=\"https:\/\/schema.org\/mainEntityOfPage\" ><span itemprop='name'>Radam\u00e9s<\/span><\/span><\/span><\/article><article class='slide-entry flex_column  post-entry post-entry-4088 slide-entry-overview slide-loop-3 slide-parity-odd  av_one_fourth  real-thumbnail post-format-standard'  itemscope=\"itemscope\" itemtype=\"https:\/\/schema.org\/CreativeWork\" ><a href='https:\/\/www.azulmusic.com.br\/en\/portfolio-item\/homelands\/' data-rel='slide-1' class='slide-image' title='Homelands'><img decoding=\"async\" width=\"705\" height=\"705\" src=\"https:\/\/www.azulmusic.com.br\/en\/wp-content\/uploads\/2026\/01\/AMDA1976_Homelands_VSQ-705x705.jpg\" class=\"wp-image-4089 avia-img-lazy-loading-not-4089 attachment-masonry size-masonry wp-post-image\" alt=\"\" srcset=\"https:\/\/www.azulmusic.com.br\/en\/wp-content\/uploads\/2026\/01\/AMDA1976_Homelands_VSQ-705x705.jpg 705w, https:\/\/www.azulmusic.com.br\/en\/wp-content\/uploads\/2026\/01\/AMDA1976_Homelands_VSQ-300x300.jpg 300w, https:\/\/www.azulmusic.com.br\/en\/wp-content\/uploads\/2026\/01\/AMDA1976_Homelands_VSQ-1030x1030.jpg 1030w, https:\/\/www.azulmusic.com.br\/en\/wp-content\/uploads\/2026\/01\/AMDA1976_Homelands_VSQ-80x80.jpg 80w, https:\/\/www.azulmusic.com.br\/en\/wp-content\/uploads\/2026\/01\/AMDA1976_Homelands_VSQ-768x768.jpg 768w, https:\/\/www.azulmusic.com.br\/en\/wp-content\/uploads\/2026\/01\/AMDA1976_Homelands_VSQ-1536x1536.jpg 1536w, https:\/\/www.azulmusic.com.br\/en\/wp-content\/uploads\/2026\/01\/AMDA1976_Homelands_VSQ-2048x2048.jpg 2048w, https:\/\/www.azulmusic.com.br\/en\/wp-content\/uploads\/2026\/01\/AMDA1976_Homelands_VSQ-36x36.jpg 36w, https:\/\/www.azulmusic.com.br\/en\/wp-content\/uploads\/2026\/01\/AMDA1976_Homelands_VSQ-180x180.jpg 180w, https:\/\/www.azulmusic.com.br\/en\/wp-content\/uploads\/2026\/01\/AMDA1976_Homelands_VSQ-1500x1500.jpg 1500w, https:\/\/www.azulmusic.com.br\/en\/wp-content\/uploads\/2026\/01\/AMDA1976_Homelands_VSQ-495x495.jpg 495w, https:\/\/www.azulmusic.com.br\/en\/wp-content\/uploads\/2026\/01\/AMDA1976_Homelands_VSQ-260x260.jpg 260w\" sizes=\"(max-width: 705px) 100vw, 705px\" \/><\/a><div class='slide-content'><header class=\"entry-content-header\"><h3 class='slide-entry-title entry-title '  itemprop=\"headline\" ><a href='https:\/\/www.azulmusic.com.br\/en\/portfolio-item\/homelands\/' title='Homelands'>Homelands<\/a><\/h3><span class=\"blog-categories minor-meta\"><a href=\"https:\/\/www.azulmusic.com.br\/en\/portfolio_entries\/vaughan-string-quartet\/\" rel=\"tag\">Vaughan String Quartet<\/a> <\/span><span class=\"av-vertical-delimiter\"><\/span><\/header><div class='slide-meta'><time class='slide-meta-time updated'  itemprop=\"datePublished\" datetime=\"2024-11-08T16:41:02-03:00\" >November 8, 2024<\/time><\/div><div class='slide-entry-excerpt entry-content'  itemprop=\"text\" >Homelands brings together Brazil, Canada, and Italy through contemporary works that celebrate identity, cultural diversity, and rhythmic vitality.<\/div><\/div><footer class=\"entry-footer\"><\/footer><span class='hidden'>\n\t\t\t\t<span class='av-structured-data'  itemprop=\"image\" itemscope=\"itemscope\" itemtype=\"https:\/\/schema.org\/ImageObject\" >\n\t\t\t\t\t\t<span itemprop='url'>https:\/\/www.azulmusic.com.br\/en\/wp-content\/uploads\/2026\/01\/AMDA1976_Homelands_VSQ-scaled.jpg<\/span>\n\t\t\t\t\t\t<span itemprop='height'>2560<\/span>\n\t\t\t\t\t\t<span itemprop='width'>2560<\/span>\n\t\t\t\t<\/span>\n\t\t\t\t<span class='av-structured-data'  itemprop=\"publisher\" itemtype=\"https:\/\/schema.org\/Organization\" itemscope=\"itemscope\" >\n\t\t\t\t\t\t<span itemprop='name'>azulmusic<\/span>\n\t\t\t\t\t\t<span itemprop='logo' itemscope itemtype='https:\/\/schema.org\/ImageObject'>\n\t\t\t\t\t\t\t<span itemprop='url'>https:\/\/azulmusicnovo1.websiteseguro.com\/wp-content\/uploads\/2021\/05\/logo-prata-m3-467x500.png<\/span>\n\t\t\t\t\t\t <\/span>\n\t\t\t\t<\/span><span class='av-structured-data'  itemprop=\"author\" itemscope=\"itemscope\" itemtype=\"https:\/\/schema.org\/Person\" ><span itemprop='name'>azulmusic<\/span><\/span><span class='av-structured-data'  itemprop=\"datePublished\" datetime=\"2026-01-31T20:56:15-03:00\" >2024-11-08 16:41:02<\/span><span class='av-structured-data'  itemprop=\"dateModified\" itemtype=\"https:\/\/schema.org\/dateModified\" >2026-02-05 12:32:19<\/span><span class='av-structured-data'  itemprop=\"mainEntityOfPage\" itemtype=\"https:\/\/schema.org\/mainEntityOfPage\" ><span itemprop='name'>Homelands<\/span><\/span><\/span><\/article><article class='slide-entry flex_column  post-entry post-entry-3578 slide-entry-overview slide-loop-4 slide-parity-even  av_one_fourth  real-thumbnail post-format-standard'  itemscope=\"itemscope\" itemtype=\"https:\/\/schema.org\/CreativeWork\" ><a href='https:\/\/www.azulmusic.com.br\/en\/portfolio-item\/mendelssohn-string-quartets-no-4-5-6\/' data-rel='slide-1' class='slide-image' title='Mendelssohn: String Quartets No. 4, 5 &#038; 6'><img decoding=\"async\" width=\"705\" height=\"705\" src=\"https:\/\/www.azulmusic.com.br\/en\/wp-content\/uploads\/2024\/05\/AMDA1925_MendelssohnNo4-5-6_QuartetoCarlosGomes-705x705.jpg\" class=\"wp-image-3579 avia-img-lazy-loading-not-3579 attachment-masonry size-masonry wp-post-image\" alt=\"\" srcset=\"https:\/\/www.azulmusic.com.br\/en\/wp-content\/uploads\/2024\/05\/AMDA1925_MendelssohnNo4-5-6_QuartetoCarlosGomes-705x705.jpg 705w, https:\/\/www.azulmusic.com.br\/en\/wp-content\/uploads\/2024\/05\/AMDA1925_MendelssohnNo4-5-6_QuartetoCarlosGomes-300x300.jpg 300w, https:\/\/www.azulmusic.com.br\/en\/wp-content\/uploads\/2024\/05\/AMDA1925_MendelssohnNo4-5-6_QuartetoCarlosGomes-1030x1030.jpg 1030w, https:\/\/www.azulmusic.com.br\/en\/wp-content\/uploads\/2024\/05\/AMDA1925_MendelssohnNo4-5-6_QuartetoCarlosGomes-80x80.jpg 80w, https:\/\/www.azulmusic.com.br\/en\/wp-content\/uploads\/2024\/05\/AMDA1925_MendelssohnNo4-5-6_QuartetoCarlosGomes-768x768.jpg 768w, https:\/\/www.azulmusic.com.br\/en\/wp-content\/uploads\/2024\/05\/AMDA1925_MendelssohnNo4-5-6_QuartetoCarlosGomes-1536x1536.jpg 1536w, https:\/\/www.azulmusic.com.br\/en\/wp-content\/uploads\/2024\/05\/AMDA1925_MendelssohnNo4-5-6_QuartetoCarlosGomes-2048x2048.jpg 2048w, https:\/\/www.azulmusic.com.br\/en\/wp-content\/uploads\/2024\/05\/AMDA1925_MendelssohnNo4-5-6_QuartetoCarlosGomes-36x36.jpg 36w, https:\/\/www.azulmusic.com.br\/en\/wp-content\/uploads\/2024\/05\/AMDA1925_MendelssohnNo4-5-6_QuartetoCarlosGomes-180x180.jpg 180w, https:\/\/www.azulmusic.com.br\/en\/wp-content\/uploads\/2024\/05\/AMDA1925_MendelssohnNo4-5-6_QuartetoCarlosGomes-1500x1500.jpg 1500w, https:\/\/www.azulmusic.com.br\/en\/wp-content\/uploads\/2024\/05\/AMDA1925_MendelssohnNo4-5-6_QuartetoCarlosGomes-495x495.jpg 495w, https:\/\/www.azulmusic.com.br\/en\/wp-content\/uploads\/2024\/05\/AMDA1925_MendelssohnNo4-5-6_QuartetoCarlosGomes-260x260.jpg 260w\" sizes=\"(max-width: 705px) 100vw, 705px\" \/><\/a><div class='slide-content'><header class=\"entry-content-header\"><h3 class='slide-entry-title entry-title '  itemprop=\"headline\" ><a href='https:\/\/www.azulmusic.com.br\/en\/portfolio-item\/mendelssohn-string-quartets-no-4-5-6\/' title='Mendelssohn: String Quartets No. 4, 5 &#038; 6'>Mendelssohn: String Quartets No. 4, 5 &#038; 6<\/a><\/h3><span class=\"blog-categories minor-meta\"><a href=\"https:\/\/www.azulmusic.com.br\/en\/portfolio_entries\/quarteto-carlos-gomes\/\" rel=\"tag\">Quarteto Carlos Gomes<\/a> <\/span><span class=\"av-vertical-delimiter\"><\/span><\/header><div class='slide-meta'><time class='slide-meta-time updated'  itemprop=\"datePublished\" datetime=\"2024-05-10T11:39:48-03:00\" >May 10, 2024<\/time><\/div><div class='slide-entry-excerpt entry-content'  itemprop=\"text\" >With omnipresent musical mastery and expanding the boundaries of the written repertoire for the instruments, the ensemble brilliantly and definitively presents interpretations of Felix Mendelssohn's quartets.<\/div><\/div><footer class=\"entry-footer\"><\/footer><span class='hidden'>\n\t\t\t\t<span class='av-structured-data'  itemprop=\"image\" itemscope=\"itemscope\" itemtype=\"https:\/\/schema.org\/ImageObject\" >\n\t\t\t\t\t\t<span itemprop='url'>https:\/\/www.azulmusic.com.br\/en\/wp-content\/uploads\/2024\/05\/AMDA1925_MendelssohnNo4-5-6_QuartetoCarlosGomes-scaled.jpg<\/span>\n\t\t\t\t\t\t<span itemprop='height'>2560<\/span>\n\t\t\t\t\t\t<span itemprop='width'>2560<\/span>\n\t\t\t\t<\/span>\n\t\t\t\t<span class='av-structured-data'  itemprop=\"publisher\" itemtype=\"https:\/\/schema.org\/Organization\" itemscope=\"itemscope\" >\n\t\t\t\t\t\t<span itemprop='name'>azulmusic<\/span>\n\t\t\t\t\t\t<span itemprop='logo' itemscope itemtype='https:\/\/schema.org\/ImageObject'>\n\t\t\t\t\t\t\t<span itemprop='url'>https:\/\/azulmusicnovo1.websiteseguro.com\/wp-content\/uploads\/2021\/05\/logo-prata-m3-467x500.png<\/span>\n\t\t\t\t\t\t <\/span>\n\t\t\t\t<\/span><span class='av-structured-data'  itemprop=\"author\" itemscope=\"itemscope\" itemtype=\"https:\/\/schema.org\/Person\" ><span itemprop='name'>azulmusic<\/span><\/span><span class='av-structured-data'  itemprop=\"datePublished\" datetime=\"2026-01-31T20:56:15-03:00\" >2024-05-10 11:39:48<\/span><span class='av-structured-data'  itemprop=\"dateModified\" itemtype=\"https:\/\/schema.org\/dateModified\" >2026-02-05 12:30:05<\/span><span class='av-structured-data'  itemprop=\"mainEntityOfPage\" itemtype=\"https:\/\/schema.org\/mainEntityOfPage\" ><span itemprop='name'>Mendelssohn: String Quartets No. 4, 5 &#038; 6<\/span><\/span><\/span><\/article><\/div><div class='slide-entry-wrap'><article class='slide-entry flex_column  post-entry post-entry-3317 slide-entry-overview slide-loop-5 slide-parity-odd  av_one_fourth first real-thumbnail post-format-standard'  itemscope=\"itemscope\" itemtype=\"https:\/\/schema.org\/CreativeWork\" ><a href='https:\/\/www.azulmusic.com.br\/en\/portfolio-item\/mendelssohn-string-quartets-no-1-2-3\/' data-rel='slide-1' class='slide-image' title='Mendelssohn: String Quartets No. 1, 2 &#038; 3'><img decoding=\"async\" width=\"705\" height=\"705\" src=\"https:\/\/www.azulmusic.com.br\/en\/wp-content\/uploads\/2023\/09\/AMDA1887_MendelssohnNo1-2-3_QuartetoCarlosGomes-705x705.jpg\" class=\"wp-image-3318 avia-img-lazy-loading-not-3318 attachment-masonry size-masonry wp-post-image\" alt=\"\" srcset=\"https:\/\/www.azulmusic.com.br\/en\/wp-content\/uploads\/2023\/09\/AMDA1887_MendelssohnNo1-2-3_QuartetoCarlosGomes-705x705.jpg 705w, https:\/\/www.azulmusic.com.br\/en\/wp-content\/uploads\/2023\/09\/AMDA1887_MendelssohnNo1-2-3_QuartetoCarlosGomes-300x300.jpg 300w, https:\/\/www.azulmusic.com.br\/en\/wp-content\/uploads\/2023\/09\/AMDA1887_MendelssohnNo1-2-3_QuartetoCarlosGomes-1030x1030.jpg 1030w, https:\/\/www.azulmusic.com.br\/en\/wp-content\/uploads\/2023\/09\/AMDA1887_MendelssohnNo1-2-3_QuartetoCarlosGomes-80x80.jpg 80w, https:\/\/www.azulmusic.com.br\/en\/wp-content\/uploads\/2023\/09\/AMDA1887_MendelssohnNo1-2-3_QuartetoCarlosGomes-768x768.jpg 768w, https:\/\/www.azulmusic.com.br\/en\/wp-content\/uploads\/2023\/09\/AMDA1887_MendelssohnNo1-2-3_QuartetoCarlosGomes-1536x1536.jpg 1536w, https:\/\/www.azulmusic.com.br\/en\/wp-content\/uploads\/2023\/09\/AMDA1887_MendelssohnNo1-2-3_QuartetoCarlosGomes-2048x2048.jpg 2048w, https:\/\/www.azulmusic.com.br\/en\/wp-content\/uploads\/2023\/09\/AMDA1887_MendelssohnNo1-2-3_QuartetoCarlosGomes-36x36.jpg 36w, https:\/\/www.azulmusic.com.br\/en\/wp-content\/uploads\/2023\/09\/AMDA1887_MendelssohnNo1-2-3_QuartetoCarlosGomes-180x180.jpg 180w, https:\/\/www.azulmusic.com.br\/en\/wp-content\/uploads\/2023\/09\/AMDA1887_MendelssohnNo1-2-3_QuartetoCarlosGomes-1500x1500.jpg 1500w, https:\/\/www.azulmusic.com.br\/en\/wp-content\/uploads\/2023\/09\/AMDA1887_MendelssohnNo1-2-3_QuartetoCarlosGomes-495x495.jpg 495w, https:\/\/www.azulmusic.com.br\/en\/wp-content\/uploads\/2023\/09\/AMDA1887_MendelssohnNo1-2-3_QuartetoCarlosGomes-260x260.jpg 260w\" sizes=\"(max-width: 705px) 100vw, 705px\" \/><\/a><div class='slide-content'><header class=\"entry-content-header\"><h3 class='slide-entry-title entry-title '  itemprop=\"headline\" ><a href='https:\/\/www.azulmusic.com.br\/en\/portfolio-item\/mendelssohn-string-quartets-no-1-2-3\/' title='Mendelssohn: String Quartets No. 1, 2 &#038; 3'>Mendelssohn: String Quartets No. 1, 2 &#038; 3<\/a><\/h3><span class=\"blog-categories minor-meta\"><a href=\"https:\/\/www.azulmusic.com.br\/en\/portfolio_entries\/quarteto-carlos-gomes\/\" rel=\"tag\">Quarteto Carlos Gomes<\/a> <\/span><span class=\"av-vertical-delimiter\"><\/span><\/header><div class='slide-meta'><time class='slide-meta-time updated'  itemprop=\"datePublished\" datetime=\"2023-09-25T09:19:37-03:00\" >September 25, 2023<\/time><\/div><div class='slide-entry-excerpt entry-content'  itemprop=\"text\" >In a benchmark interpretation of Felix Mendelssohn's first three quartets, the ensemble reveals the complexity and meticulousness present in these pieces.<\/div><\/div><footer class=\"entry-footer\"><\/footer><span class='hidden'>\n\t\t\t\t<span class='av-structured-data'  itemprop=\"image\" itemscope=\"itemscope\" itemtype=\"https:\/\/schema.org\/ImageObject\" >\n\t\t\t\t\t\t<span itemprop='url'>https:\/\/www.azulmusic.com.br\/en\/wp-content\/uploads\/2023\/09\/AMDA1887_MendelssohnNo1-2-3_QuartetoCarlosGomes-scaled.jpg<\/span>\n\t\t\t\t\t\t<span itemprop='height'>2560<\/span>\n\t\t\t\t\t\t<span itemprop='width'>2560<\/span>\n\t\t\t\t<\/span>\n\t\t\t\t<span class='av-structured-data'  itemprop=\"publisher\" itemtype=\"https:\/\/schema.org\/Organization\" itemscope=\"itemscope\" >\n\t\t\t\t\t\t<span itemprop='name'>azulmusic<\/span>\n\t\t\t\t\t\t<span itemprop='logo' itemscope itemtype='https:\/\/schema.org\/ImageObject'>\n\t\t\t\t\t\t\t<span itemprop='url'>https:\/\/azulmusicnovo1.websiteseguro.com\/wp-content\/uploads\/2021\/05\/logo-prata-m3-467x500.png<\/span>\n\t\t\t\t\t\t <\/span>\n\t\t\t\t<\/span><span class='av-structured-data'  itemprop=\"author\" itemscope=\"itemscope\" itemtype=\"https:\/\/schema.org\/Person\" ><span itemprop='name'>azulmusic<\/span><\/span><span class='av-structured-data'  itemprop=\"datePublished\" datetime=\"2026-01-31T20:56:15-03:00\" >2023-09-25 09:19:37<\/span><span class='av-structured-data'  itemprop=\"dateModified\" itemtype=\"https:\/\/schema.org\/dateModified\" >2026-02-05 12:26:34<\/span><span class='av-structured-data'  itemprop=\"mainEntityOfPage\" itemtype=\"https:\/\/schema.org\/mainEntityOfPage\" ><span itemprop='name'>Mendelssohn: String Quartets No. 1, 2 &#038; 3<\/span><\/span><\/span><\/article><article class='slide-entry flex_column  post-entry post-entry-3020 slide-entry-overview slide-loop-6 slide-parity-even  av_one_fourth  real-thumbnail post-format-standard'  itemscope=\"itemscope\" itemtype=\"https:\/\/schema.org\/CreativeWork\" ><a href='https:\/\/www.azulmusic.com.br\/en\/portfolio-item\/mosaico\/' data-rel='slide-1' class='slide-image' title='Mosaico'><img decoding=\"async\" width=\"705\" height=\"705\" src=\"https:\/\/www.azulmusic.com.br\/en\/wp-content\/uploads\/2022\/12\/AMDA1769_Mosaico_VSQ-705x705.jpg\" class=\"wp-image-3142 avia-img-lazy-loading-not-3142 attachment-masonry size-masonry wp-post-image\" alt=\"\" srcset=\"https:\/\/www.azulmusic.com.br\/en\/wp-content\/uploads\/2022\/12\/AMDA1769_Mosaico_VSQ-705x705.jpg 705w, https:\/\/www.azulmusic.com.br\/en\/wp-content\/uploads\/2022\/12\/AMDA1769_Mosaico_VSQ-300x300.jpg 300w, https:\/\/www.azulmusic.com.br\/en\/wp-content\/uploads\/2022\/12\/AMDA1769_Mosaico_VSQ-1030x1030.jpg 1030w, https:\/\/www.azulmusic.com.br\/en\/wp-content\/uploads\/2022\/12\/AMDA1769_Mosaico_VSQ-80x80.jpg 80w, https:\/\/www.azulmusic.com.br\/en\/wp-content\/uploads\/2022\/12\/AMDA1769_Mosaico_VSQ-768x768.jpg 768w, https:\/\/www.azulmusic.com.br\/en\/wp-content\/uploads\/2022\/12\/AMDA1769_Mosaico_VSQ-1536x1536.jpg 1536w, https:\/\/www.azulmusic.com.br\/en\/wp-content\/uploads\/2022\/12\/AMDA1769_Mosaico_VSQ-2048x2048.jpg 2048w, https:\/\/www.azulmusic.com.br\/en\/wp-content\/uploads\/2022\/12\/AMDA1769_Mosaico_VSQ-36x36.jpg 36w, https:\/\/www.azulmusic.com.br\/en\/wp-content\/uploads\/2022\/12\/AMDA1769_Mosaico_VSQ-180x180.jpg 180w, https:\/\/www.azulmusic.com.br\/en\/wp-content\/uploads\/2022\/12\/AMDA1769_Mosaico_VSQ-1500x1500.jpg 1500w, https:\/\/www.azulmusic.com.br\/en\/wp-content\/uploads\/2022\/12\/AMDA1769_Mosaico_VSQ-495x495.jpg 495w, https:\/\/www.azulmusic.com.br\/en\/wp-content\/uploads\/2022\/12\/AMDA1769_Mosaico_VSQ-260x260.jpg 260w\" sizes=\"(max-width: 705px) 100vw, 705px\" \/><\/a><div class='slide-content'><header class=\"entry-content-header\"><h3 class='slide-entry-title entry-title '  itemprop=\"headline\" ><a href='https:\/\/www.azulmusic.com.br\/en\/portfolio-item\/mosaico\/' title='Mosaico'>Mosaico<\/a><\/h3><span class=\"blog-categories minor-meta\"><a href=\"https:\/\/www.azulmusic.com.br\/en\/portfolio_entries\/vaughan-string-quartet\/\" rel=\"tag\">Vaughan String Quartet<\/a> <\/span><span class=\"av-vertical-delimiter\"><\/span><\/header><div class='slide-meta'><time class='slide-meta-time updated'  itemprop=\"datePublished\" datetime=\"2022-12-05T11:12:39-03:00\" >December 5, 2022<\/time><\/div><div class='slide-entry-excerpt entry-content'  itemprop=\"text\" >First album by the Canadian quartet, featuring pieces by Italian and Brazilian composers.<\/div><\/div><footer class=\"entry-footer\"><\/footer><span class='hidden'>\n\t\t\t\t<span class='av-structured-data'  itemprop=\"image\" itemscope=\"itemscope\" itemtype=\"https:\/\/schema.org\/ImageObject\" >\n\t\t\t\t\t\t<span itemprop='url'>https:\/\/www.azulmusic.com.br\/en\/wp-content\/uploads\/2022\/12\/AMDA1769_Mosaico_VSQ-scaled.jpg<\/span>\n\t\t\t\t\t\t<span itemprop='height'>2560<\/span>\n\t\t\t\t\t\t<span itemprop='width'>2560<\/span>\n\t\t\t\t<\/span>\n\t\t\t\t<span class='av-structured-data'  itemprop=\"publisher\" itemtype=\"https:\/\/schema.org\/Organization\" itemscope=\"itemscope\" >\n\t\t\t\t\t\t<span itemprop='name'>azulmusic<\/span>\n\t\t\t\t\t\t<span itemprop='logo' itemscope itemtype='https:\/\/schema.org\/ImageObject'>\n\t\t\t\t\t\t\t<span itemprop='url'>https:\/\/azulmusicnovo1.websiteseguro.com\/wp-content\/uploads\/2021\/05\/logo-prata-m3-467x500.png<\/span>\n\t\t\t\t\t\t <\/span>\n\t\t\t\t<\/span><span class='av-structured-data'  itemprop=\"author\" itemscope=\"itemscope\" itemtype=\"https:\/\/schema.org\/Person\" ><span itemprop='name'>azulmusic<\/span><\/span><span class='av-structured-data'  itemprop=\"datePublished\" datetime=\"2026-01-31T20:56:15-03:00\" >2022-12-05 11:12:39<\/span><span class='av-structured-data'  itemprop=\"dateModified\" itemtype=\"https:\/\/schema.org\/dateModified\" >2026-02-05 12:34:47<\/span><span class='av-structured-data'  itemprop=\"mainEntityOfPage\" itemtype=\"https:\/\/schema.org\/mainEntityOfPage\" ><span itemprop='name'>Mosaico<\/span><\/span><\/span><\/article><article class='slide-entry flex_column  post-entry post-entry-2893 slide-entry-overview slide-loop-7 slide-parity-odd  av_one_fourth  real-thumbnail post-format-standard'  itemscope=\"itemscope\" itemtype=\"https:\/\/schema.org\/CreativeWork\" ><a href='https:\/\/www.azulmusic.com.br\/en\/portfolio-item\/mozart-5-divertimentos-k-anh-299-439b\/' data-rel='slide-1' class='slide-image' title='Mozart: 5 Divertimentos, K. Anh. 299\/439b'><img decoding=\"async\" width=\"705\" height=\"705\" src=\"https:\/\/www.azulmusic.com.br\/en\/wp-content\/uploads\/2022\/07\/AMDA1759_Mozart_5Divertimentos_ClaudioGabrielAlceu-705x705.jpg\" class=\"wp-image-2894 avia-img-lazy-loading-not-2894 attachment-masonry size-masonry wp-post-image\" alt=\"\" srcset=\"https:\/\/www.azulmusic.com.br\/en\/wp-content\/uploads\/2022\/07\/AMDA1759_Mozart_5Divertimentos_ClaudioGabrielAlceu-705x705.jpg 705w, https:\/\/www.azulmusic.com.br\/en\/wp-content\/uploads\/2022\/07\/AMDA1759_Mozart_5Divertimentos_ClaudioGabrielAlceu-300x300.jpg 300w, https:\/\/www.azulmusic.com.br\/en\/wp-content\/uploads\/2022\/07\/AMDA1759_Mozart_5Divertimentos_ClaudioGabrielAlceu-1030x1030.jpg 1030w, https:\/\/www.azulmusic.com.br\/en\/wp-content\/uploads\/2022\/07\/AMDA1759_Mozart_5Divertimentos_ClaudioGabrielAlceu-80x80.jpg 80w, https:\/\/www.azulmusic.com.br\/en\/wp-content\/uploads\/2022\/07\/AMDA1759_Mozart_5Divertimentos_ClaudioGabrielAlceu-768x768.jpg 768w, https:\/\/www.azulmusic.com.br\/en\/wp-content\/uploads\/2022\/07\/AMDA1759_Mozart_5Divertimentos_ClaudioGabrielAlceu-1536x1536.jpg 1536w, https:\/\/www.azulmusic.com.br\/en\/wp-content\/uploads\/2022\/07\/AMDA1759_Mozart_5Divertimentos_ClaudioGabrielAlceu-2048x2048.jpg 2048w, https:\/\/www.azulmusic.com.br\/en\/wp-content\/uploads\/2022\/07\/AMDA1759_Mozart_5Divertimentos_ClaudioGabrielAlceu-36x36.jpg 36w, https:\/\/www.azulmusic.com.br\/en\/wp-content\/uploads\/2022\/07\/AMDA1759_Mozart_5Divertimentos_ClaudioGabrielAlceu-180x180.jpg 180w, https:\/\/www.azulmusic.com.br\/en\/wp-content\/uploads\/2022\/07\/AMDA1759_Mozart_5Divertimentos_ClaudioGabrielAlceu-1500x1500.jpg 1500w, https:\/\/www.azulmusic.com.br\/en\/wp-content\/uploads\/2022\/07\/AMDA1759_Mozart_5Divertimentos_ClaudioGabrielAlceu-495x495.jpg 495w, https:\/\/www.azulmusic.com.br\/en\/wp-content\/uploads\/2022\/07\/AMDA1759_Mozart_5Divertimentos_ClaudioGabrielAlceu-260x260.jpg 260w\" sizes=\"(max-width: 705px) 100vw, 705px\" \/><\/a><div class='slide-content'><header class=\"entry-content-header\"><h3 class='slide-entry-title entry-title '  itemprop=\"headline\" ><a href='https:\/\/www.azulmusic.com.br\/en\/portfolio-item\/mozart-5-divertimentos-k-anh-299-439b\/' title='Mozart: 5 Divertimentos, K. Anh. 299\/439b'>Mozart: 5 Divertimentos, K. Anh. 299\/439b<\/a><\/h3><span class=\"blog-categories minor-meta\"><a href=\"https:\/\/www.azulmusic.com.br\/en\/portfolio_entries\/claudio-cruz-gabriel-marin-alceu-reis\/\" rel=\"tag\">Claudio Cruz, Gabriel Marin, Alceu Reis<\/a> <\/span><span class=\"av-vertical-delimiter\"><\/span><\/header><div class='slide-meta'><time class='slide-meta-time updated'  itemprop=\"datePublished\" datetime=\"2022-07-22T16:28:24-03:00\" >July 22, 2022<\/time><\/div><div class='slide-entry-excerpt entry-content'  itemprop=\"text\" >Originally written for corno di bassetto, Mozart's \"5 Divertimentos\" were adapted for string trio in impeccable interpretations.<\/div><\/div><footer class=\"entry-footer\"><\/footer><span class='hidden'>\n\t\t\t\t<span class='av-structured-data'  itemprop=\"image\" itemscope=\"itemscope\" itemtype=\"https:\/\/schema.org\/ImageObject\" >\n\t\t\t\t\t\t<span itemprop='url'>https:\/\/www.azulmusic.com.br\/en\/wp-content\/uploads\/2022\/07\/AMDA1759_Mozart_5Divertimentos_ClaudioGabrielAlceu-scaled.jpg<\/span>\n\t\t\t\t\t\t<span itemprop='height'>2560<\/span>\n\t\t\t\t\t\t<span itemprop='width'>2560<\/span>\n\t\t\t\t<\/span>\n\t\t\t\t<span class='av-structured-data'  itemprop=\"publisher\" itemtype=\"https:\/\/schema.org\/Organization\" itemscope=\"itemscope\" >\n\t\t\t\t\t\t<span itemprop='name'>azulmusic<\/span>\n\t\t\t\t\t\t<span itemprop='logo' itemscope itemtype='https:\/\/schema.org\/ImageObject'>\n\t\t\t\t\t\t\t<span itemprop='url'>https:\/\/azulmusicnovo1.websiteseguro.com\/wp-content\/uploads\/2021\/05\/logo-prata-m3-467x500.png<\/span>\n\t\t\t\t\t\t <\/span>\n\t\t\t\t<\/span><span class='av-structured-data'  itemprop=\"author\" itemscope=\"itemscope\" itemtype=\"https:\/\/schema.org\/Person\" ><span itemprop='name'>azulmusic<\/span><\/span><span class='av-structured-data'  itemprop=\"datePublished\" datetime=\"2026-01-31T20:56:15-03:00\" >2022-07-22 16:28:24<\/span><span class='av-structured-data'  itemprop=\"dateModified\" itemtype=\"https:\/\/schema.org\/dateModified\" >2026-02-05 12:36:23<\/span><span class='av-structured-data'  itemprop=\"mainEntityOfPage\" itemtype=\"https:\/\/schema.org\/mainEntityOfPage\" ><span itemprop='name'>Mozart: 5 Divertimentos, K. Anh. 299\/439b<\/span><\/span><\/span><\/article><article class='slide-entry flex_column  post-entry post-entry-1375 slide-entry-overview slide-loop-8 slide-parity-even  post-entry-last  av_one_fourth  real-thumbnail post-format-standard'  itemscope=\"itemscope\" itemtype=\"https:\/\/schema.org\/CreativeWork\" ><a href='https:\/\/www.azulmusic.com.br\/en\/portfolio-item\/david-popper-requiem-op-66\/' data-rel='slide-1' class='slide-image' title='David Popper: Requiem, Op. 66'><img decoding=\"async\" width=\"705\" height=\"705\" src=\"https:\/\/www.azulmusic.com.br\/en\/wp-content\/uploads\/2021\/05\/AMDS1671_DavidPopperRequiemOp.66_VariousArtists-1-705x705.jpg\" class=\"wp-image-2149 avia-img-lazy-loading-not-2149 attachment-masonry size-masonry wp-post-image\" alt=\"cover David Popper: Requiem, Op. 66\" srcset=\"https:\/\/www.azulmusic.com.br\/en\/wp-content\/uploads\/2021\/05\/AMDS1671_DavidPopperRequiemOp.66_VariousArtists-1-705x705.jpg 705w, https:\/\/www.azulmusic.com.br\/en\/wp-content\/uploads\/2021\/05\/AMDS1671_DavidPopperRequiemOp.66_VariousArtists-1-300x300.jpg 300w, https:\/\/www.azulmusic.com.br\/en\/wp-content\/uploads\/2021\/05\/AMDS1671_DavidPopperRequiemOp.66_VariousArtists-1-80x80.jpg 80w, https:\/\/www.azulmusic.com.br\/en\/wp-content\/uploads\/2021\/05\/AMDS1671_DavidPopperRequiemOp.66_VariousArtists-1-768x768.jpg 768w, https:\/\/www.azulmusic.com.br\/en\/wp-content\/uploads\/2021\/05\/AMDS1671_DavidPopperRequiemOp.66_VariousArtists-1-36x36.jpg 36w, https:\/\/www.azulmusic.com.br\/en\/wp-content\/uploads\/2021\/05\/AMDS1671_DavidPopperRequiemOp.66_VariousArtists-1-180x180.jpg 180w, https:\/\/www.azulmusic.com.br\/en\/wp-content\/uploads\/2021\/05\/AMDS1671_DavidPopperRequiemOp.66_VariousArtists-1-495x495.jpg 495w, https:\/\/www.azulmusic.com.br\/en\/wp-content\/uploads\/2021\/05\/AMDS1671_DavidPopperRequiemOp.66_VariousArtists-1-260x260.jpg 260w, https:\/\/www.azulmusic.com.br\/en\/wp-content\/uploads\/2021\/05\/AMDS1671_DavidPopperRequiemOp.66_VariousArtists-1.jpg 900w\" sizes=\"(max-width: 705px) 100vw, 705px\" \/><\/a><div class='slide-content'><header class=\"entry-content-header\"><h3 class='slide-entry-title entry-title '  itemprop=\"headline\" ><a href='https:\/\/www.azulmusic.com.br\/en\/portfolio-item\/david-popper-requiem-op-66\/' title='David Popper: Requiem, Op. 66'>David Popper: Requiem, Op. 66<\/a><\/h3><span class=\"blog-categories minor-meta\"><a href=\"https:\/\/www.azulmusic.com.br\/en\/portfolio_entries\/raiff-dantas-barreto-mauro-brucoli-moises-ferreira-talita-gondim\/\" rel=\"tag\">Ra\u00efff Dantas Barreto, Mauro Brucoli, Mois\u00e9s Ferreira, Talita Gondim<\/a> <\/span><span class=\"av-vertical-delimiter\"><\/span><\/header><div class='slide-meta'><time class='slide-meta-time updated'  itemprop=\"datePublished\" datetime=\"2020-11-13T11:32:00-03:00\" >November 13, 2020<\/time><\/div><div class='slide-entry-excerpt entry-content'  itemprop=\"text\" >Interpretation of the Czech composer\u2019s work, written for three cellos and piano.\n<\/div><\/div><footer class=\"entry-footer\"><\/footer><span class='hidden'>\n\t\t\t\t<span class='av-structured-data'  itemprop=\"image\" itemscope=\"itemscope\" itemtype=\"https:\/\/schema.org\/ImageObject\" >\n\t\t\t\t\t\t<span itemprop='url'>https:\/\/www.azulmusic.com.br\/en\/wp-content\/uploads\/2021\/05\/AMDS1671_DavidPopperRequiemOp.66_VariousArtists-1.jpg<\/span>\n\t\t\t\t\t\t<span itemprop='height'>900<\/span>\n\t\t\t\t\t\t<span itemprop='width'>900<\/span>\n\t\t\t\t<\/span>\n\t\t\t\t<span class='av-structured-data'  itemprop=\"publisher\" itemtype=\"https:\/\/schema.org\/Organization\" itemscope=\"itemscope\" >\n\t\t\t\t\t\t<span itemprop='name'>azulmusic<\/span>\n\t\t\t\t\t\t<span itemprop='logo' itemscope itemtype='https:\/\/schema.org\/ImageObject'>\n\t\t\t\t\t\t\t<span itemprop='url'>https:\/\/azulmusicnovo1.websiteseguro.com\/wp-content\/uploads\/2021\/05\/logo-prata-m3-467x500.png<\/span>\n\t\t\t\t\t\t <\/span>\n\t\t\t\t<\/span><span class='av-structured-data'  itemprop=\"author\" itemscope=\"itemscope\" itemtype=\"https:\/\/schema.org\/Person\" ><span itemprop='name'>azulmusic<\/span><\/span><span class='av-structured-data'  itemprop=\"datePublished\" datetime=\"2026-01-31T20:56:15-03:00\" >2020-11-13 11:32:00<\/span><span class='av-structured-data'  itemprop=\"dateModified\" itemtype=\"https:\/\/schema.org\/dateModified\" >2026-02-05 12:40:57<\/span><span class='av-structured-data'  itemprop=\"mainEntityOfPage\" itemtype=\"https:\/\/schema.org\/mainEntityOfPage\" ><span itemprop='name'>David Popper: Requiem, Op. 66<\/span><\/span><\/span><\/article><\/div><\/div><div class='avia-slideshow-arrows avia-slideshow-controls' ><a href='#prev' class='prev-slide ' aria-hidden='true' data-av_icon='\ue87c' data-av_iconfont='entypo-fontello' aria-hidden='true' tabindex='-1'>Previous<\/a><a href='#next' class='next-slide ' aria-hidden='true' data-av_icon='\ue87d' data-av_iconfont='entypo-fontello' aria-hidden='true' tabindex='-1'>Next<\/a><\/div><\/div><\/p><\/div><\/p>\n<\/div><\/div><\/div>\n","protected":false},"excerpt":{"rendered":"<p>An anthology dedicated to the string repertoire, featuring works written for duos, trios, quartets, and chamber orchestras, in exquisite interpretations by artists from Azul Music.<\/p>\n","protected":false},"featured_media":4101,"comment_status":"open","ping_status":"closed","template":"","tags":[3,6,7,8,10],"portfolio_entries":[38],"class_list":["post-4144","portfolio","type-portfolio","status-publish","has-post-thumbnail","hentry","tag-album","tag-classical","tag-classical-crossover","tag-compilacoes","tag-highlights-home","portfolio_entries-various-artists"],"_links":{"self":[{"href":"https:\/\/www.azulmusic.com.br\/en\/wp-json\/wp\/v2\/portfolio\/4144","targetHints":{"allow":["GET"]}}],"collection":[{"href":"https:\/\/www.azulmusic.com.br\/en\/wp-json\/wp\/v2\/portfolio"}],"about":[{"href":"https:\/\/www.azulmusic.com.br\/en\/wp-json\/wp\/v2\/types\/portfolio"}],"replies":[{"embeddable":true,"href":"https:\/\/www.azulmusic.com.br\/en\/wp-json\/wp\/v2\/comments?post=4144"}],"version-history":[{"count":12,"href":"https:\/\/www.azulmusic.com.br\/en\/wp-json\/wp\/v2\/portfolio\/4144\/revisions"}],"predecessor-version":[{"id":4156,"href":"https:\/\/www.azulmusic.com.br\/en\/wp-json\/wp\/v2\/portfolio\/4144\/revisions\/4156"}],"wp:featuredmedia":[{"embeddable":true,"href":"https:\/\/www.azulmusic.com.br\/en\/wp-json\/wp\/v2\/media\/4101"}],"wp:attachment":[{"href":"https:\/\/www.azulmusic.com.br\/en\/wp-json\/wp\/v2\/media?parent=4144"}],"wp:term":[{"taxonomy":"post_tag","embeddable":true,"href":"https:\/\/www.azulmusic.com.br\/en\/wp-json\/wp\/v2\/tags?post=4144"},{"taxonomy":"portfolio_entries","embeddable":true,"href":"https:\/\/www.azulmusic.com.br\/en\/wp-json\/wp\/v2\/portfolio_entries?post=4144"}],"curies":[{"name":"wp","href":"https:\/\/api.w.org\/{rel}","templated":true}]}}